{"id":24061,"date":"2024-01-20T11:46:40","date_gmt":"2024-01-20T11:46:40","guid":{"rendered":"https:\/\/aurumbikes.com\/?page_id=24061"},"modified":"2025-12-22T14:34:04","modified_gmt":"2025-12-22T14:34:04","slug":"ivan-basso","status":"publish","type":"page","link":"https:\/\/aurumbikes.com\/es\/ivan-basso\/","title":{"rendered":"Ivan Basso &#8211; Ciclista profesional"},"content":{"rendered":"\t\t<div data-elementor-type=\"wp-page\" data-elementor-id=\"24061\" class=\"elementor elementor-24061\" data-elementor-post-type=\"page\">\n\t\t\t\t\t\t<section class=\"elementor-section elementor-top-section elementor-element elementor-element-2f02b7e6 elementor-section-full_width elementor-section-height-min-height elementor-section-items-bottom elementor-section-height-default qodef-elementor-content-no\" data-id=\"2f02b7e6\" data-element_type=\"section\" data-settings=\"{&quot;background_background&quot;:&quot;classic&quot;}\">\n\t\t\t\t\t\t\t<div class=\"elementor-background-overlay\"><\/div>\n\t\t\t\t\t\t\t<div class=\"elementor-container elementor-column-gap-default\">\n\t\t\t\t\t<div class=\"elementor-column elementor-col-100 elementor-top-column elementor-element elementor-element-5cb4ec00\" data-id=\"5cb4ec00\" data-element_type=\"column\">\n\t\t\t<div class=\"elementor-widget-wrap elementor-element-populated\">\n\t\t\t\t\t\t<div class=\"elementor-element elementor-element-3f2b371b elementor-widget elementor-widget-html\" data-id=\"3f2b371b\" data-element_type=\"widget\" data-widget_type=\"html.default\">\n\t\t\t\t<div class=\"elementor-widget-container\">\n\t\t\t<style>#qodef-page-wrapper{overflow:unset;} .qodef-page-title{box-shadow: inset 0 0 0 1000px rgb(0 0 0 \/ 78%);} #qodef-back-to-top{bottom: 100px;z-index:-1;} @media only screen and (max-width: 600px) { .mkl_pc .mkl_pc_container footer {height: 20%;}} #qodef-page-inner{padding:0 !important;} .mkl_pc .mkl_pc_container .form.form-cart{align-items:center;} .pc_configurator_form{display:flex;} div#qodef-page-inner{width:100%;} @media only screen and (min-width: 768px) {.mkl_pc .mkl_pc_container .mkl_pc_toolbar{width: 30%;} .mkl_pc .mkl_pc_container .mkl_pc_viewer{width:70%;} body.configurator_is_inline .mkl_pc .mkl_pc_container .mkl_pc_viewer{min-height:100vh;}} body, .text.layer-name, .selected-choice, button.choice-item {font-family: Montserrat, sans-serif;} .text.layer-name, .selected-choice, button.choice-item{text-transform: uppercase !important;} .mkl_pc .mkl_pc_container .mkl_pc_toolbar section.choices > ul > li.layers-list-item button .layer-name, .mkl_pc .mkl_pc_container .mkl_pc_toolbar section.choices > ul > li.layers-list-item .layer-item .layer-name{font-weight:normal;}<\/style>\t\t<\/div>\n\t\t\t\t<\/div>\n\t\t\t\t\t<\/div>\n\t\t<\/div>\n\t\t\t\t\t<\/div>\n\t\t<\/section>\n\t\t<div class=\"elementor-element elementor-element-2e725285 e-flex e-con-boxed e-con e-parent\" data-id=\"2e725285\" data-element_type=\"container\">\n\t\t\t\t\t<div class=\"e-con-inner\">\n\t\t<div class=\"elementor-element elementor-element-4ce521c e-flex e-con-boxed e-con e-child\" data-id=\"4ce521c\" data-element_type=\"container\">\n\t\t\t\t\t<div class=\"e-con-inner\">\n\t\t<div class=\"elementor-element elementor-element-77ef6ff e-flex e-con-boxed e-con e-child\" data-id=\"77ef6ff\" data-element_type=\"container\">\n\t\t\t\t\t<div class=\"e-con-inner\">\n\t\t<div class=\"elementor-element elementor-element-31f4fe1 e-flex e-con-boxed e-con e-child\" data-id=\"31f4fe1\" data-element_type=\"container\">\n\t\t\t\t\t<div class=\"e-con-inner\">\n\t\t\t\t<div class=\"elementor-element elementor-element-5eb96e3 elementor-widget elementor-widget-heading\" data-id=\"5eb96e3\" data-element_type=\"widget\" data-widget_type=\"heading.default\">\n\t\t\t\t<div class=\"elementor-widget-container\">\n\t\t\t<style>\/*! elementor - v3.21.0 - 08-05-2024 *\/\n.elementor-heading-title{padding:0;margin:0;line-height:1}.elementor-widget-heading .elementor-heading-title[class*=elementor-size-]>a{color:inherit;font-size:inherit;line-height:inherit}.elementor-widget-heading .elementor-heading-title.elementor-size-small{font-size:15px}.elementor-widget-heading .elementor-heading-title.elementor-size-medium{font-size:19px}.elementor-widget-heading .elementor-heading-title.elementor-size-large{font-size:29px}.elementor-widget-heading .elementor-heading-title.elementor-size-xl{font-size:39px}.elementor-widget-heading .elementor-heading-title.elementor-size-xxl{font-size:59px}<\/style><h1 class=\"elementor-heading-title elementor-size-default\">Ivan Basso<\/h1>\t\t<\/div>\n\t\t\t\t<\/div>\n\t\t\t\t<div class=\"elementor-element elementor-element-a502345 elementor-widget elementor-widget-html\" data-id=\"a502345\" data-element_type=\"widget\" data-widget_type=\"html.default\">\n\t\t\t\t<div class=\"elementor-widget-container\">\n\t\t\t<script type=\"application\/ld+json\">\r\n{\r\n  \"@context\": \"https:\/\/schema.org\",\r\n  \"@graph\": [\r\n    {\r\n      \"@type\": \"Person\",\r\n      \"name\": \"Ivan Basso\",\r\n      \"jobTitle\": \"Ciclista y fundador de Aurum Bikes\",\r\n      \"url\": \"https:\/\/aurumbikes.com\/es\/ivan-basso\/\",\r\n      \"image\": \"https:\/\/aurumbikes.com\/wp-content\/uploads\/2024\/01\/Ivan_Final-1024x683-1.jpg\",\r\n      \"description\": \"Exciclista profesional italiano, cofundador de Aurum Bikes\",\r\n      \"affiliation\": { \"@brand\": \"Aurum Bikes\" },\r\n      \"birthDate\":\"1977-11-26\",\r\n      \"height\": {\r\n    \"@type\": \"QuantitativeValue\",\r\n    \"value\": \"182\",\r\n    \"unitText\": \"CM\"\r\n  },\r\n  \"weight\": {\r\n    \"@type\": \"QuantitativeValue\",\r\n    \"value\": \"70\",\r\n    \"unitText\": \"KG\"\r\n  },\r\n      \"sameAs\": [\r\n        \"https:\/\/www.instagram.com\/ivanbasso\/\",\r\n        \"https:\/\/es.wikipedia.org\/wiki\/Ivan_Basso\"\r\n      ]\r\n    }\r\n  ]\r\n}\r\n<\/script>\t\t<\/div>\n\t\t\t\t<\/div>\n\t\t\t\t<div class=\"elementor-element elementor-element-4d109e4 elementor-widget elementor-widget-text-editor\" data-id=\"4d109e4\" data-element_type=\"widget\" data-widget_type=\"text-editor.default\">\n\t\t\t\t<div class=\"elementor-widget-container\">\n\t\t\t<style>\/*! elementor - v3.21.0 - 08-05-2024 *\/\n.elementor-widget-text-editor.elementor-drop-cap-view-stacked .elementor-drop-cap{background-color:#69727d;color:#fff}.elementor-widget-text-editor.elementor-drop-cap-view-framed .elementor-drop-cap{color:#69727d;border:3px solid;background-color:transparent}.elementor-widget-text-editor:not(.elementor-drop-cap-view-default) .elementor-drop-cap{margin-top:8px}.elementor-widget-text-editor:not(.elementor-drop-cap-view-default) .elementor-drop-cap-letter{width:1em;height:1em}.elementor-widget-text-editor .elementor-drop-cap{float:left;text-align:center;line-height:1;font-size:50px}.elementor-widget-text-editor .elementor-drop-cap-letter{display:inline-block}<\/style>\t\t\t\t<p><span style=\"font-weight: 400;\">Ivan Basso, cofundador de AURUM junto con <a href=\"\/es\/alberto-contador\/\">Alberto Contador<\/a>, es uno de los ciclistas m\u00e1s reconocidos a nivel mundial. Es conocido por haber ganado dos Giros d\u2019Italia, y haber cosechado \u00e9xitos en otras carreras, como sus importantes posiciones en el Tour de Francia.<\/span><\/p>\t\t\t\t\t\t<\/div>\n\t\t\t\t<\/div>\n\t\t\t\t\t<\/div>\n\t\t\t\t<\/div>\n\t\t\t\t\t<\/div>\n\t\t\t\t<\/div>\n\t\t\t\t\t<\/div>\n\t\t\t\t<\/div>\n\t\t\t\t\t<\/div>\n\t\t\t\t<\/div>\n\t\t<div class=\"elementor-element elementor-element-11109b77 e-flex e-con-boxed e-con e-parent\" data-id=\"11109b77\" data-element_type=\"container\" data-settings=\"{&quot;background_background&quot;:&quot;classic&quot;}\">\n\t\t\t\t\t<div class=\"e-con-inner\">\n\t\t<div class=\"elementor-element elementor-element-6c308998 e-con-full e-flex e-con e-child\" data-id=\"6c308998\" data-element_type=\"container\">\n\t\t\t\t<div class=\"elementor-element elementor-element-4c70721d elementor-widget elementor-widget-heading\" data-id=\"4c70721d\" data-element_type=\"widget\" data-widget_type=\"heading.default\">\n\t\t\t\t<div class=\"elementor-widget-container\">\n\t\t\t<h2 class=\"elementor-heading-title elementor-size-default\">\nIvan Basso en el ciclismo\n<\/h2>\t\t<\/div>\n\t\t\t\t<\/div>\n\t\t\t\t<\/div>\n\t\t<div class=\"elementor-element elementor-element-1a3836a e-con-full e-flex e-con e-child\" data-id=\"1a3836a\" data-element_type=\"container\">\n\t\t\t\t<div class=\"elementor-element elementor-element-3cf2da3e elementor-widget elementor-widget-text-editor\" data-id=\"3cf2da3e\" data-element_type=\"widget\" data-widget_type=\"text-editor.default\">\n\t\t\t\t<div class=\"elementor-widget-container\">\n\t\t\t\t\t\t\t<div class=\"c-title-text__content\"><div class=\"c-title-text__text \"><p>A Ivan Basso le gustaron las bicis desde siempre; quiz\u00e1 tenga algo que ver que creci\u00f3 siendo vecino de Claudio Chiappucci, considerado el mejor ciclista italiano de su generaci\u00f3n.<\/p><p>Por eso, a medida que crec\u00eda, lo hac\u00eda tambi\u00e9n su inter\u00e9s por el ciclismo.<\/p><p>Aunque ya corr\u00eda de forma amateur y compet\u00eda en carreras \u2013consiguiendo llamativos \u00e9xitos\u2013, no salt\u00f3 al ciclismo profesional hasta 1999.<\/p><\/div><\/div>\t\t\t\t\t\t<\/div>\n\t\t\t\t<\/div>\n\t\t\t\t<\/div>\n\t\t\t\t\t<\/div>\n\t\t\t\t<\/div>\n\t\t<div class=\"elementor-element elementor-element-1050ead2 e-flex e-con-boxed e-con e-parent\" data-id=\"1050ead2\" data-element_type=\"container\" data-settings=\"{&quot;background_background&quot;:&quot;classic&quot;}\">\n\t\t\t\t\t<div class=\"e-con-inner\">\n\t\t\t\t\t<\/div>\n\t\t\t\t<\/div>\n\t\t<div class=\"elementor-element elementor-element-34d4e0de e-flex e-con-boxed e-con e-parent\" data-id=\"34d4e0de\" data-element_type=\"container\" data-settings=\"{&quot;background_background&quot;:&quot;classic&quot;}\">\n\t\t\t\t\t<div class=\"e-con-inner\">\n\t\t<div class=\"elementor-element elementor-element-55295647 e-con-full e-flex e-con e-child\" data-id=\"55295647\" data-element_type=\"container\">\n\t\t\t\t<div class=\"elementor-element elementor-element-636cdac0 elementor-widget elementor-widget-heading\" data-id=\"636cdac0\" data-element_type=\"widget\" data-widget_type=\"heading.default\">\n\t\t\t\t<div class=\"elementor-widget-container\">\n\t\t\t<h2 class=\"elementor-heading-title elementor-size-default\">Ivan Basso en las grandes vueltas<\/h2>\t\t<\/div>\n\t\t\t\t<\/div>\n\t\t\t\t<\/div>\n\t\t<div class=\"elementor-element elementor-element-66a05ec6 e-con-full e-flex e-con e-child\" data-id=\"66a05ec6\" data-element_type=\"container\">\n\t\t\t\t<div class=\"elementor-element elementor-element-68bf2bef elementor-widget elementor-widget-text-editor\" data-id=\"68bf2bef\" data-element_type=\"widget\" data-widget_type=\"text-editor.default\">\n\t\t\t\t<div class=\"elementor-widget-container\">\n\t\t\t\t\t\t\t<div class=\"c-title-text__content\"><div class=\"c-title-text__text \"><p><span style=\"font-weight: 400;\">En su carrera como ciclista, Basso ha sido considerado uno de los mejores ciclistas italianos de todos los tiempos.<\/span><\/p><p><span style=\"font-weight: 400;\">Aunque tan solo tenga t\u00edtulos en la Gran Vuelta de su pa\u00eds, uno de sus hitos m\u00e1s destacables como ciclista es su menci\u00f3n como mejor joven en su segundo Tour de Francia, en el a\u00f1o 2002.<\/span><\/p><\/div><\/div>\t\t\t\t\t\t<\/div>\n\t\t\t\t<\/div>\n\t\t\t\t<\/div>\n\t\t\t\t\t<\/div>\n\t\t\t\t<\/div>\n\t\t<div class=\"elementor-element elementor-element-c123bff e-flex e-con-boxed e-con e-parent\" data-id=\"c123bff\" data-element_type=\"container\" data-settings=\"{&quot;background_background&quot;:&quot;classic&quot;}\">\n\t\t\t\t\t<div class=\"e-con-inner\">\n\t\t<div class=\"elementor-element elementor-element-c78484b e-con-full e-flex e-con e-child\" data-id=\"c78484b\" data-element_type=\"container\">\n\t\t\t\t<\/div>\n\t\t<div class=\"elementor-element elementor-element-6f0f58d e-con-full e-flex e-con e-child\" data-id=\"6f0f58d\" data-element_type=\"container\">\n\t\t\t\t<div class=\"elementor-element elementor-element-12170f7 elementor-widget elementor-widget-heading\" data-id=\"12170f7\" data-element_type=\"widget\" data-widget_type=\"heading.default\">\n\t\t\t\t<div class=\"elementor-widget-container\">\n\t\t\t<h3 class=\"elementor-heading-title elementor-size-default\">La importancia del Giro d'Italia en Basso<\/h3>\t\t<\/div>\n\t\t\t\t<\/div>\n\t\t\t\t<div class=\"elementor-element elementor-element-1cf1e4c elementor-widget elementor-widget-text-editor\" data-id=\"1cf1e4c\" data-element_type=\"widget\" data-widget_type=\"text-editor.default\">\n\t\t\t\t<div class=\"elementor-widget-container\">\n\t\t\t\t\t\t\t<article><p><span style=\"font-weight: 400;\">Ivan Basso cosech\u00f3 sus mayores \u00e9xitos en el Giro, con la victoria en dos ocasiones, en 2006 y en 2010. Fueron sin duda las victorias m\u00e1s importantes de su carrera, ya que consigui\u00f3 conquistar el primer puesto de una Gran Vuelta, \u00a1y no una Gran Vuelta cualquiera! Basso recibi\u00f3, entonces, el t\u00edtulo de uno de los mejores ciclistas de la \u00e9poca actual de su pa\u00eds.<\/span><\/p><\/article>\t\t\t\t\t\t<\/div>\n\t\t\t\t<\/div>\n\t\t\t\t<\/div>\n\t\t\t\t\t<\/div>\n\t\t\t\t<\/div>\n\t\t<div class=\"elementor-element elementor-element-7a8d860b e-flex e-con-boxed e-con e-parent\" data-id=\"7a8d860b\" data-element_type=\"container\" data-settings=\"{&quot;background_background&quot;:&quot;classic&quot;}\">\n\t\t\t\t\t<div class=\"e-con-inner\">\n\t\t<div class=\"elementor-element elementor-element-5b6dbb92 e-con-full e-flex e-con e-child\" data-id=\"5b6dbb92\" data-element_type=\"container\">\n\t\t\t\t<div class=\"elementor-element elementor-element-2007780b elementor-widget elementor-widget-heading\" data-id=\"2007780b\" data-element_type=\"widget\" data-widget_type=\"heading.default\">\n\t\t\t\t<div class=\"elementor-widget-container\">\n\t\t\t<h2 class=\"elementor-heading-title elementor-size-default\">\nTriunfos como ciclista profesional\n<\/h2>\t\t<\/div>\n\t\t\t\t<\/div>\n\t\t\t\t<\/div>\n\t\t<div class=\"elementor-element elementor-element-549de74d e-con-full e-flex e-con e-child\" data-id=\"549de74d\" data-element_type=\"container\">\n\t\t\t\t<div class=\"elementor-element elementor-element-40611c63 elementor-widget elementor-widget-text-editor\" data-id=\"40611c63\" data-element_type=\"widget\" data-widget_type=\"text-editor.default\">\n\t\t\t\t<div class=\"elementor-widget-container\">\n\t\t\t\t\t\t\t<p><span style=\"font-weight: 400;\">Adem\u00e1s de sus dos victorias en el Giro d\u2019Italia y sus podios en el Tour de Francia en los a\u00f1os 2004 \u2013tercer lugar\u2013 y 2005 \u2013segundo lugar\u2013, Ivan ha conseguido otros logros como ciclista. Destacan la Settimana Internazionale Coppi e Bartali y el Tour de los Alpes, dos competiciones que destacan por su marcado car\u00e1cter monta\u00f1oso. Otro de sus grandes logros fueron las etapas que gan\u00f3 en el Crit\u00e9rium du Dauphin\u00e9, una importante carrera preparatoria para el Tour de Francia.<\/span><\/p>\t\t\t\t\t\t<\/div>\n\t\t\t\t<\/div>\n\t\t\t\t<\/div>\n\t\t\t\t\t<\/div>\n\t\t\t\t<\/div>\n\t\t<div class=\"elementor-element elementor-element-41f35cfd e-flex e-con-boxed e-con e-parent\" data-id=\"41f35cfd\" data-element_type=\"container\" data-settings=\"{&quot;background_background&quot;:&quot;classic&quot;}\">\n\t\t\t\t\t<div class=\"e-con-inner\">\n\t\t<div class=\"elementor-element elementor-element-6a4e85e8 e-con-full e-flex e-con e-child\" data-id=\"6a4e85e8\" data-element_type=\"container\">\n\t\t\t\t<div class=\"elementor-element elementor-element-7dcfb8c6 elementor-widget elementor-widget-heading\" data-id=\"7dcfb8c6\" data-element_type=\"widget\" data-widget_type=\"heading.default\">\n\t\t\t\t<div class=\"elementor-widget-container\">\n\t\t\t<h2 class=\"elementor-heading-title elementor-size-default\">\nLas bicicletas de Ivan Basso\n<\/h2>\t\t<\/div>\n\t\t\t\t<\/div>\n\t\t\t\t<\/div>\n\t\t<div class=\"elementor-element elementor-element-26c8ce8f e-con-full e-flex e-con e-child\" data-id=\"26c8ce8f\" data-element_type=\"container\">\n\t\t\t\t<div class=\"elementor-element elementor-element-3387d96 elementor-widget elementor-widget-text-editor\" data-id=\"3387d96\" data-element_type=\"widget\" data-widget_type=\"text-editor.default\">\n\t\t\t\t<div class=\"elementor-widget-container\">\n\t\t\t\t\t\t\t<div class=\"c-title-text__content\"><div class=\"c-title-text__text \"><p><span style=\"font-weight: 400;\">Como ciclista profesional, Ivan Basso ha corrido en los mejores equipos del panorama internacional. Destaca, por ejemplo, su fichaje por Discovery, en el que coincidi\u00f3 con Alberto Contador.<\/span><\/p><p><span style=\"font-weight: 400;\">En total, a lo largo de su carrera compiti\u00f3 en ocho grandes equipos, en los que conoci\u00f3 diferentes modelos de bicis profesionales. Por eso, durante sus casi veinte a\u00f1os en la competici\u00f3n, aprendi\u00f3 cu\u00e1les son las necesidades de los ciclistas en las diferentes categor\u00edas. Ivan ha corrido con Trek, Specialized y Cannondale fundamentalmente.<\/span><\/p><\/div><\/div>\t\t\t\t\t\t<\/div>\n\t\t\t\t<\/div>\n\t\t\t\t<\/div>\n\t\t\t\t\t<\/div>\n\t\t\t\t<\/div>\n\t\t<div class=\"elementor-element elementor-element-76ef1e15 e-flex e-con-boxed e-con e-parent\" data-id=\"76ef1e15\" data-element_type=\"container\" data-settings=\"{&quot;background_background&quot;:&quot;classic&quot;}\">\n\t\t\t\t\t<div class=\"e-con-inner\">\n\t\t\t\t\t<\/div>\n\t\t\t\t<\/div>\n\t\t<div class=\"elementor-element elementor-element-36ebd137 e-con-full e-flex e-con e-parent\" data-id=\"36ebd137\" data-element_type=\"container\">\n\t\t<div class=\"elementor-element elementor-element-33b0a20b e-con-full e-flex e-con e-child\" data-id=\"33b0a20b\" data-element_type=\"container\">\n\t\t\t\t<div class=\"elementor-element elementor-element-7e84480c elementor-widget elementor-widget-image\" data-id=\"7e84480c\" data-element_type=\"widget\" data-widget_type=\"image.default\">\n\t\t\t\t<div class=\"elementor-widget-container\">\n\t\t\t<style>\/*! elementor - v3.21.0 - 08-05-2024 *\/\n.elementor-widget-image{text-align:center}.elementor-widget-image a{display:inline-block}.elementor-widget-image a img[src$=\".svg\"]{width:48px}.elementor-widget-image img{vertical-align:middle;display:inline-block}<\/style>\t\t\t\t\t\t\t\t\t\t<img fetchpriority=\"high\" decoding=\"async\" width=\"1024\" height=\"683\" src=\"https:\/\/aurumbikes.com\/wp-content\/uploads\/2024\/01\/Ivan_Final-1024x683-1.jpg\" class=\"attachment-full size-full wp-image-24074\" alt=\"\" srcset=\"https:\/\/aurumbikes.com\/wp-content\/uploads\/2024\/01\/Ivan_Final-1024x683-1.jpg 1024w, https:\/\/aurumbikes.com\/wp-content\/uploads\/2024\/01\/Ivan_Final-1024x683-1-300x200.jpg 300w, https:\/\/aurumbikes.com\/wp-content\/uploads\/2024\/01\/Ivan_Final-1024x683-1-768x512.jpg 768w\" sizes=\"(max-width: 1024px) 100vw, 1024px\" \/>\t\t\t\t\t\t\t\t\t\t\t\t\t<\/div>\n\t\t\t\t<\/div>\n\t\t\t\t<\/div>\n\t\t<div class=\"elementor-element elementor-element-7fb2a1e1 e-con-full e-flex e-con e-child\" data-id=\"7fb2a1e1\" data-element_type=\"container\" data-settings=\"{&quot;background_background&quot;:&quot;classic&quot;}\">\n\t\t\t\t<div class=\"elementor-element elementor-element-9450a90 elementor-widget elementor-widget-heading\" data-id=\"9450a90\" data-element_type=\"widget\" data-widget_type=\"heading.default\">\n\t\t\t\t<div class=\"elementor-widget-container\">\n\t\t\t<h2 class=\"elementor-heading-title elementor-size-default\">Ivan Basso y AURUM<\/h2>\t\t<\/div>\n\t\t\t\t<\/div>\n\t\t\t\t<div class=\"elementor-element elementor-element-5d6215d0 elementor-widget elementor-widget-text-editor\" data-id=\"5d6215d0\" data-element_type=\"widget\" data-widget_type=\"text-editor.default\">\n\t\t\t\t<div class=\"elementor-widget-container\">\n\t\t\t\t\t\t\t<p><span style=\"font-weight: 400;\">Con los conocimientos que su experiencia le hab\u00eda dado, Ivan Basso decidi\u00f3, junto con Alberto Contador, dar un giro a su carrera, y vivir el ciclismo desde el otro lado.<\/span><\/p><p><span style=\"font-weight: 400;\">Adem\u00e1s, Ivan Basso destaca, en esta nueva etapa de su carrera, por su conocimiento t\u00e9cnico y su habilidad. Es experto en detectar los peque\u00f1os fallos que encuentra en cada modelo con solo probarlos.<\/span><\/p><p><span style=\"font-weight: 400;\">\u201cAURUM es un motivo de orgullo para m\u00ed. Junto con Alberto y todo el equipo AURUM hemos creado una bicicleta fant\u00e1stica, la bicicleta de nuestros sue\u00f1os\u201d. \u2013 Ivan Basso.<\/span><\/p>\t\t\t\t\t\t<\/div>\n\t\t\t\t<\/div>\n\t\t\t\t<\/div>\n\t\t\t\t<\/div>\n\t\t<div class=\"elementor-element elementor-element-4662baa e-con-full e-flex e-con e-parent\" data-id=\"4662baa\" data-element_type=\"container\">\n\t\t\t\t<div class=\"elementor-element elementor-element-169d45b elementor-widget elementor-widget-shortcode\" data-id=\"169d45b\" data-element_type=\"widget\" data-widget_type=\"shortcode.default\">\n\t\t\t\t<div class=\"elementor-widget-container\">\n\t\t\t\t\t<div class=\"elementor-shortcode\">\n<div data-elementor-type=\"section\" data-elementor-id=\"32332\" class=\"elementor elementor-32332 elementor-32326\" data-elementor-post-type=\"elementor_library\">\n<section class=\"elementor-section elementor-top-section elementor-element elementor-element-eb0dea3 elementor-section-full_width elementor-section-height-default elementor-section-height-default qodef-elementor-content-no\" data-id=\"eb0dea3\" data-element_type=\"section\" data-settings=\"{&quot;background_background&quot;:&quot;classic&quot;}\">\n<div class=\"elementor-container elementor-column-gap-default\">\n<div class=\"elementor-column elementor-col-100 elementor-top-column elementor-element elementor-element-a23b464\" data-id=\"a23b464\" data-element_type=\"column\">\n<div class=\"elementor-widget-wrap elementor-element-populated\">\n<section class=\"elementor-section elementor-inner-section elementor-element elementor-element-d91708e elementor-section-boxed elementor-section-height-default elementor-section-height-default qodef-elementor-content-no\" data-id=\"d91708e\" data-element_type=\"section\">\n<div class=\"elementor-container elementor-column-gap-default\">\n<div class=\"elementor-column elementor-col-50 elementor-inner-column elementor-element elementor-element-e5d79c7\" data-id=\"e5d79c7\" data-element_type=\"column\">\n<div class=\"elementor-widget-wrap elementor-element-populated\">\n<div class=\"elementor-element elementor-element-4ffd10d elementor-view-default elementor-position-top elementor-mobile-position-top elementor-widget elementor-widget-icon-box\" data-id=\"4ffd10d\" data-element_type=\"widget\" data-widget_type=\"icon-box.default\">\n<div class=\"elementor-widget-container\">\n\t\t\t<link rel=\"stylesheet\" href=\"https:\/\/aurumbikes.com\/wp-content\/plugins\/elementor\/assets\/css\/widget-icon-box.min.css\">\n<div class=\"elementor-icon-box-wrapper\">\n<div class=\"elementor-icon-box-icon\">\n\t\t\t\t<span  class=\"elementor-icon elementor-animation-\"><br \/>\n\t\t\t\t<i aria-hidden=\"true\" class=\"fas fa-box\"><\/i>\t\t\t\t<\/span>\n\t\t\t<\/div>\n<div class=\"elementor-icon-box-content\">\n<p class=\"elementor-icon-box-title\">\n\t\t\t\t\t\t<span  ><br \/>\n\t\t\t\t\t\t\tWELCOME PACK\t\t\t\t\t\t<\/span>\n\t\t\t\t\t<\/p>\n<p class=\"elementor-icon-box-description\">\n\t\t\t\t\t\tCon la compra de una bicicleta completa o de un juego de cuadro, recibir\u00e1s una botella, un portabid\u00f3n y una taza AURUM.\t\t\t\t\t<\/p>\n<\/p><\/div>\n<\/p><\/div>\n<\/p><\/div>\n<\/p><\/div>\n<\/p><\/div>\n<\/p><\/div>\n<div class=\"elementor-column elementor-col-50 elementor-inner-column elementor-element elementor-element-2d76c34\" data-id=\"2d76c34\" data-element_type=\"column\">\n<div class=\"elementor-widget-wrap elementor-element-populated\">\n<div class=\"elementor-element elementor-element-51e1960 elementor-view-default elementor-position-top elementor-mobile-position-top elementor-widget elementor-widget-icon-box\" data-id=\"51e1960\" data-element_type=\"widget\" data-widget_type=\"icon-box.default\">\n<div class=\"elementor-widget-container\">\n<div class=\"elementor-icon-box-wrapper\">\n<div class=\"elementor-icon-box-icon\">\n\t\t\t\t<span  class=\"elementor-icon elementor-animation-\"><br \/>\n\t\t\t\t<i aria-hidden=\"true\" class=\"fas fa-shipping-fast\"><\/i>\t\t\t\t<\/span>\n\t\t\t<\/div>\n<div class=\"elementor-icon-box-content\">\n<p class=\"elementor-icon-box-title\">\n\t\t\t\t\t\t<span  ><br \/>\n\t\t\t\t\t\t\tENV\u00cdO GRATIS\t\t\t\t\t\t<\/span>\n\t\t\t\t\t<\/p>\n<p class=\"elementor-icon-box-description\">\n\t\t\t\t\t\tEnv\u00edo gratuito en compras superiores a 500\u20ac en todo el mundo\t\t\t\t\t<\/p>\n<\/p><\/div>\n<\/p><\/div>\n<\/p><\/div>\n<\/p><\/div>\n<\/p><\/div>\n<\/p><\/div>\n<\/p><\/div>\n<\/section><\/div>\n<\/p><\/div>\n<\/p><\/div>\n<\/section><\/div>\n<\/div>\n\t\t\t\t<\/div>\n\t\t\t\t<\/div>\n\t\t\t\t<\/div>\n\t\t\t\t<\/div>\n\t\t","protected":false},"excerpt":{"rendered":"<p>Ivan Basso Ivan Basso, cofundador de AURUM junto con Alberto Contador, es uno de los ciclistas m\u00e1s reconocidos a nivel mundial. Es conocido por haber ganado dos Giros d\u2019Italia, y haber cosechado \u00e9xitos en otras carreras, como sus importantes posiciones en el Tour de Francia. Ivan Basso en el ciclismo A Ivan Basso le gustaron [&hellip;]<\/p>\n","protected":false},"author":1,"featured_media":0,"parent":0,"menu_order":0,"comment_status":"closed","ping_status":"closed","template":"","meta":{"footnotes":""},"yoast_head":"<!-- This site is optimized with the Yoast SEO plugin v22.6 - https:\/\/yoast.com\/wordpress\/plugins\/seo\/ -->\n<title>Ivan Basso - Ciclista profesional | AURUM Bikes<\/title>\n<meta name=\"description\" content=\"Aqu\u00ed podr\u00e1s descubrir la trayectoria de Ivan como ciclista profesional. Todos sus \u00e9xitos e inicios en este mundo. \u00bfQu\u00e9 hace actualmente?\" \/>\n<meta name=\"robots\" content=\"index, follow, max-snippet:-1, max-image-preview:large, max-video-preview:-1\" \/>\n<link rel=\"canonical\" href=\"https:\/\/aurumbikes.com\/es\/ivan-basso\/\" \/>\n<meta property=\"og:locale\" content=\"es_ES\" \/>\n<meta property=\"og:type\" content=\"article\" \/>\n<meta property=\"og:title\" content=\"Ivan Basso - Ciclista profesional | AURUM Bikes\" \/>\n<meta property=\"og:description\" content=\"Aqu\u00ed podr\u00e1s descubrir la trayectoria de Ivan como ciclista profesional. Todos sus \u00e9xitos e inicios en este mundo. \u00bfQu\u00e9 hace actualmente?\" \/>\n<meta property=\"og:url\" content=\"https:\/\/aurumbikes.com\/es\/ivan-basso\/\" \/>\n<meta property=\"og:site_name\" content=\"Aurum Bikes\" \/>\n<meta property=\"article:publisher\" content=\"https:\/\/www.facebook.com\/AURUMbikes\" \/>\n<meta property=\"article:modified_time\" content=\"2025-12-22T14:34:04+00:00\" \/>\n<meta property=\"og:image\" content=\"https:\/\/aurumbikes.com\/wp-content\/uploads\/2024\/01\/Ivan_Final-1024x683-1.jpg\" \/>\n<meta name=\"twitter:card\" content=\"summary_large_image\" \/>\n<meta name=\"twitter:label1\" content=\"Tiempo de lectura\" \/>\n\t<meta name=\"twitter:data1\" content=\"3 minutos\" \/>\n<script type=\"application\/ld+json\" class=\"yoast-schema-graph\">{\"@context\":\"https:\/\/schema.org\",\"@graph\":[{\"@type\":\"WebPage\",\"@id\":\"https:\/\/aurumbikes.com\/es\/ivan-basso\/\",\"url\":\"https:\/\/aurumbikes.com\/es\/ivan-basso\/\",\"name\":\"Ivan Basso - Ciclista profesional | AURUM Bikes\",\"isPartOf\":{\"@id\":\"https:\/\/aurumbikes.com\/es\/#website\"},\"primaryImageOfPage\":{\"@id\":\"https:\/\/aurumbikes.com\/es\/ivan-basso\/#primaryimage\"},\"image\":{\"@id\":\"https:\/\/aurumbikes.com\/es\/ivan-basso\/#primaryimage\"},\"thumbnailUrl\":\"https:\/\/aurumbikes.com\/wp-content\/uploads\/2024\/01\/Ivan_Final-1024x683-1.jpg\",\"datePublished\":\"2024-01-20T11:46:40+00:00\",\"dateModified\":\"2025-12-22T14:34:04+00:00\",\"description\":\"Aqu\u00ed podr\u00e1s descubrir la trayectoria de Ivan como ciclista profesional. Todos sus \u00e9xitos e inicios en este mundo. \u00bfQu\u00e9 hace actualmente?\",\"breadcrumb\":{\"@id\":\"https:\/\/aurumbikes.com\/es\/ivan-basso\/#breadcrumb\"},\"inLanguage\":\"es\",\"potentialAction\":[{\"@type\":\"ReadAction\",\"target\":[\"https:\/\/aurumbikes.com\/es\/ivan-basso\/\"]}]},{\"@type\":\"ImageObject\",\"inLanguage\":\"es\",\"@id\":\"https:\/\/aurumbikes.com\/es\/ivan-basso\/#primaryimage\",\"url\":\"https:\/\/aurumbikes.com\/wp-content\/uploads\/2024\/01\/Ivan_Final-1024x683-1.jpg\",\"contentUrl\":\"https:\/\/aurumbikes.com\/wp-content\/uploads\/2024\/01\/Ivan_Final-1024x683-1.jpg\"},{\"@type\":\"BreadcrumbList\",\"@id\":\"https:\/\/aurumbikes.com\/es\/ivan-basso\/#breadcrumb\",\"itemListElement\":[{\"@type\":\"ListItem\",\"position\":1,\"name\":\"Home\",\"item\":\"https:\/\/aurumbikes.com\/es\/\"},{\"@type\":\"ListItem\",\"position\":2,\"name\":\"Ivan Basso &#8211; Ciclista profesional\"}]},{\"@type\":\"WebSite\",\"@id\":\"https:\/\/aurumbikes.com\/es\/#website\",\"url\":\"https:\/\/aurumbikes.com\/es\/\",\"name\":\"Aurum Bikes\",\"description\":\"Born From Experience\",\"potentialAction\":[{\"@type\":\"SearchAction\",\"target\":{\"@type\":\"EntryPoint\",\"urlTemplate\":\"https:\/\/aurumbikes.com\/es\/?s={search_term_string}\"},\"query-input\":\"required name=search_term_string\"}],\"inLanguage\":\"es\"}]}<\/script>\n<!-- \/ Yoast SEO plugin. -->","yoast_head_json":{"title":"Ivan Basso - Ciclista profesional | AURUM Bikes","description":"Aqu\u00ed podr\u00e1s descubrir la trayectoria de Ivan como ciclista profesional. Todos sus \u00e9xitos e inicios en este mundo. \u00bfQu\u00e9 hace actualmente?","robots":{"index":"index","follow":"follow","max-snippet":"max-snippet:-1","max-image-preview":"max-image-preview:large","max-video-preview":"max-video-preview:-1"},"canonical":"https:\/\/aurumbikes.com\/es\/ivan-basso\/","og_locale":"es_ES","og_type":"article","og_title":"Ivan Basso - Ciclista profesional | AURUM Bikes","og_description":"Aqu\u00ed podr\u00e1s descubrir la trayectoria de Ivan como ciclista profesional. Todos sus \u00e9xitos e inicios en este mundo. \u00bfQu\u00e9 hace actualmente?","og_url":"https:\/\/aurumbikes.com\/es\/ivan-basso\/","og_site_name":"Aurum Bikes","article_publisher":"https:\/\/www.facebook.com\/AURUMbikes","article_modified_time":"2025-12-22T14:34:04+00:00","og_image":[{"url":"https:\/\/aurumbikes.com\/wp-content\/uploads\/2024\/01\/Ivan_Final-1024x683-1.jpg"}],"twitter_card":"summary_large_image","twitter_misc":{"Tiempo de lectura":"3 minutos"},"schema":{"@context":"https:\/\/schema.org","@graph":[{"@type":"WebPage","@id":"https:\/\/aurumbikes.com\/es\/ivan-basso\/","url":"https:\/\/aurumbikes.com\/es\/ivan-basso\/","name":"Ivan Basso - Ciclista profesional | AURUM Bikes","isPartOf":{"@id":"https:\/\/aurumbikes.com\/es\/#website"},"primaryImageOfPage":{"@id":"https:\/\/aurumbikes.com\/es\/ivan-basso\/#primaryimage"},"image":{"@id":"https:\/\/aurumbikes.com\/es\/ivan-basso\/#primaryimage"},"thumbnailUrl":"https:\/\/aurumbikes.com\/wp-content\/uploads\/2024\/01\/Ivan_Final-1024x683-1.jpg","datePublished":"2024-01-20T11:46:40+00:00","dateModified":"2025-12-22T14:34:04+00:00","description":"Aqu\u00ed podr\u00e1s descubrir la trayectoria de Ivan como ciclista profesional. Todos sus \u00e9xitos e inicios en este mundo. \u00bfQu\u00e9 hace actualmente?","breadcrumb":{"@id":"https:\/\/aurumbikes.com\/es\/ivan-basso\/#breadcrumb"},"inLanguage":"es","potentialAction":[{"@type":"ReadAction","target":["https:\/\/aurumbikes.com\/es\/ivan-basso\/"]}]},{"@type":"ImageObject","inLanguage":"es","@id":"https:\/\/aurumbikes.com\/es\/ivan-basso\/#primaryimage","url":"https:\/\/aurumbikes.com\/wp-content\/uploads\/2024\/01\/Ivan_Final-1024x683-1.jpg","contentUrl":"https:\/\/aurumbikes.com\/wp-content\/uploads\/2024\/01\/Ivan_Final-1024x683-1.jpg"},{"@type":"BreadcrumbList","@id":"https:\/\/aurumbikes.com\/es\/ivan-basso\/#breadcrumb","itemListElement":[{"@type":"ListItem","position":1,"name":"Home","item":"https:\/\/aurumbikes.com\/es\/"},{"@type":"ListItem","position":2,"name":"Ivan Basso &#8211; Ciclista profesional"}]},{"@type":"WebSite","@id":"https:\/\/aurumbikes.com\/es\/#website","url":"https:\/\/aurumbikes.com\/es\/","name":"Aurum Bikes","description":"Born From Experience","potentialAction":[{"@type":"SearchAction","target":{"@type":"EntryPoint","urlTemplate":"https:\/\/aurumbikes.com\/es\/?s={search_term_string}"},"query-input":"required name=search_term_string"}],"inLanguage":"es"}]}},"_links":{"self":[{"href":"https:\/\/aurumbikes.com\/es\/wp-json\/wp\/v2\/pages\/24061"}],"collection":[{"href":"https:\/\/aurumbikes.com\/es\/wp-json\/wp\/v2\/pages"}],"about":[{"href":"https:\/\/aurumbikes.com\/es\/wp-json\/wp\/v2\/types\/page"}],"author":[{"embeddable":true,"href":"https:\/\/aurumbikes.com\/es\/wp-json\/wp\/v2\/users\/1"}],"replies":[{"embeddable":true,"href":"https:\/\/aurumbikes.com\/es\/wp-json\/wp\/v2\/comments?post=24061"}],"version-history":[{"count":31,"href":"https:\/\/aurumbikes.com\/es\/wp-json\/wp\/v2\/pages\/24061\/revisions"}],"predecessor-version":[{"id":122750,"href":"https:\/\/aurumbikes.com\/es\/wp-json\/wp\/v2\/pages\/24061\/revisions\/122750"}],"wp:attachment":[{"href":"https:\/\/aurumbikes.com\/es\/wp-json\/wp\/v2\/media?parent=24061"}],"curies":[{"name":"wp","href":"https:\/\/api.w.org\/{rel}","templated":true}]}}