{"id":24619,"date":"2024-01-21T10:44:13","date_gmt":"2024-01-21T10:44:13","guid":{"rendered":"https:\/\/aurumbikes.com\/?page_id=24619"},"modified":"2024-08-07T13:44:24","modified_gmt":"2024-08-07T13:44:24","slug":"mujeres-ciclistas","status":"publish","type":"page","link":"https:\/\/aurumbikes.com\/es\/mujeres-ciclistas\/","title":{"rendered":"Mujeres ciclistas"},"content":{"rendered":"\t\t<div data-elementor-type=\"wp-page\" data-elementor-id=\"24619\" class=\"elementor elementor-24619\" data-elementor-post-type=\"page\">\n\t\t\t\t\t\t<section class=\"elementor-section elementor-top-section elementor-element elementor-element-92958a9 elementor-section-full_width elementor-section-height-min-height elementor-section-items-bottom elementor-section-height-default qodef-elementor-content-no\" data-id=\"92958a9\" data-element_type=\"section\" data-settings=\"{&quot;background_background&quot;:&quot;classic&quot;}\">\n\t\t\t\t\t\t\t<div class=\"elementor-background-overlay\"><\/div>\n\t\t\t\t\t\t\t<div class=\"elementor-container elementor-column-gap-default\">\n\t\t\t\t\t<div class=\"elementor-column elementor-col-100 elementor-top-column elementor-element elementor-element-44c707b2\" data-id=\"44c707b2\" data-element_type=\"column\">\n\t\t\t<div class=\"elementor-widget-wrap elementor-element-populated\">\n\t\t\t\t\t\t<div class=\"elementor-element elementor-element-19a19b95 elementor-widget elementor-widget-html\" data-id=\"19a19b95\" data-element_type=\"widget\" data-widget_type=\"html.default\">\n\t\t\t\t<div class=\"elementor-widget-container\">\n\t\t\t<style>#qodef-page-wrapper{overflow:unset;} .qodef-page-title{box-shadow: inset 0 0 0 1000px rgb(0 0 0 \/ 78%);} #qodef-back-to-top{bottom: 100px;z-index:-1;} @media only screen and (max-width: 600px) { .mkl_pc .mkl_pc_container footer {height: 20%;}} #qodef-page-inner{padding:0 !important;} .mkl_pc .mkl_pc_container .form.form-cart{align-items:center;} .pc_configurator_form{display:flex;} div#qodef-page-inner{width:100%;} @media only screen and (min-width: 768px) {.mkl_pc .mkl_pc_container .mkl_pc_toolbar{width: 30%;} .mkl_pc .mkl_pc_container .mkl_pc_viewer{width:70%;} body.configurator_is_inline .mkl_pc .mkl_pc_container .mkl_pc_viewer{min-height:100vh;}} body, .text.layer-name, .selected-choice, button.choice-item {font-family: Montserrat, sans-serif;} .text.layer-name, .selected-choice, button.choice-item{text-transform: uppercase !important;} .mkl_pc .mkl_pc_container .mkl_pc_toolbar section.choices > ul > li.layers-list-item button .layer-name, .mkl_pc .mkl_pc_container .mkl_pc_toolbar section.choices > ul > li.layers-list-item .layer-item .layer-name{font-weight:normal;}<\/style>\t\t<\/div>\n\t\t\t\t<\/div>\n\t\t\t\t\t<\/div>\n\t\t<\/div>\n\t\t\t\t\t<\/div>\n\t\t<\/section>\n\t\t<div class=\"elementor-element elementor-element-48f26a45 e-flex e-con-boxed e-con e-parent\" data-id=\"48f26a45\" data-element_type=\"container\">\n\t\t\t\t\t<div class=\"e-con-inner\">\n\t\t\t\t<div class=\"elementor-element elementor-element-d1bd9b9 elementor-widget elementor-widget-heading\" data-id=\"d1bd9b9\" data-element_type=\"widget\" data-widget_type=\"heading.default\">\n\t\t\t\t<div class=\"elementor-widget-container\">\n\t\t\t<style>\/*! elementor - v3.21.0 - 08-05-2024 *\/\n.elementor-heading-title{padding:0;margin:0;line-height:1}.elementor-widget-heading .elementor-heading-title[class*=elementor-size-]>a{color:inherit;font-size:inherit;line-height:inherit}.elementor-widget-heading .elementor-heading-title.elementor-size-small{font-size:15px}.elementor-widget-heading .elementor-heading-title.elementor-size-medium{font-size:19px}.elementor-widget-heading .elementor-heading-title.elementor-size-large{font-size:29px}.elementor-widget-heading .elementor-heading-title.elementor-size-xl{font-size:39px}.elementor-widget-heading .elementor-heading-title.elementor-size-xxl{font-size:59px}<\/style><h1 class=\"elementor-heading-title elementor-size-default\">Mujeres ciclistas<\/h1>\t\t<\/div>\n\t\t\t\t<\/div>\n\t\t\t\t<div class=\"elementor-element elementor-element-74d604b5 elementor-widget elementor-widget-text-editor\" data-id=\"74d604b5\" data-element_type=\"widget\" data-widget_type=\"text-editor.default\">\n\t\t\t\t<div class=\"elementor-widget-container\">\n\t\t\t<style>\/*! elementor - v3.21.0 - 08-05-2024 *\/\n.elementor-widget-text-editor.elementor-drop-cap-view-stacked .elementor-drop-cap{background-color:#69727d;color:#fff}.elementor-widget-text-editor.elementor-drop-cap-view-framed .elementor-drop-cap{color:#69727d;border:3px solid;background-color:transparent}.elementor-widget-text-editor:not(.elementor-drop-cap-view-default) .elementor-drop-cap{margin-top:8px}.elementor-widget-text-editor:not(.elementor-drop-cap-view-default) .elementor-drop-cap-letter{width:1em;height:1em}.elementor-widget-text-editor .elementor-drop-cap{float:left;text-align:center;line-height:1;font-size:50px}.elementor-widget-text-editor .elementor-drop-cap-letter{display:inline-block}<\/style>\t\t\t\t<p>Todos conocemos nombres clave del ciclismo masculino, como Lance Armstrong, Miguel Indurain o, en la historia m\u00e1s reciente del ciclismo espa\u00f1ol, <a href=\"https:\/\/aurumbikes.com\/es\/alberto-contador\/\">Alberto Contador<\/a>. Sin embargo, las mujeres en el ciclismo han sido invisibilizadas durante mucho tiempo.<\/p><p>Por eso, en este post hemos querido hacer una recopilaci\u00f3n para recordar a las mujeres m\u00e1s importantes del ciclismo a nivel mundial. \u00a1Empezamos!<\/p>\t\t\t\t\t\t<\/div>\n\t\t\t\t<\/div>\n\t\t\t\t<div class=\"elementor-element elementor-element-a1dfd61 elementor-widget elementor-widget-qi_addons_for_elementor_blockquote\" data-id=\"a1dfd61\" data-element_type=\"widget\" data-widget_type=\"qi_addons_for_elementor_blockquote.default\">\n\t\t\t\t<div class=\"elementor-widget-container\">\n\t\t\t<div class=\"qodef-shortcode qodef-m  qodef-qi-blockquote qodef-layout--top qodef--icon-pack\">\n\t\t\t<div class=\"qodef-m-icon\">\n\t\t\t<i aria-hidden=\"true\" class=\"fas fa-quote-right\"><\/i>\t\t<\/div>\n\t\t\t\t<p class=\"qodef-m-text\">\n\t\t\tHemos querido hacer una recopilaci\u00f3n para recordar a las mujeres m\u00e1s importantes del ciclismo a nivel mundial\t\t<\/p>\n\t<\/div>\n\t\t<\/div>\n\t\t\t\t<\/div>\n\t\t\t\t\t<\/div>\n\t\t\t\t<\/div>\n\t\t<div class=\"elementor-element elementor-element-4de640ea e-flex e-con-boxed e-con e-parent\" data-id=\"4de640ea\" data-element_type=\"container\" data-settings=\"{&quot;background_background&quot;:&quot;classic&quot;}\">\n\t\t\t\t\t<div class=\"e-con-inner\">\n\t\t\t\t<div class=\"elementor-element elementor-element-5e9ca57b elementor-widget elementor-widget-heading\" data-id=\"5e9ca57b\" data-element_type=\"widget\" data-widget_type=\"heading.default\">\n\t\t\t\t<div class=\"elementor-widget-container\">\n\t\t\t<h2 class=\"elementor-heading-title elementor-size-default\">Mujeres pioneras en el ciclismo<\/h2>\t\t<\/div>\n\t\t\t\t<\/div>\n\t\t\t\t\t<\/div>\n\t\t\t\t<\/div>\n\t\t<div class=\"elementor-element elementor-element-44d65176 e-flex e-con-boxed e-con e-parent\" data-id=\"44d65176\" data-element_type=\"container\" data-settings=\"{&quot;background_background&quot;:&quot;classic&quot;}\">\n\t\t\t\t\t<div class=\"e-con-inner\">\n\t\t<div class=\"elementor-element elementor-element-3d5dec5a e-con-full e-flex e-con e-child\" data-id=\"3d5dec5a\" data-element_type=\"container\">\n\t\t\t\t<div class=\"elementor-element elementor-element-4d2bd8b7 elementor-widget elementor-widget-text-editor\" data-id=\"4d2bd8b7\" data-element_type=\"widget\" data-widget_type=\"text-editor.default\">\n\t\t\t\t<div class=\"elementor-widget-container\">\n\t\t\t\t\t\t\t<p>A lo largo de la historia, han sido much\u00edsimas las mujeres que han pedaleado muy duro hasta llegar al punto en el que nos encontramos. Hemos hecho una selecci\u00f3n de algunas de ellas, pero posiblemente nos hemos quedado muy cortos. \u00a1La lista es interminable! Os contamos m\u00e1s sobre algunas de las mujeres que han hecho historia en el ciclismo mundial.<\/p>\t\t\t\t\t\t<\/div>\n\t\t\t\t<\/div>\n\t\t\t\t<\/div>\n\t\t\t\t\t<\/div>\n\t\t\t\t<\/div>\n\t\t<div class=\"elementor-element elementor-element-02b21c6 e-flex e-con-boxed e-con e-parent\" data-id=\"02b21c6\" data-element_type=\"container\" data-settings=\"{&quot;background_background&quot;:&quot;classic&quot;}\">\n\t\t\t\t\t<div class=\"e-con-inner\">\n\t\t<div class=\"elementor-element elementor-element-794379e e-con-full e-flex e-con e-child\" data-id=\"794379e\" data-element_type=\"container\">\n\t\t\t\t<\/div>\n\t\t<div class=\"elementor-element elementor-element-102ba10 e-con-full e-flex e-con e-child\" data-id=\"102ba10\" data-element_type=\"container\">\n\t\t\t\t<div class=\"elementor-element elementor-element-4e7f278 elementor-widget elementor-widget-heading\" data-id=\"4e7f278\" data-element_type=\"widget\" data-widget_type=\"heading.default\">\n\t\t\t\t<div class=\"elementor-widget-container\">\n\t\t\t<h3 class=\"elementor-heading-title elementor-size-default\">Alfonsina Strada<\/h3>\t\t<\/div>\n\t\t\t\t<\/div>\n\t\t\t\t<div class=\"elementor-element elementor-element-df29784 elementor-widget elementor-widget-text-editor\" data-id=\"df29784\" data-element_type=\"widget\" data-widget_type=\"text-editor.default\">\n\t\t\t\t<div class=\"elementor-widget-container\">\n\t\t\t\t\t\t\t<p>Alfonsina Strada es, a d\u00eda de hoy, la \u00fanica mujer de la historia que ha completado el Giro d\u2019Italia. Despu\u00e9s de haber participado y ganado diferentes carreras a nivel regional \u2013como el Giro de Lombard\u00eda\u2013, decidi\u00f3 participar en el Giro d\u2019Italia, la Gran Vuelta de su pa\u00eds. Se inscribi\u00f3 en el Giro bajo el nombre de Alfons\u00edn Strada, porque sab\u00eda que, al ser mujer, no le permitir\u00edan inscribirse. Aunque fue descubierta y descalificada, Alfonsina termin\u00f3 el Giro de forma no oficial por delante de otros ciclistas.<\/p>\t\t\t\t\t\t<\/div>\n\t\t\t\t<\/div>\n\t\t\t\t<\/div>\n\t\t\t\t\t<\/div>\n\t\t\t\t<\/div>\n\t\t<div class=\"elementor-element elementor-element-ff39d73 e-flex e-con-boxed e-con e-parent\" data-id=\"ff39d73\" data-element_type=\"container\" data-settings=\"{&quot;background_background&quot;:&quot;classic&quot;}\">\n\t\t\t\t\t<div class=\"e-con-inner\">\n\t\t<div class=\"elementor-element elementor-element-e0ce421 e-con-full e-flex e-con e-child\" data-id=\"e0ce421\" data-element_type=\"container\">\n\t\t\t\t<\/div>\n\t\t<div class=\"elementor-element elementor-element-8d9437d e-con-full e-flex e-con e-child\" data-id=\"8d9437d\" data-element_type=\"container\">\n\t\t\t\t<div class=\"elementor-element elementor-element-8552485 elementor-widget elementor-widget-heading\" data-id=\"8552485\" data-element_type=\"widget\" data-widget_type=\"heading.default\">\n\t\t\t\t<div class=\"elementor-widget-container\">\n\t\t\t<h3 class=\"elementor-heading-title elementor-size-default\">Jeannie Longo<\/h3>\t\t<\/div>\n\t\t\t\t<\/div>\n\t\t\t\t<div class=\"elementor-element elementor-element-7bad212 elementor-widget elementor-widget-text-editor\" data-id=\"7bad212\" data-element_type=\"widget\" data-widget_type=\"text-editor.default\">\n\t\t\t\t<div class=\"elementor-widget-container\">\n\t\t\t\t\t\t\t<p>Jeannie Longo destaca por ser una de las ciclistas m\u00e1s premiadas en las carreras m\u00e1s importantes a nivel mundial.<\/p><p>Adem\u00e1s, Jeannie es recordada por ser una de las mujeres m\u00e1s veteranas en seguir cosechando t\u00edtulos. Particip\u00f3 en siete Juegos Ol\u00edmpicos, y gan\u00f3 hasta cuatro medallas. Adem\u00e1s, tambi\u00e9n destaca por haber sido campeona del Tour de Francia durante tres a\u00f1os consecutivos.\u00a0<\/p>\t\t\t\t\t\t<\/div>\n\t\t\t\t<\/div>\n\t\t\t\t<\/div>\n\t\t\t\t\t<\/div>\n\t\t\t\t<\/div>\n\t\t<div class=\"elementor-element elementor-element-1a0bc043 e-flex e-con-boxed e-con e-parent\" data-id=\"1a0bc043\" data-element_type=\"container\" data-settings=\"{&quot;background_background&quot;:&quot;classic&quot;}\">\n\t\t\t\t\t<div class=\"e-con-inner\">\n\t\t<div class=\"elementor-element elementor-element-1df45c88 e-con-full e-flex e-con e-child\" data-id=\"1df45c88\" data-element_type=\"container\">\n\t\t\t\t<\/div>\n\t\t<div class=\"elementor-element elementor-element-5d09fcfc e-con-full e-flex e-con e-child\" data-id=\"5d09fcfc\" data-element_type=\"container\">\n\t\t\t\t<div class=\"elementor-element elementor-element-312bf84 elementor-widget elementor-widget-heading\" data-id=\"312bf84\" data-element_type=\"widget\" data-widget_type=\"heading.default\">\n\t\t\t\t<div class=\"elementor-widget-container\">\n\t\t\t<h3 class=\"elementor-heading-title elementor-size-default\">Annie Londonderry<\/h3>\t\t<\/div>\n\t\t\t\t<\/div>\n\t\t\t\t<div class=\"elementor-element elementor-element-ece054a elementor-widget elementor-widget-text-editor\" data-id=\"ece054a\" data-element_type=\"widget\" data-widget_type=\"text-editor.default\">\n\t\t\t\t<div class=\"elementor-widget-container\">\n\t\t\t\t\t\t\t<p>Annie Londonderry se convirti\u00f3, a finales del siglo XIX, en la primera mujer en dar la vuelta al mundo en bicicleta. Entre 1894 y 1895, se embarc\u00f3 en una aventura que la hizo mundialmente conocida. Durante esa \u00e9poca, Annie Londonderry tuvo partidarios y detractores, pero finalmente cumpli\u00f3 su haza\u00f1a y se convirti\u00f3 en una de las ciclistas m\u00e1s respetadas del panorama mundial.<\/p>\t\t\t\t\t\t<\/div>\n\t\t\t\t<\/div>\n\t\t\t\t<\/div>\n\t\t\t\t\t<\/div>\n\t\t\t\t<\/div>\n\t\t<div class=\"elementor-element elementor-element-c767e0e e-flex e-con-boxed e-con e-parent\" data-id=\"c767e0e\" data-element_type=\"container\" data-settings=\"{&quot;background_background&quot;:&quot;classic&quot;}\">\n\t\t\t\t\t<div class=\"e-con-inner\">\n\t\t<div class=\"elementor-element elementor-element-d3ae108 e-con-full e-flex e-con e-child\" data-id=\"d3ae108\" data-element_type=\"container\">\n\t\t\t\t<div class=\"elementor-element elementor-element-4fe976d elementor-widget elementor-widget-heading\" data-id=\"4fe976d\" data-element_type=\"widget\" data-widget_type=\"heading.default\">\n\t\t\t\t<div class=\"elementor-widget-container\">\n\t\t\t<h3 class=\"elementor-heading-title elementor-size-default\">Beryl Burton<\/h3>\t\t<\/div>\n\t\t\t\t<\/div>\n\t\t\t\t<div class=\"elementor-element elementor-element-58bfc89 elementor-widget elementor-widget-text-editor\" data-id=\"58bfc89\" data-element_type=\"widget\" data-widget_type=\"text-editor.default\">\n\t\t\t\t<div class=\"elementor-widget-container\">\n\t\t\t\t\t\t\t<p>Beryl Burton fue una ciclista brit\u00e1nica que destac\u00f3 por la gran haza\u00f1a que conquist\u00f3 en 1967. Ese a\u00f1o, en el Campeonato de Reino Unido de Ciclismo Contrarreloj, esta mujer bati\u00f3 el r\u00e9cord mundial masculino de la categor\u00eda de 12 horas. Aunque el r\u00e9cord que bati\u00f3 \u2013446,9 kil\u00f3metros en 12 horas\u2013 sigue vigente en el \u00e1mbito femenino, en su momento tambi\u00e9n fue un r\u00e9cord masculino, que tard\u00f3 dos a\u00f1os en ser batido por un hombre. Sin duda, eso hizo que Beryl Burton se convirtiese en toda una leyenda en el mundo del ciclismo.<\/p>\t\t\t\t\t\t<\/div>\n\t\t\t\t<\/div>\n\t\t\t\t<\/div>\n\t\t<div class=\"elementor-element elementor-element-c7357cb e-con-full e-flex e-con e-child\" data-id=\"c7357cb\" data-element_type=\"container\">\n\t\t\t\t<\/div>\n\t\t\t\t\t<\/div>\n\t\t\t\t<\/div>\n\t\t<div class=\"elementor-element elementor-element-cd30bdb e-flex e-con-boxed e-con e-parent\" data-id=\"cd30bdb\" data-element_type=\"container\" data-settings=\"{&quot;background_background&quot;:&quot;classic&quot;}\">\n\t\t\t\t\t<div class=\"e-con-inner\">\n\t\t<div class=\"elementor-element elementor-element-ec08c80 e-con-full e-flex e-con e-child\" data-id=\"ec08c80\" data-element_type=\"container\">\n\t\t\t\t<\/div>\n\t\t<div class=\"elementor-element elementor-element-ab9d11b e-con-full e-flex e-con e-child\" data-id=\"ab9d11b\" data-element_type=\"container\">\n\t\t\t\t<div class=\"elementor-element elementor-element-a634d02 elementor-widget elementor-widget-heading\" data-id=\"a634d02\" data-element_type=\"widget\" data-widget_type=\"heading.default\">\n\t\t\t\t<div class=\"elementor-widget-container\">\n\t\t\t<h3 class=\"elementor-heading-title elementor-size-default\">Connie Carpenter-Phinney<\/h3>\t\t<\/div>\n\t\t\t\t<\/div>\n\t\t\t\t<div class=\"elementor-element elementor-element-731b688 elementor-widget elementor-widget-text-editor\" data-id=\"731b688\" data-element_type=\"widget\" data-widget_type=\"text-editor.default\">\n\t\t\t\t<div class=\"elementor-widget-container\">\n\t\t\t\t\t\t\t<p>A pesar de las mujeres ciclistas que dieron la nota durante a\u00f1os anteriores, y de que el ciclismo masculino llevaba siendo ol\u00edmpico desde los primeros Juegos Ol\u00edmpicos internacionales, en 1896, no fue hasta 1984 cuando la disciplina pas\u00f3 a disputarse tambi\u00e9n a nivel femenino.<\/p><p>Y ese a\u00f1o all\u00ed se encontraba Connie Carpenter-Phinney quien, tras a\u00f1os compitiendo al m\u00e1s alto nivel, se convirti\u00f3 en el primer oro ol\u00edmpico de ciclismo femenino. Casualmente, en su \u00faltima carrera antes de retirarse.<\/p>\t\t\t\t\t\t<\/div>\n\t\t\t\t<\/div>\n\t\t\t\t<\/div>\n\t\t\t\t\t<\/div>\n\t\t\t\t<\/div>\n\t\t<div class=\"elementor-element elementor-element-12985189 e-flex e-con-boxed e-con e-parent\" data-id=\"12985189\" data-element_type=\"container\" data-settings=\"{&quot;background_background&quot;:&quot;classic&quot;}\">\n\t\t\t\t\t<div class=\"e-con-inner\">\n\t\t\t\t\t<\/div>\n\t\t\t\t<\/div>\n\t\t<div class=\"elementor-element elementor-element-723562b3 e-flex e-con-boxed e-con e-parent\" data-id=\"723562b3\" data-element_type=\"container\" data-settings=\"{&quot;background_background&quot;:&quot;classic&quot;}\">\n\t\t\t\t\t<div class=\"e-con-inner\">\n\t\t<div class=\"elementor-element elementor-element-5e6518ee e-con-full e-flex e-con e-child\" data-id=\"5e6518ee\" data-element_type=\"container\">\n\t\t\t\t<div class=\"elementor-element elementor-element-74060f93 elementor-widget elementor-widget-heading\" data-id=\"74060f93\" data-element_type=\"widget\" data-widget_type=\"heading.default\">\n\t\t\t\t<div class=\"elementor-widget-container\">\n\t\t\t<h2 class=\"elementor-heading-title elementor-size-default\">Mujeres ciclistas en la actualidad<\/h2>\t\t<\/div>\n\t\t\t\t<\/div>\n\t\t\t\t<\/div>\n\t\t<div class=\"elementor-element elementor-element-62a96de3 e-con-full e-flex e-con e-child\" data-id=\"62a96de3\" data-element_type=\"container\">\n\t\t\t\t<div class=\"elementor-element elementor-element-409c4332 elementor-widget elementor-widget-text-editor\" data-id=\"409c4332\" data-element_type=\"widget\" data-widget_type=\"text-editor.default\">\n\t\t\t\t<div class=\"elementor-widget-container\">\n\t\t\t\t\t\t\t<div class=\"c-title-text__content\"><div class=\"c-title-text__text \"><p>En la actualidad, las mujeres ciclistas han logrado romper barreras y desafiar estereotipos en el mundo del ciclismo. No solo los hombres son capaces de participar en grandes vueltas. Su presencia y participaci\u00f3n en competiciones de alto nivel ha demostrado su talento y determinaci\u00f3n para competir.\u00a0<\/p><p>A d\u00eda de hoy, alguna de las ciclistas m\u00e1s importantes a nivel competitivo son las siguientes:<\/p><p>Lotte Kopecky es una de las ciclistas m\u00e1s completas del ciclismo mundial. Ha conseguido numerosas victorias a lo largo de los a\u00f1os, entre las que destacan algunos campeonatos nacionales, europeos y mundiales.<\/p><p>Lorena Wiebes es una de las ciclistas m\u00e1s r\u00e1pidas del momento. Ha conseguido alcanzar la victoria de varias carreras importantes del World Tour, pero sin duda destaca por haber conseguido algunos triunfos en el Campeonato de Europa. En 2022, Lorena se alz\u00f3 con 23 victorias.<\/p><p>Elisa Longo Borghini es considerada una de las mejores ciclistas femeninas de la era moderna. Son muchos los t\u00edtulos que ha conseguido a lo largo de los a\u00f1os, entre los que destaca el Women\u2019s Tour, aunque tambi\u00e9n ha logrado buenas posiciones en el Giro d\u2019Italia y el Tour de Francia.<\/p><\/div><\/div>\t\t\t\t\t\t<\/div>\n\t\t\t\t<\/div>\n\t\t\t\t<\/div>\n\t\t\t\t\t<\/div>\n\t\t\t\t<\/div>\n\t\t<div class=\"elementor-element elementor-element-79b2e34 e-flex e-con-boxed e-con e-parent\" data-id=\"79b2e34\" data-element_type=\"container\" data-settings=\"{&quot;background_background&quot;:&quot;classic&quot;}\">\n\t\t\t\t\t<div class=\"e-con-inner\">\n\t\t\t\t<div class=\"elementor-element elementor-element-345da11 elementor-widget elementor-widget-heading\" data-id=\"345da11\" data-element_type=\"widget\" data-widget_type=\"heading.default\">\n\t\t\t\t<div class=\"elementor-widget-container\">\n\t\t\t<h2 class=\"elementor-heading-title elementor-size-default\">Las mujeres ciclistas y AURUM<\/h2>\t\t<\/div>\n\t\t\t\t<\/div>\n\t\t\t\t\t<\/div>\n\t\t\t\t<\/div>\n\t\t<div class=\"elementor-element elementor-element-df5e35e e-flex e-con-boxed e-con e-parent\" data-id=\"df5e35e\" data-element_type=\"container\" data-settings=\"{&quot;background_background&quot;:&quot;classic&quot;}\">\n\t\t\t\t\t<div class=\"e-con-inner\">\n\t\t<div class=\"elementor-element elementor-element-6cbb0c5 e-con-full e-flex e-con e-child\" data-id=\"6cbb0c5\" data-element_type=\"container\">\n\t\t\t\t<div class=\"elementor-element elementor-element-93f8247 elementor-widget elementor-widget-text-editor\" data-id=\"93f8247\" data-element_type=\"widget\" data-widget_type=\"text-editor.default\">\n\t\t\t\t<div class=\"elementor-widget-container\">\n\t\t\t\t\t\t\t<div class=\"c-title-text__content\"><div class=\"c-title-text__text \"><p>En AURUM apoyamos a las mujeres ciclistas, ya que son el germen para que las ni\u00f1as que quieran ser deportistas tengan referentes para ello.<\/p><p>Es m\u00e1s, nuestro equipo de <a href=\"https:\/\/aurumbikes.com\/es\/embajadores-de-marca\/\">embajadores de marca<\/a> est\u00e1 formado por tres de las mujeres ciclistas m\u00e1s completas del panorama actual.<\/p><\/div><\/div>\t\t\t\t\t\t<\/div>\n\t\t\t\t<\/div>\n\t\t\t\t<\/div>\n\t\t\t\t\t<\/div>\n\t\t\t\t<\/div>\n\t\t<div class=\"elementor-element elementor-element-42a49a7 e-flex e-con-boxed e-con e-parent\" data-id=\"42a49a7\" data-element_type=\"container\" data-settings=\"{&quot;background_background&quot;:&quot;classic&quot;}\">\n\t\t\t\t\t<div class=\"e-con-inner\">\n\t\t<div class=\"elementor-element elementor-element-6c6a55a e-con-full e-flex e-con e-child\" data-id=\"6c6a55a\" data-element_type=\"container\">\n\t\t\t\t<div class=\"elementor-element elementor-element-f6fa712 elementor-widget elementor-widget-image\" data-id=\"f6fa712\" data-element_type=\"widget\" data-widget_type=\"image.default\">\n\t\t\t\t<div class=\"elementor-widget-container\">\n\t\t\t<style>\/*! elementor - v3.21.0 - 08-05-2024 *\/\n.elementor-widget-image{text-align:center}.elementor-widget-image a{display:inline-block}.elementor-widget-image a img[src$=\".svg\"]{width:48px}.elementor-widget-image img{vertical-align:middle;display:inline-block}<\/style>\t\t\t\t\t\t\t\t\t\t<img decoding=\"async\" src=\"https:\/\/aurumbikes.com\/wp-content\/uploads\/2024\/07\/Jana-Gigele_.png\" title=\"\" alt=\"\" loading=\"lazy\" \/>\t\t\t\t\t\t\t\t\t\t\t\t\t<\/div>\n\t\t\t\t<\/div>\n\t\t\t\t<\/div>\n\t\t<div class=\"elementor-element elementor-element-8921f74 e-con-full e-flex e-con e-child\" data-id=\"8921f74\" data-element_type=\"container\">\n\t\t\t\t<div class=\"elementor-element elementor-element-e2c98a0 elementor-widget elementor-widget-heading\" data-id=\"e2c98a0\" data-element_type=\"widget\" data-widget_type=\"heading.default\">\n\t\t\t\t<div class=\"elementor-widget-container\">\n\t\t\t<h3 class=\"elementor-heading-title elementor-size-default\">Jana Gigele<\/h3>\t\t<\/div>\n\t\t\t\t<\/div>\n\t\t\t\t<div class=\"elementor-element elementor-element-c49c6f5 elementor-widget elementor-widget-text-editor\" data-id=\"c49c6f5\" data-element_type=\"widget\" data-widget_type=\"text-editor.default\">\n\t\t\t\t<div class=\"elementor-widget-container\">\n\t\t\t\t\t\t\t<p>Jana (Austria, 1997) es una atleta muy completa, que disfruta de la competici\u00f3n tanto como del ciclismo.<\/p><p>Es embajadora de AURUM y que ostenta la posici\u00f3n 1118 en el ranking UCI.<\/p><p>\u00a1Una gran promesa con la que contamos en AURUM!<\/p>\t\t\t\t\t\t<\/div>\n\t\t\t\t<\/div>\n\t\t\t\t<\/div>\n\t\t\t\t\t<\/div>\n\t\t\t\t<\/div>\n\t\t<div class=\"elementor-element elementor-element-f71ca7a e-flex e-con-boxed e-con e-parent\" data-id=\"f71ca7a\" data-element_type=\"container\" data-settings=\"{&quot;background_background&quot;:&quot;classic&quot;}\">\n\t\t\t\t\t<div class=\"e-con-inner\">\n\t\t<div class=\"elementor-element elementor-element-a386b95 e-con-full e-flex e-con e-child\" data-id=\"a386b95\" data-element_type=\"container\">\n\t\t\t\t<div class=\"elementor-element elementor-element-e24e8f7 elementor-widget elementor-widget-heading\" data-id=\"e24e8f7\" data-element_type=\"widget\" data-widget_type=\"heading.default\">\n\t\t\t\t<div class=\"elementor-widget-container\">\n\t\t\t<h3 class=\"elementor-heading-title elementor-size-default\">Mariana G\u00f3mez<\/h3>\t\t<\/div>\n\t\t\t\t<\/div>\n\t\t\t\t<div class=\"elementor-element elementor-element-4d81381 elementor-widget elementor-widget-text-editor\" data-id=\"4d81381\" data-element_type=\"widget\" data-widget_type=\"text-editor.default\">\n\t\t\t\t<div class=\"elementor-widget-container\">\n\t\t\t\t\t\t\t<p>Mariana (Colombia, 1993) es una gran apasionada de los deportes. Cuando se inici\u00f3 en ciclismo, supo que le encantar\u00eda, y as\u00ed fue.<\/p><p>Es una de las grandes promesas del ciclismo Latinoamericano, y estamos muy contentos de que lleve la marca AURUM por bandera.<\/p>\t\t\t\t\t\t<\/div>\n\t\t\t\t<\/div>\n\t\t\t\t<\/div>\n\t\t<div class=\"elementor-element elementor-element-fe845d5 e-con-full e-flex e-con e-child\" data-id=\"fe845d5\" data-element_type=\"container\">\n\t\t\t\t<div class=\"elementor-element elementor-element-fc49113 elementor-widget elementor-widget-image\" data-id=\"fc49113\" data-element_type=\"widget\" data-widget_type=\"image.default\">\n\t\t\t\t<div class=\"elementor-widget-container\">\n\t\t\t\t\t\t\t\t\t\t\t\t\t<img fetchpriority=\"high\" decoding=\"async\" width=\"1024\" height=\"1022\" src=\"https:\/\/aurumbikes.com\/wp-content\/uploads\/2024\/07\/Mariana-Gomez_-1024x1022.png\" class=\"attachment-large size-large wp-image-64229\" alt=\"\" srcset=\"https:\/\/aurumbikes.com\/wp-content\/uploads\/2024\/07\/Mariana-Gomez_-1024x1022.png 1024w, https:\/\/aurumbikes.com\/wp-content\/uploads\/2024\/07\/Mariana-Gomez_-300x300.png 300w, https:\/\/aurumbikes.com\/wp-content\/uploads\/2024\/07\/Mariana-Gomez_-150x150.png 150w, https:\/\/aurumbikes.com\/wp-content\/uploads\/2024\/07\/Mariana-Gomez_-768x766.png 768w, https:\/\/aurumbikes.com\/wp-content\/uploads\/2024\/07\/Mariana-Gomez_-1536x1533.png 1536w, https:\/\/aurumbikes.com\/wp-content\/uploads\/2024\/07\/Mariana-Gomez_-2048x2044.png 2048w, https:\/\/aurumbikes.com\/wp-content\/uploads\/2024\/07\/Mariana-Gomez_-650x650.png 650w, https:\/\/aurumbikes.com\/wp-content\/uploads\/2024\/07\/Mariana-Gomez_-1080x1078.png 1080w, https:\/\/aurumbikes.com\/wp-content\/uploads\/2024\/07\/Mariana-Gomez_-100x100.png 100w\" sizes=\"(max-width: 1024px) 100vw, 1024px\" \/>\t\t\t\t\t\t\t\t\t\t\t\t\t<\/div>\n\t\t\t\t<\/div>\n\t\t\t\t<\/div>\n\t\t\t\t\t<\/div>\n\t\t\t\t<\/div>\n\t\t<div class=\"elementor-element elementor-element-18c33e1 e-flex e-con-boxed e-con e-parent\" data-id=\"18c33e1\" data-element_type=\"container\" data-settings=\"{&quot;background_background&quot;:&quot;classic&quot;}\">\n\t\t\t\t\t<div class=\"e-con-inner\">\n\t\t<div class=\"elementor-element elementor-element-e80dffe e-con-full e-flex e-con e-child\" data-id=\"e80dffe\" data-element_type=\"container\">\n\t\t\t\t<div class=\"elementor-element elementor-element-d5285fe elementor-widget elementor-widget-image\" data-id=\"d5285fe\" data-element_type=\"widget\" data-widget_type=\"image.default\">\n\t\t\t\t<div class=\"elementor-widget-container\">\n\t\t\t\t\t\t\t\t\t\t\t\t\t<img decoding=\"async\" width=\"1024\" height=\"1022\" src=\"https:\/\/aurumbikes.com\/wp-content\/uploads\/2024\/07\/Angele-Paty_-1024x1022.png\" class=\"attachment-large size-large wp-image-64225\" alt=\"\" srcset=\"https:\/\/aurumbikes.com\/wp-content\/uploads\/2024\/07\/Angele-Paty_-1024x1022.png 1024w, https:\/\/aurumbikes.com\/wp-content\/uploads\/2024\/07\/Angele-Paty_-300x300.png 300w, https:\/\/aurumbikes.com\/wp-content\/uploads\/2024\/07\/Angele-Paty_-150x150.png 150w, https:\/\/aurumbikes.com\/wp-content\/uploads\/2024\/07\/Angele-Paty_-768x766.png 768w, https:\/\/aurumbikes.com\/wp-content\/uploads\/2024\/07\/Angele-Paty_-1536x1533.png 1536w, https:\/\/aurumbikes.com\/wp-content\/uploads\/2024\/07\/Angele-Paty_-2048x2044.png 2048w, https:\/\/aurumbikes.com\/wp-content\/uploads\/2024\/07\/Angele-Paty_-650x650.png 650w, https:\/\/aurumbikes.com\/wp-content\/uploads\/2024\/07\/Angele-Paty_-1080x1078.png 1080w, https:\/\/aurumbikes.com\/wp-content\/uploads\/2024\/07\/Angele-Paty_-100x100.png 100w\" sizes=\"(max-width: 1024px) 100vw, 1024px\" \/>\t\t\t\t\t\t\t\t\t\t\t\t\t<\/div>\n\t\t\t\t<\/div>\n\t\t\t\t<\/div>\n\t\t<div class=\"elementor-element elementor-element-2ecd2bb e-con-full e-flex e-con e-child\" data-id=\"2ecd2bb\" data-element_type=\"container\">\n\t\t\t\t<div class=\"elementor-element elementor-element-77ab736 elementor-widget elementor-widget-heading\" data-id=\"77ab736\" data-element_type=\"widget\" data-widget_type=\"heading.default\">\n\t\t\t\t<div class=\"elementor-widget-container\">\n\t\t\t<h3 class=\"elementor-heading-title elementor-size-default\">Ang\u00e8le Paty<\/h3>\t\t<\/div>\n\t\t\t\t<\/div>\n\t\t\t\t<div class=\"elementor-element elementor-element-71a4d05 elementor-widget elementor-widget-text-editor\" data-id=\"71a4d05\" data-element_type=\"widget\" data-widget_type=\"text-editor.default\">\n\t\t\t\t<div class=\"elementor-widget-container\">\n\t\t\t\t\t\t\t<p>Ang\u00e8le (Francia, 2002) comparte su afici\u00f3n por las bicis con su pasi\u00f3n por viajar. Le encanta hacer rutas de monta\u00f1a y carretera, lo suyo es el gravel.<\/p><p>En AURUM estamos orgullosos de que Ang\u00e8le nos represente.<\/p>\t\t\t\t\t\t<\/div>\n\t\t\t\t<\/div>\n\t\t\t\t<\/div>\n\t\t\t\t\t<\/div>\n\t\t\t\t<\/div>\n\t\t<div class=\"elementor-element elementor-element-2dda247e e-flex e-con-boxed e-con e-parent\" data-id=\"2dda247e\" data-element_type=\"container\" data-settings=\"{&quot;background_background&quot;:&quot;classic&quot;}\">\n\t\t\t\t\t<div class=\"e-con-inner\">\n\t\t\t\t\t<\/div>\n\t\t\t\t<\/div>\n\t\t<div class=\"elementor-element elementor-element-7534d6cf e-con-full e-flex e-con e-parent\" data-id=\"7534d6cf\" data-element_type=\"container\">\n\t\t<div class=\"elementor-element elementor-element-4c61f1d7 e-con-full e-flex e-con e-child\" data-id=\"4c61f1d7\" data-element_type=\"container\">\n\t\t\t\t<div class=\"elementor-element elementor-element-cf15bfa elementor-widget elementor-widget-image\" data-id=\"cf15bfa\" data-element_type=\"widget\" data-widget_type=\"image.default\">\n\t\t\t\t<div class=\"elementor-widget-container\">\n\t\t\t\t\t\t\t\t\t\t\t\t\t<img decoding=\"async\" width=\"818\" height=\"401\" src=\"https:\/\/aurumbikes.com\/wp-content\/uploads\/2024\/01\/Mujeres_Final.jpg\" class=\"attachment-full size-full wp-image-24629\" alt=\"\" srcset=\"https:\/\/aurumbikes.com\/wp-content\/uploads\/2024\/01\/Mujeres_Final.jpg 818w, https:\/\/aurumbikes.com\/wp-content\/uploads\/2024\/01\/Mujeres_Final-300x147.jpg 300w, https:\/\/aurumbikes.com\/wp-content\/uploads\/2024\/01\/Mujeres_Final-768x376.jpg 768w\" sizes=\"(max-width: 818px) 100vw, 818px\" \/>\t\t\t\t\t\t\t\t\t\t\t\t\t<\/div>\n\t\t\t\t<\/div>\n\t\t\t\t<\/div>\n\t\t<div class=\"elementor-element elementor-element-10dd3ab6 e-con-full e-flex e-con e-child\" data-id=\"10dd3ab6\" data-element_type=\"container\" data-settings=\"{&quot;background_background&quot;:&quot;classic&quot;}\">\n\t\t\t\t<div class=\"elementor-element elementor-element-f11a4b2 elementor-widget elementor-widget-heading\" data-id=\"f11a4b2\" data-element_type=\"widget\" data-widget_type=\"heading.default\">\n\t\t\t\t<div class=\"elementor-widget-container\">\n\t\t\t<h2 class=\"elementor-heading-title elementor-size-default\">Bicicletas en el ciclismo femenino<\/h2>\t\t<\/div>\n\t\t\t\t<\/div>\n\t\t\t\t<div class=\"elementor-element elementor-element-2bb12a70 elementor-widget elementor-widget-text-editor\" data-id=\"2bb12a70\" data-element_type=\"widget\" data-widget_type=\"text-editor.default\">\n\t\t\t\t<div class=\"elementor-widget-container\">\n\t\t\t\t\t\t\t<p>Las ciclistas m\u00e1s importantes del momento actual tienen muy claras sus metas: convertirse en las mejores con las mejores bicis. Por eso, en AURUM estamos comprometidos con el ciclismo femenino. Queremos que las mujeres ciclistas puedan lograr sus objetivos sobre la bicicleta de carretera que mejor se adapte a sus necesidades.<\/p>\t\t\t\t\t\t<\/div>\n\t\t\t\t<\/div>\n\t\t\t\t<div class=\"elementor-element elementor-element-2f123b99 elementor-align-left elementor-widget elementor-widget-button\" data-id=\"2f123b99\" data-element_type=\"widget\" data-widget_type=\"button.default\">\n\t\t\t\t<div class=\"elementor-widget-container\">\n\t\t\t\t\t<div class=\"elementor-button-wrapper\">\n\t\t\t<a class=\"elementor-button elementor-button-link elementor-size-md\" href=\"https:\/\/aurumbikes.com\/es\/bicicletas-carretera-mujer\/\">\n\t\t\t\t\t\t<span class=\"elementor-button-content-wrapper\">\n\t\t\t\t\t\t<span class=\"elementor-button-icon elementor-align-icon-right\">\n\t\t\t\t<i aria-hidden=\"true\" class=\"fas fa-chevron-right\"><\/i>\t\t\t<\/span>\n\t\t\t\t\t\t\t\t\t<span class=\"elementor-button-text\">BICICLETAS PARA MUJER<\/span>\n\t\t\t\t\t<\/span>\n\t\t\t\t\t<\/a>\n\t\t<\/div>\n\t\t\t\t<\/div>\n\t\t\t\t<\/div>\n\t\t\t\t<\/div>\n\t\t\t\t<\/div>\n\t\t<div class=\"elementor-element elementor-element-16351e0 e-con-full e-flex e-con e-parent\" data-id=\"16351e0\" data-element_type=\"container\">\n\t\t\t\t<div class=\"elementor-element elementor-element-20082e1 elementor-widget elementor-widget-shortcode\" data-id=\"20082e1\" data-element_type=\"widget\" data-widget_type=\"shortcode.default\">\n\t\t\t\t<div class=\"elementor-widget-container\">\n\t\t\t\t\t<div class=\"elementor-shortcode\">\n<div data-elementor-type=\"section\" data-elementor-id=\"32332\" class=\"elementor elementor-32332 elementor-32326\" data-elementor-post-type=\"elementor_library\">\n<section class=\"elementor-section elementor-top-section elementor-element elementor-element-eb0dea3 elementor-section-full_width elementor-section-height-default elementor-section-height-default qodef-elementor-content-no\" data-id=\"eb0dea3\" data-element_type=\"section\" data-settings=\"{&quot;background_background&quot;:&quot;classic&quot;}\">\n<div class=\"elementor-container elementor-column-gap-default\">\n<div class=\"elementor-column elementor-col-100 elementor-top-column elementor-element elementor-element-a23b464\" data-id=\"a23b464\" data-element_type=\"column\">\n<div class=\"elementor-widget-wrap elementor-element-populated\">\n<section class=\"elementor-section elementor-inner-section elementor-element elementor-element-d91708e elementor-section-boxed elementor-section-height-default elementor-section-height-default qodef-elementor-content-no\" data-id=\"d91708e\" data-element_type=\"section\">\n<div class=\"elementor-container elementor-column-gap-default\">\n<div class=\"elementor-column elementor-col-50 elementor-inner-column elementor-element elementor-element-e5d79c7\" data-id=\"e5d79c7\" data-element_type=\"column\">\n<div class=\"elementor-widget-wrap elementor-element-populated\">\n<div class=\"elementor-element elementor-element-4ffd10d elementor-view-default elementor-position-top elementor-mobile-position-top elementor-widget elementor-widget-icon-box\" data-id=\"4ffd10d\" data-element_type=\"widget\" data-widget_type=\"icon-box.default\">\n<div class=\"elementor-widget-container\">\n\t\t\t<link rel=\"stylesheet\" href=\"https:\/\/aurumbikes.com\/wp-content\/plugins\/elementor\/assets\/css\/widget-icon-box.min.css\">\n<div class=\"elementor-icon-box-wrapper\">\n<div class=\"elementor-icon-box-icon\">\n\t\t\t\t<span  class=\"elementor-icon elementor-animation-\"><br \/>\n\t\t\t\t<i aria-hidden=\"true\" class=\"fas fa-box\"><\/i>\t\t\t\t<\/span>\n\t\t\t<\/div>\n<div class=\"elementor-icon-box-content\">\n<p class=\"elementor-icon-box-title\">\n\t\t\t\t\t\t<span  ><br \/>\n\t\t\t\t\t\t\tWELCOME PACK\t\t\t\t\t\t<\/span>\n\t\t\t\t\t<\/p>\n<p class=\"elementor-icon-box-description\">\n\t\t\t\t\t\tCon la compra de una bicicleta completa o de un juego de cuadro, recibir\u00e1s una botella, un portabid\u00f3n y una taza AURUM.\t\t\t\t\t<\/p>\n<\/p><\/div>\n<\/p><\/div>\n<\/p><\/div>\n<\/p><\/div>\n<\/p><\/div>\n<\/p><\/div>\n<div class=\"elementor-column elementor-col-50 elementor-inner-column elementor-element elementor-element-2d76c34\" data-id=\"2d76c34\" data-element_type=\"column\">\n<div class=\"elementor-widget-wrap elementor-element-populated\">\n<div class=\"elementor-element elementor-element-51e1960 elementor-view-default elementor-position-top elementor-mobile-position-top elementor-widget elementor-widget-icon-box\" data-id=\"51e1960\" data-element_type=\"widget\" data-widget_type=\"icon-box.default\">\n<div class=\"elementor-widget-container\">\n<div class=\"elementor-icon-box-wrapper\">\n<div class=\"elementor-icon-box-icon\">\n\t\t\t\t<span  class=\"elementor-icon elementor-animation-\"><br \/>\n\t\t\t\t<i aria-hidden=\"true\" class=\"fas fa-shipping-fast\"><\/i>\t\t\t\t<\/span>\n\t\t\t<\/div>\n<div class=\"elementor-icon-box-content\">\n<p class=\"elementor-icon-box-title\">\n\t\t\t\t\t\t<span  ><br \/>\n\t\t\t\t\t\t\tENV\u00cdO GRATIS\t\t\t\t\t\t<\/span>\n\t\t\t\t\t<\/p>\n<p class=\"elementor-icon-box-description\">\n\t\t\t\t\t\tEnv\u00edo gratuito en compras superiores a 500\u20ac en todo el mundo\t\t\t\t\t<\/p>\n<\/p><\/div>\n<\/p><\/div>\n<\/p><\/div>\n<\/p><\/div>\n<\/p><\/div>\n<\/p><\/div>\n<\/p><\/div>\n<\/section><\/div>\n<\/p><\/div>\n<\/p><\/div>\n<\/section><\/div>\n<\/div>\n\t\t\t\t<\/div>\n\t\t\t\t<\/div>\n\t\t\t\t<\/div>\n\t\t\t\t<\/div>\n\t\t","protected":false},"excerpt":{"rendered":"<p>Mujeres ciclistas Todos conocemos nombres clave del ciclismo masculino, como Lance Armstrong, Miguel Indurain o, en la historia m\u00e1s reciente del ciclismo espa\u00f1ol, Alberto Contador. Sin embargo, las mujeres en el ciclismo han sido invisibilizadas durante mucho tiempo. Por eso, en este post hemos querido hacer una recopilaci\u00f3n para recordar a las mujeres m\u00e1s importantes [&hellip;]<\/p>\n","protected":false},"author":1,"featured_media":0,"parent":0,"menu_order":0,"comment_status":"closed","ping_status":"closed","template":"","meta":{"footnotes":""},"yoast_head":"<!-- This site is optimized with the Yoast SEO plugin v22.6 - https:\/\/yoast.com\/wordpress\/plugins\/seo\/ -->\n<title>Mujeres ciclistas: Evoluci\u00f3n del ciclismo femenino | AURUM<\/title>\n<meta name=\"description\" content=\"Descubre las fascinantes historias de las pioneras del ciclismo y el impacto actual de las mujeres. \u00a1Un viaje por el ciclismo femenino!\" \/>\n<meta name=\"robots\" content=\"index, follow, max-snippet:-1, max-image-preview:large, max-video-preview:-1\" \/>\n<link rel=\"canonical\" href=\"https:\/\/aurumbikes.com\/es\/mujeres-ciclistas\/\" \/>\n<meta property=\"og:locale\" content=\"es_ES\" \/>\n<meta property=\"og:type\" content=\"article\" \/>\n<meta property=\"og:title\" content=\"Mujeres ciclistas: Evoluci\u00f3n del ciclismo femenino | AURUM\" \/>\n<meta property=\"og:description\" content=\"Descubre las fascinantes historias de las pioneras del ciclismo y el impacto actual de las mujeres. \u00a1Un viaje por el ciclismo femenino!\" \/>\n<meta property=\"og:url\" content=\"https:\/\/aurumbikes.com\/es\/mujeres-ciclistas\/\" \/>\n<meta property=\"og:site_name\" content=\"Aurum Bikes\" \/>\n<meta property=\"article:publisher\" content=\"https:\/\/www.facebook.com\/AURUMbikes\" \/>\n<meta property=\"article:modified_time\" content=\"2024-08-07T13:44:24+00:00\" \/>\n<meta property=\"og:image\" content=\"https:\/\/aurumbikes.com\/wp-content\/uploads\/2024\/07\/Jana-Gigele_-1024x1022.png\" \/>\n<meta name=\"twitter:card\" content=\"summary_large_image\" \/>\n<meta name=\"twitter:label1\" content=\"Tiempo de lectura\" \/>\n\t<meta name=\"twitter:data1\" content=\"6 minutos\" \/>\n<script type=\"application\/ld+json\" class=\"yoast-schema-graph\">{\"@context\":\"https:\/\/schema.org\",\"@graph\":[{\"@type\":\"WebPage\",\"@id\":\"https:\/\/aurumbikes.com\/es\/mujeres-ciclistas\/\",\"url\":\"https:\/\/aurumbikes.com\/es\/mujeres-ciclistas\/\",\"name\":\"Mujeres ciclistas: Evoluci\u00f3n del ciclismo femenino | AURUM\",\"isPartOf\":{\"@id\":\"https:\/\/aurumbikes.com\/es\/#website\"},\"primaryImageOfPage\":{\"@id\":\"https:\/\/aurumbikes.com\/es\/mujeres-ciclistas\/#primaryimage\"},\"image\":{\"@id\":\"https:\/\/aurumbikes.com\/es\/mujeres-ciclistas\/#primaryimage\"},\"thumbnailUrl\":\"https:\/\/aurumbikes.com\/wp-content\/uploads\/2024\/07\/Jana-Gigele_-1024x1022.png\",\"datePublished\":\"2024-01-21T10:44:13+00:00\",\"dateModified\":\"2024-08-07T13:44:24+00:00\",\"description\":\"Descubre las fascinantes historias de las pioneras del ciclismo y el impacto actual de las mujeres. \u00a1Un viaje por el ciclismo femenino!\",\"breadcrumb\":{\"@id\":\"https:\/\/aurumbikes.com\/es\/mujeres-ciclistas\/#breadcrumb\"},\"inLanguage\":\"es\",\"potentialAction\":[{\"@type\":\"ReadAction\",\"target\":[\"https:\/\/aurumbikes.com\/es\/mujeres-ciclistas\/\"]}]},{\"@type\":\"ImageObject\",\"inLanguage\":\"es\",\"@id\":\"https:\/\/aurumbikes.com\/es\/mujeres-ciclistas\/#primaryimage\",\"url\":\"https:\/\/aurumbikes.com\/wp-content\/uploads\/2024\/07\/Jana-Gigele_-1024x1022.png\",\"contentUrl\":\"https:\/\/aurumbikes.com\/wp-content\/uploads\/2024\/07\/Jana-Gigele_-1024x1022.png\"},{\"@type\":\"BreadcrumbList\",\"@id\":\"https:\/\/aurumbikes.com\/es\/mujeres-ciclistas\/#breadcrumb\",\"itemListElement\":[{\"@type\":\"ListItem\",\"position\":1,\"name\":\"Home\",\"item\":\"https:\/\/aurumbikes.com\/es\/\"},{\"@type\":\"ListItem\",\"position\":2,\"name\":\"Mujeres ciclistas\"}]},{\"@type\":\"WebSite\",\"@id\":\"https:\/\/aurumbikes.com\/es\/#website\",\"url\":\"https:\/\/aurumbikes.com\/es\/\",\"name\":\"Aurum Bikes\",\"description\":\"Born From Experience\",\"potentialAction\":[{\"@type\":\"SearchAction\",\"target\":{\"@type\":\"EntryPoint\",\"urlTemplate\":\"https:\/\/aurumbikes.com\/es\/?s={search_term_string}\"},\"query-input\":\"required name=search_term_string\"}],\"inLanguage\":\"es\"}]}<\/script>\n<!-- \/ Yoast SEO plugin. -->","yoast_head_json":{"title":"Mujeres ciclistas: Evoluci\u00f3n del ciclismo femenino | AURUM","description":"Descubre las fascinantes historias de las pioneras del ciclismo y el impacto actual de las mujeres. \u00a1Un viaje por el ciclismo femenino!","robots":{"index":"index","follow":"follow","max-snippet":"max-snippet:-1","max-image-preview":"max-image-preview:large","max-video-preview":"max-video-preview:-1"},"canonical":"https:\/\/aurumbikes.com\/es\/mujeres-ciclistas\/","og_locale":"es_ES","og_type":"article","og_title":"Mujeres ciclistas: Evoluci\u00f3n del ciclismo femenino | AURUM","og_description":"Descubre las fascinantes historias de las pioneras del ciclismo y el impacto actual de las mujeres. \u00a1Un viaje por el ciclismo femenino!","og_url":"https:\/\/aurumbikes.com\/es\/mujeres-ciclistas\/","og_site_name":"Aurum Bikes","article_publisher":"https:\/\/www.facebook.com\/AURUMbikes","article_modified_time":"2024-08-07T13:44:24+00:00","og_image":[{"url":"https:\/\/aurumbikes.com\/wp-content\/uploads\/2024\/07\/Jana-Gigele_-1024x1022.png"}],"twitter_card":"summary_large_image","twitter_misc":{"Tiempo de lectura":"6 minutos"},"schema":{"@context":"https:\/\/schema.org","@graph":[{"@type":"WebPage","@id":"https:\/\/aurumbikes.com\/es\/mujeres-ciclistas\/","url":"https:\/\/aurumbikes.com\/es\/mujeres-ciclistas\/","name":"Mujeres ciclistas: Evoluci\u00f3n del ciclismo femenino | AURUM","isPartOf":{"@id":"https:\/\/aurumbikes.com\/es\/#website"},"primaryImageOfPage":{"@id":"https:\/\/aurumbikes.com\/es\/mujeres-ciclistas\/#primaryimage"},"image":{"@id":"https:\/\/aurumbikes.com\/es\/mujeres-ciclistas\/#primaryimage"},"thumbnailUrl":"https:\/\/aurumbikes.com\/wp-content\/uploads\/2024\/07\/Jana-Gigele_-1024x1022.png","datePublished":"2024-01-21T10:44:13+00:00","dateModified":"2024-08-07T13:44:24+00:00","description":"Descubre las fascinantes historias de las pioneras del ciclismo y el impacto actual de las mujeres. \u00a1Un viaje por el ciclismo femenino!","breadcrumb":{"@id":"https:\/\/aurumbikes.com\/es\/mujeres-ciclistas\/#breadcrumb"},"inLanguage":"es","potentialAction":[{"@type":"ReadAction","target":["https:\/\/aurumbikes.com\/es\/mujeres-ciclistas\/"]}]},{"@type":"ImageObject","inLanguage":"es","@id":"https:\/\/aurumbikes.com\/es\/mujeres-ciclistas\/#primaryimage","url":"https:\/\/aurumbikes.com\/wp-content\/uploads\/2024\/07\/Jana-Gigele_-1024x1022.png","contentUrl":"https:\/\/aurumbikes.com\/wp-content\/uploads\/2024\/07\/Jana-Gigele_-1024x1022.png"},{"@type":"BreadcrumbList","@id":"https:\/\/aurumbikes.com\/es\/mujeres-ciclistas\/#breadcrumb","itemListElement":[{"@type":"ListItem","position":1,"name":"Home","item":"https:\/\/aurumbikes.com\/es\/"},{"@type":"ListItem","position":2,"name":"Mujeres ciclistas"}]},{"@type":"WebSite","@id":"https:\/\/aurumbikes.com\/es\/#website","url":"https:\/\/aurumbikes.com\/es\/","name":"Aurum Bikes","description":"Born From Experience","potentialAction":[{"@type":"SearchAction","target":{"@type":"EntryPoint","urlTemplate":"https:\/\/aurumbikes.com\/es\/?s={search_term_string}"},"query-input":"required name=search_term_string"}],"inLanguage":"es"}]}},"_links":{"self":[{"href":"https:\/\/aurumbikes.com\/es\/wp-json\/wp\/v2\/pages\/24619"}],"collection":[{"href":"https:\/\/aurumbikes.com\/es\/wp-json\/wp\/v2\/pages"}],"about":[{"href":"https:\/\/aurumbikes.com\/es\/wp-json\/wp\/v2\/types\/page"}],"author":[{"embeddable":true,"href":"https:\/\/aurumbikes.com\/es\/wp-json\/wp\/v2\/users\/1"}],"replies":[{"embeddable":true,"href":"https:\/\/aurumbikes.com\/es\/wp-json\/wp\/v2\/comments?post=24619"}],"version-history":[{"count":52,"href":"https:\/\/aurumbikes.com\/es\/wp-json\/wp\/v2\/pages\/24619\/revisions"}],"predecessor-version":[{"id":69848,"href":"https:\/\/aurumbikes.com\/es\/wp-json\/wp\/v2\/pages\/24619\/revisions\/69848"}],"wp:attachment":[{"href":"https:\/\/aurumbikes.com\/es\/wp-json\/wp\/v2\/media?parent=24619"}],"curies":[{"name":"wp","href":"https:\/\/api.w.org\/{rel}","templated":true}]}}