{"id":70587,"date":"2024-08-27T09:30:00","date_gmt":"2024-08-27T09:30:00","guid":{"rendered":"https:\/\/aurumbikes.com\/?page_id=70587"},"modified":"2024-08-26T13:34:20","modified_gmt":"2024-08-26T13:34:20","slug":"badlands","status":"publish","type":"page","link":"https:\/\/aurumbikes.com\/es\/badlands\/","title":{"rendered":"Badlands"},"content":{"rendered":"\t\t<div data-elementor-type=\"wp-page\" data-elementor-id=\"70587\" class=\"elementor elementor-70587\" data-elementor-post-type=\"page\">\n\t\t\t\t\t\t<section class=\"elementor-section elementor-top-section elementor-element elementor-element-92958a9 elementor-section-full_width elementor-section-height-min-height elementor-section-items-bottom elementor-section-height-default qodef-elementor-content-no\" data-id=\"92958a9\" data-element_type=\"section\" data-settings=\"{&quot;background_background&quot;:&quot;classic&quot;}\">\n\t\t\t\t\t\t\t<div class=\"elementor-background-overlay\"><\/div>\n\t\t\t\t\t\t\t<div class=\"elementor-container elementor-column-gap-default\">\n\t\t\t\t\t<div class=\"elementor-column elementor-col-100 elementor-top-column elementor-element elementor-element-44c707b2\" data-id=\"44c707b2\" data-element_type=\"column\">\n\t\t\t<div class=\"elementor-widget-wrap elementor-element-populated\">\n\t\t\t\t\t\t<div class=\"elementor-element elementor-element-19a19b95 elementor-widget elementor-widget-html\" data-id=\"19a19b95\" data-element_type=\"widget\" data-widget_type=\"html.default\">\n\t\t\t\t<div class=\"elementor-widget-container\">\n\t\t\t<style>#qodef-page-wrapper{overflow:unset;} .qodef-page-title{box-shadow: inset 0 0 0 1000px rgb(0 0 0 \/ 78%);} #qodef-back-to-top{bottom: 100px;z-index:-1;} @media only screen and (max-width: 600px) { .mkl_pc .mkl_pc_container footer {height: 20%;}} #qodef-page-inner{padding:0 !important;} .mkl_pc .mkl_pc_container .form.form-cart{align-items:center;} .pc_configurator_form{display:flex;} div#qodef-page-inner{width:100%;} @media only screen and (min-width: 768px) {.mkl_pc .mkl_pc_container .mkl_pc_toolbar{width: 30%;} .mkl_pc .mkl_pc_container .mkl_pc_viewer{width:70%;} body.configurator_is_inline .mkl_pc .mkl_pc_container .mkl_pc_viewer{min-height:100vh;}} body, .text.layer-name, .selected-choice, button.choice-item {font-family: Montserrat, sans-serif;} .text.layer-name, .selected-choice, button.choice-item{text-transform: uppercase !important;} .mkl_pc .mkl_pc_container .mkl_pc_toolbar section.choices > ul > li.layers-list-item button .layer-name, .mkl_pc .mkl_pc_container .mkl_pc_toolbar section.choices > ul > li.layers-list-item .layer-item .layer-name{font-weight:normal;}<\/style>\t\t<\/div>\n\t\t\t\t<\/div>\n\t\t\t\t\t<\/div>\n\t\t<\/div>\n\t\t\t\t\t<\/div>\n\t\t<\/section>\n\t\t<div class=\"elementor-element elementor-element-024301b e-flex e-con-boxed e-con e-parent\" data-id=\"024301b\" data-element_type=\"container\">\n\t\t\t\t\t<div class=\"e-con-inner\">\n\t\t\t\t<div class=\"elementor-element elementor-element-b89e25c elementor-widget elementor-widget-heading\" data-id=\"b89e25c\" data-element_type=\"widget\" data-widget_type=\"heading.default\">\n\t\t\t\t<div class=\"elementor-widget-container\">\n\t\t\t<style>\/*! elementor - v3.21.0 - 08-05-2024 *\/\n.elementor-heading-title{padding:0;margin:0;line-height:1}.elementor-widget-heading .elementor-heading-title[class*=elementor-size-]>a{color:inherit;font-size:inherit;line-height:inherit}.elementor-widget-heading .elementor-heading-title.elementor-size-small{font-size:15px}.elementor-widget-heading .elementor-heading-title.elementor-size-medium{font-size:19px}.elementor-widget-heading .elementor-heading-title.elementor-size-large{font-size:29px}.elementor-widget-heading .elementor-heading-title.elementor-size-xl{font-size:39px}.elementor-widget-heading .elementor-heading-title.elementor-size-xxl{font-size:59px}<\/style><h1 class=\"elementor-heading-title elementor-size-default\">Badlands: uno de los eventos de gravel m\u00e1s importantes de Europa<\/h1>\t\t<\/div>\n\t\t\t\t<\/div>\n\t\t\t\t<div class=\"elementor-element elementor-element-b8e2182 elementor-widget elementor-widget-text-editor\" data-id=\"b8e2182\" data-element_type=\"widget\" data-widget_type=\"text-editor.default\">\n\t\t\t\t<div class=\"elementor-widget-container\">\n\t\t\t<style>\/*! elementor - v3.21.0 - 08-05-2024 *\/\n.elementor-widget-text-editor.elementor-drop-cap-view-stacked .elementor-drop-cap{background-color:#69727d;color:#fff}.elementor-widget-text-editor.elementor-drop-cap-view-framed .elementor-drop-cap{color:#69727d;border:3px solid;background-color:transparent}.elementor-widget-text-editor:not(.elementor-drop-cap-view-default) .elementor-drop-cap{margin-top:8px}.elementor-widget-text-editor:not(.elementor-drop-cap-view-default) .elementor-drop-cap-letter{width:1em;height:1em}.elementor-widget-text-editor .elementor-drop-cap{float:left;text-align:center;line-height:1;font-size:50px}.elementor-widget-text-editor .elementor-drop-cap-letter{display:inline-block}<\/style>\t\t\t\t<p><span style=\"font-weight: 400;\">El pr\u00f3ximo 1 de septiembre a las 8 de la ma\u00f1ana dar\u00e1 comienzo, entre las provincias de Granada y Almer\u00eda, uno de los mejores eventos de gravel del mundo. Hablamos de <\/span><a href=\"https:\/\/badlands.cc\/es\/\"><b>Badlands 2024<\/b><\/a><span style=\"font-weight: 400;\">, un evento que transcurre en los \u00fanicos desiertos de Europa. \u00a1Sigue leyendo para descubrir mucho m\u00e1s sobre Badlands!<\/span><\/p>\t\t\t\t\t\t<\/div>\n\t\t\t\t<\/div>\n\t\t\t\t\t<\/div>\n\t\t\t\t<\/div>\n\t\t<div class=\"elementor-element elementor-element-6dced9f9 e-flex e-con-boxed e-con e-parent\" data-id=\"6dced9f9\" data-element_type=\"container\">\n\t\t\t\t\t<div class=\"e-con-inner\">\n\t\t\t\t<div class=\"elementor-element elementor-element-a3ee3c1 elementor-widget__width-initial elementor-arrows-position-inside elementor-pagination-position-outside elementor-widget elementor-widget-image-carousel\" data-id=\"a3ee3c1\" data-element_type=\"widget\" data-settings=\"{&quot;slides_to_show&quot;:&quot;1&quot;,&quot;lazyload&quot;:&quot;yes&quot;,&quot;autoplay&quot;:&quot;no&quot;,&quot;navigation&quot;:&quot;both&quot;,&quot;infinite&quot;:&quot;yes&quot;,&quot;effect&quot;:&quot;slide&quot;,&quot;speed&quot;:500}\" data-widget_type=\"image-carousel.default\">\n\t\t\t\t<div class=\"elementor-widget-container\">\n\t\t\t<style>\/*! elementor - v3.21.0 - 08-05-2024 *\/\n.elementor-widget-image-carousel .swiper,.elementor-widget-image-carousel .swiper-container{position:static}.elementor-widget-image-carousel .swiper-container .swiper-slide figure,.elementor-widget-image-carousel .swiper .swiper-slide figure{line-height:inherit}.elementor-widget-image-carousel .swiper-slide{text-align:center}.elementor-image-carousel-wrapper:not(.swiper-container-initialized):not(.swiper-initialized) .swiper-slide{max-width:calc(100% \/ var(--e-image-carousel-slides-to-show, 3))}<\/style>\t\t<div class=\"elementor-image-carousel-wrapper swiper\" dir=\"ltr\">\n\t\t\t<div class=\"elementor-image-carousel swiper-wrapper\" aria-live=\"polite\">\n\t\t\t\t\t\t\t\t<div class=\"swiper-slide\" role=\"group\" aria-roledescription=\"slide\" aria-label=\"1 de 3\"><figure class=\"swiper-slide-inner\"><img class=\"swiper-slide-image swiper-lazy\" data-src=\"https:\/\/aurumbikes.com\/wp-content\/uploads\/mkl-pc-config-images\/product_18462-conf-16122-16130-16132-16078-16116-16110-20168-16072-16136.png\" alt=\"product_18462-conf-16122-16130-16132-16078-16116-16110-20168-16072-16136\" \/><div class=\"swiper-lazy-preloader\"><\/div><\/figure><\/div><div class=\"swiper-slide\" role=\"group\" aria-roledescription=\"slide\" aria-label=\"2 de 3\"><figure class=\"swiper-slide-inner\"><img class=\"swiper-slide-image swiper-lazy\" data-src=\"https:\/\/aurumbikes.com\/wp-content\/uploads\/2023\/12\/img-manto-mediterraneo-back-view.png\" alt=\"img-manto-mediterraneo-back-view\" \/><div class=\"swiper-lazy-preloader\"><\/div><\/figure><\/div><div class=\"swiper-slide\" role=\"group\" aria-roledescription=\"slide\" aria-label=\"3 de 3\"><figure class=\"swiper-slide-inner\"><img class=\"swiper-slide-image swiper-lazy\" data-src=\"https:\/\/aurumbikes.com\/wp-content\/uploads\/2023\/12\/MANTO-Mediterraneo-SRAM-Red-1x.jpg\" alt=\"MANTO Mediterraneo SRAM Red 1x\" \/><div class=\"swiper-lazy-preloader\"><\/div><\/figure><\/div>\t\t\t<\/div>\n\t\t\t\t\t\t\t\t\t\t\t\t<div class=\"elementor-swiper-button elementor-swiper-button-prev\" role=\"button\" tabindex=\"0\">\n\t\t\t\t\t\t<i aria-hidden=\"true\" class=\"eicon-chevron-left\"><\/i>\t\t\t\t\t<\/div>\n\t\t\t\t\t<div class=\"elementor-swiper-button elementor-swiper-button-next\" role=\"button\" tabindex=\"0\">\n\t\t\t\t\t\t<i aria-hidden=\"true\" class=\"eicon-chevron-right\"><\/i>\t\t\t\t\t<\/div>\n\t\t\t\t\n\t\t\t\t\t\t\t\t\t<div class=\"swiper-pagination\"><\/div>\n\t\t\t\t\t\t\t\t\t<\/div>\n\t\t\t\t<\/div>\n\t\t\t\t<\/div>\n\t\t\t\t\t<\/div>\n\t\t\t\t<\/div>\n\t\t<div class=\"elementor-element elementor-element-4de640ea e-flex e-con-boxed e-con e-parent\" data-id=\"4de640ea\" data-element_type=\"container\" data-settings=\"{&quot;background_background&quot;:&quot;classic&quot;}\">\n\t\t\t\t\t<div class=\"e-con-inner\">\n\t\t\t\t<div class=\"elementor-element elementor-element-5e9ca57b elementor-widget elementor-widget-heading\" data-id=\"5e9ca57b\" data-element_type=\"widget\" data-widget_type=\"heading.default\">\n\t\t\t\t<div class=\"elementor-widget-container\">\n\t\t\t<h2 class=\"elementor-heading-title elementor-size-default\">Las mejores bicis para tus ascensos en carretera<\/h2>\t\t<\/div>\n\t\t\t\t<\/div>\n\t\t\t\t<div class=\"elementor-element elementor-element-217cb718 elementor-align-center elementor-widget elementor-widget-button\" data-id=\"217cb718\" data-element_type=\"widget\" data-widget_type=\"button.default\">\n\t\t\t\t<div class=\"elementor-widget-container\">\n\t\t\t\t\t<div class=\"elementor-button-wrapper\">\n\t\t\t<a class=\"elementor-button elementor-button-link elementor-size-md\" href=\"http:\/\/es\/magma\/\">\n\t\t\t\t\t\t<span class=\"elementor-button-content-wrapper\">\n\t\t\t\t\t\t<span class=\"elementor-button-icon elementor-align-icon-right\">\n\t\t\t\t<i aria-hidden=\"true\" class=\"fas fa-chevron-right\"><\/i>\t\t\t<\/span>\n\t\t\t\t\t\t\t\t\t<span class=\"elementor-button-text\">MAGMA<\/span>\n\t\t\t\t\t<\/span>\n\t\t\t\t\t<\/a>\n\t\t<\/div>\n\t\t\t\t<\/div>\n\t\t\t\t<\/div>\n\t\t\t\t\t<\/div>\n\t\t\t\t<\/div>\n\t\t<div class=\"elementor-element elementor-element-61d9b08 e-flex e-con-boxed e-con e-parent\" data-id=\"61d9b08\" data-element_type=\"container\" data-settings=\"{&quot;background_background&quot;:&quot;classic&quot;}\">\n\t\t\t\t\t<div class=\"e-con-inner\">\n\t\t<div class=\"elementor-element elementor-element-1ed60e9 e-con-full e-flex e-con e-child\" data-id=\"1ed60e9\" data-element_type=\"container\">\n\t\t\t\t<div class=\"elementor-element elementor-element-5e02ca4 elementor-widget elementor-widget-heading\" data-id=\"5e02ca4\" data-element_type=\"widget\" data-widget_type=\"heading.default\">\n\t\t\t\t<div class=\"elementor-widget-container\">\n\t\t\t<h2 class=\"elementor-heading-title elementor-size-default\">\u00bfQu\u00e9 es Badlands?\n<\/h2>\t\t<\/div>\n\t\t\t\t<\/div>\n\t\t\t\t<\/div>\n\t\t<div class=\"elementor-element elementor-element-9a7a0bb e-con-full e-flex e-con e-child\" data-id=\"9a7a0bb\" data-element_type=\"container\">\n\t\t\t\t<div class=\"elementor-element elementor-element-5e5c3d3 elementor-widget elementor-widget-text-editor\" data-id=\"5e5c3d3\" data-element_type=\"widget\" data-widget_type=\"text-editor.default\">\n\t\t\t\t<div class=\"elementor-widget-container\">\n\t\t\t\t\t\t\t<article id=\"carbon-fiber-road-bicycles\" class=\"alignfull c-title-text c-title-text-- \">\n<div class=\"c-title-text__wrapper\">\n<div class=\"c-title-text__content\">\n<div class=\"c-title-text__text \">\n<div class=\"c-title-text__content\">\n<div class=\"c-title-text__text \">\n<div class=\"c-title-text__content\">\n<div class=\"c-title-text__text \">\n<p><span style=\"font-weight: 400;\">Badlands es un evento con un largo recorrido en Espa\u00f1a. Cada a\u00f1o desde 2020 se celebra en Andaluc\u00eda este evento de gravel, que destaca por la distancia que los competidores deben recorrer: este a\u00f1o es de 792 km, con un desnivel positivo acumulado de m\u00e1s de 15350 m.\u00a0<\/span><\/p>\n<p><span style=\"font-weight: 400;\">La principal caracter\u00edstica de Badlands es la flexibilidad a la hora de completar el recorrido, puesto que cada corredor puede gestionar su tiempo como prefiera, con la \u00fanica condici\u00f3n de respetar el tiempo m\u00e1ximo, que es de 5 d\u00edas. Por tanto, tal como indican en la web de Badlands, el momento l\u00edmite para llegar al punto final del recorrido es el d\u00eda 6 de septiembre a las 16:00.<\/span><\/p>\n<\/div>\n<\/div>\n<\/div>\n<\/div>\n<\/div>\n<\/div>\n<\/div>\n<\/article>\t\t\t\t\t\t<\/div>\n\t\t\t\t<\/div>\n\t\t\t\t<\/div>\n\t\t\t\t\t<\/div>\n\t\t\t\t<\/div>\n\t\t<div class=\"elementor-element elementor-element-12985189 e-flex e-con-boxed e-con e-parent\" data-id=\"12985189\" data-element_type=\"container\" data-settings=\"{&quot;background_background&quot;:&quot;classic&quot;}\">\n\t\t\t\t\t<div class=\"e-con-inner\">\n\t\t\t\t\t<\/div>\n\t\t\t\t<\/div>\n\t\t<div class=\"elementor-element elementor-element-90ba2dc e-flex e-con-boxed e-con e-parent\" data-id=\"90ba2dc\" data-element_type=\"container\" data-settings=\"{&quot;background_background&quot;:&quot;classic&quot;}\">\n\t\t\t\t\t<div class=\"e-con-inner\">\n\t\t<div class=\"elementor-element elementor-element-1ee6a36 e-con-full e-flex e-con e-child\" data-id=\"1ee6a36\" data-element_type=\"container\">\n\t\t\t\t<div class=\"elementor-element elementor-element-93c1423 elementor-widget elementor-widget-heading\" data-id=\"93c1423\" data-element_type=\"widget\" data-widget_type=\"heading.default\">\n\t\t\t\t<div class=\"elementor-widget-container\">\n\t\t\t<h2 class=\"elementor-heading-title elementor-size-default\">El recorrido de Badlands\n<\/h2>\t\t<\/div>\n\t\t\t\t<\/div>\n\t\t\t\t<\/div>\n\t\t<div class=\"elementor-element elementor-element-85e109d e-con-full e-flex e-con e-child\" data-id=\"85e109d\" data-element_type=\"container\">\n\t\t\t\t<div class=\"elementor-element elementor-element-d20731e elementor-widget elementor-widget-text-editor\" data-id=\"d20731e\" data-element_type=\"widget\" data-widget_type=\"text-editor.default\">\n\t\t\t\t<div class=\"elementor-widget-container\">\n\t\t\t\t\t\t\t<article id=\"carbon-fiber-road-bicycles\" class=\"alignfull c-title-text c-title-text-- \">\n<div class=\"c-title-text__wrapper\">\n<div class=\"c-title-text__content\">\n<div class=\"c-title-text__text \">\n<div class=\"c-title-text__content\">\n<div class=\"c-title-text__text \">\n<div class=\"c-title-text__content\">\n<div class=\"c-title-text__text \">\n<p><span style=\"font-weight: 400;\">Badlands es una ruta casi circular por las zonas des\u00e9rticas de Granada y Almer\u00eda, que son perfectas para un evento de gravel. La ruta comienza en la ciudad de Granada y termina en Capileira, que se sit\u00faa en uno de los m\u00e1rgenes de Sierra Nevada, y recorre varios puntos de ambas provincias, caracterizados por sus pendientes y tierras \u00e1ridas.<\/span><\/p>\n<p><span style=\"font-weight: 400;\">De ellos, este a\u00f1o destacan varios puntos clave del recorrido, que te mostramos a continuaci\u00f3n:<\/span><\/p>\n<\/div>\n<\/div>\n<\/div>\n<\/div>\n<\/div>\n<\/div>\n<\/div>\n<\/article>\t\t\t\t\t\t<\/div>\n\t\t\t\t<\/div>\n\t\t\t\t<\/div>\n\t\t\t\t\t<\/div>\n\t\t\t\t<\/div>\n\t\t<div class=\"elementor-element elementor-element-7a782fd e-flex e-con-boxed e-con e-parent\" data-id=\"7a782fd\" data-element_type=\"container\" data-settings=\"{&quot;background_background&quot;:&quot;classic&quot;}\">\n\t\t\t\t\t<div class=\"e-con-inner\">\n\t\t<div class=\"elementor-element elementor-element-cefacc2 e-con-full e-flex e-con e-child\" data-id=\"cefacc2\" data-element_type=\"container\">\n\t\t\t\t<\/div>\n\t\t<div class=\"elementor-element elementor-element-f6d7fc8 e-con-full e-flex e-con e-child\" data-id=\"f6d7fc8\" data-element_type=\"container\">\n\t\t\t\t<div class=\"elementor-element elementor-element-feed69d elementor-widget elementor-widget-heading\" data-id=\"feed69d\" data-element_type=\"widget\" data-widget_type=\"heading.default\">\n\t\t\t\t<div class=\"elementor-widget-container\">\n\t\t\t<h3 class=\"elementor-heading-title elementor-size-default\">Granada<\/h3>\t\t<\/div>\n\t\t\t\t<\/div>\n\t\t\t\t<div class=\"elementor-element elementor-element-5fa245f elementor-widget elementor-widget-text-editor\" data-id=\"5fa245f\" data-element_type=\"widget\" data-widget_type=\"text-editor.default\">\n\t\t\t\t<div class=\"elementor-widget-container\">\n\t\t\t\t\t\t\t<p><span style=\"font-weight: 400;\">Punto de partida de Badlands 2024, Granada es conocida por la impresionante Alhambra y por las espectaculares vistas de Sierra Nevada desde los puntos m\u00e1s privilegiados de la ciudad. Podremos pedalear por los alrededores de Granada, como la llanura de la Vega al oeste, y viviremos una experiencia realmente \u00fanica. \u00a1Granada es la puerta de Badlands, nos vemos el 1 de septiembre!<\/span><\/p>\t\t\t\t\t\t<\/div>\n\t\t\t\t<\/div>\n\t\t\t\t<\/div>\n\t\t\t\t\t<\/div>\n\t\t\t\t<\/div>\n\t\t<div class=\"elementor-element elementor-element-1cd53fc e-flex e-con-boxed e-con e-parent\" data-id=\"1cd53fc\" data-element_type=\"container\" data-settings=\"{&quot;background_background&quot;:&quot;classic&quot;}\">\n\t\t\t\t\t<div class=\"e-con-inner\">\n\t\t<div class=\"elementor-element elementor-element-9442ed5 e-con-full e-flex e-con e-child\" data-id=\"9442ed5\" data-element_type=\"container\">\n\t\t\t\t<\/div>\n\t\t<div class=\"elementor-element elementor-element-4a98cd8 e-con-full e-flex e-con e-child\" data-id=\"4a98cd8\" data-element_type=\"container\">\n\t\t\t\t<div class=\"elementor-element elementor-element-a813cce elementor-widget elementor-widget-heading\" data-id=\"a813cce\" data-element_type=\"widget\" data-widget_type=\"heading.default\">\n\t\t\t\t<div class=\"elementor-widget-container\">\n\t\t\t<h3 class=\"elementor-heading-title elementor-size-default\">Sierra de Hu\u00e9tor<\/h3>\t\t<\/div>\n\t\t\t\t<\/div>\n\t\t\t\t<div class=\"elementor-element elementor-element-f4f6902 elementor-widget elementor-widget-text-editor\" data-id=\"f4f6902\" data-element_type=\"widget\" data-widget_type=\"text-editor.default\">\n\t\t\t\t<div class=\"elementor-widget-container\">\n\t\t\t\t\t\t\t<p><span style=\"font-weight: 400;\">Badlands 2024 rodea la sierra de Hu\u00e9tor en un recorrido de 83 kil\u00f3metros, aproximadamente. Los corredores tendr\u00e1n que enfrentarse a este recorrido sin asistencia, lo que convierte a Badlands en el evento de gravel m\u00e1s exigente de Europa. La Sierra de Hu\u00e9tor es una cadena monta\u00f1osa que nace en la provincia de Granada y se extiende por el norte de la provincia. Esta cadena monta\u00f1osa es perfecta para albergar un evento de este tipo.<\/span><\/p>\t\t\t\t\t\t<\/div>\n\t\t\t\t<\/div>\n\t\t\t\t<\/div>\n\t\t\t\t\t<\/div>\n\t\t\t\t<\/div>\n\t\t<div class=\"elementor-element elementor-element-cae348b e-flex e-con-boxed e-con e-parent\" data-id=\"cae348b\" data-element_type=\"container\" data-settings=\"{&quot;background_background&quot;:&quot;classic&quot;}\">\n\t\t\t\t\t<div class=\"e-con-inner\">\n\t\t<div class=\"elementor-element elementor-element-8c7af59 e-con-full e-flex e-con e-child\" data-id=\"8c7af59\" data-element_type=\"container\">\n\t\t\t\t<\/div>\n\t\t<div class=\"elementor-element elementor-element-4757940 e-con-full e-flex e-con e-child\" data-id=\"4757940\" data-element_type=\"container\">\n\t\t\t\t<div class=\"elementor-element elementor-element-ad636ec elementor-widget elementor-widget-heading\" data-id=\"ad636ec\" data-element_type=\"widget\" data-widget_type=\"heading.default\">\n\t\t\t\t<div class=\"elementor-widget-container\">\n\t\t\t<h3 class=\"elementor-heading-title elementor-size-default\">Hoya de Guadix<\/h3>\t\t<\/div>\n\t\t\t\t<\/div>\n\t\t\t\t<div class=\"elementor-element elementor-element-776d7d3 elementor-widget elementor-widget-text-editor\" data-id=\"776d7d3\" data-element_type=\"widget\" data-widget_type=\"text-editor.default\">\n\t\t\t\t<div class=\"elementor-widget-container\">\n\t\t\t\t\t\t\t<p><span style=\"font-weight: 400;\">Uno de los primeros destinos de Badlands 2024 es la Hoya de Guadix. Perteneciente al norte de la provincia de Granada y haciendo las veces de puerta del Desierto de Gorafe, la Hoya de Guadix cuenta con las caracter\u00edsticas perfectas para el ciclismo gravel. \u00a1Descubriremos paisajes incre\u00edbles en la Hoya de Guadix en esta edici\u00f3n de Badlands!<\/span><\/p>\t\t\t\t\t\t<\/div>\n\t\t\t\t<\/div>\n\t\t\t\t<\/div>\n\t\t\t\t\t<\/div>\n\t\t\t\t<\/div>\n\t\t<div class=\"elementor-element elementor-element-0c25614 e-flex e-con-boxed e-con e-parent\" data-id=\"0c25614\" data-element_type=\"container\" data-settings=\"{&quot;background_background&quot;:&quot;classic&quot;}\">\n\t\t\t\t\t<div class=\"e-con-inner\">\n\t\t<div class=\"elementor-element elementor-element-0de7fa9 e-con-full e-flex e-con e-child\" data-id=\"0de7fa9\" data-element_type=\"container\">\n\t\t\t\t<\/div>\n\t\t<div class=\"elementor-element elementor-element-e9668dd e-con-full e-flex e-con e-child\" data-id=\"e9668dd\" data-element_type=\"container\">\n\t\t\t\t<div class=\"elementor-element elementor-element-a492f68 elementor-widget elementor-widget-heading\" data-id=\"a492f68\" data-element_type=\"widget\" data-widget_type=\"heading.default\">\n\t\t\t\t<div class=\"elementor-widget-container\">\n\t\t\t<h3 class=\"elementor-heading-title elementor-size-default\">Desierto de Gorafe<\/h3>\t\t<\/div>\n\t\t\t\t<\/div>\n\t\t\t\t<div class=\"elementor-element elementor-element-0087069 elementor-widget elementor-widget-text-editor\" data-id=\"0087069\" data-element_type=\"widget\" data-widget_type=\"text-editor.default\">\n\t\t\t\t<div class=\"elementor-widget-container\">\n\t\t\t\t\t\t\t<p><span style=\"font-weight: 400;\">El norte de la provincia de Granada alberga nada m\u00e1s y menos que uno de los \u00fanicos desiertos de Europa: el Desierto de Gorafe. All\u00ed podremos ver una llanura des\u00e9rtica, llena de p\u00e1ramos y paisajes naturales impresionantes. Con un recorrido de unos 75 kil\u00f3metros y m\u00e1s de 1000 metros de subida, en el Desierto de Gorafe haremos una ruta circular, pasando por Los Coloraos y llegando a las Cuevas del Cejo.<\/span><\/p>\t\t\t\t\t\t<\/div>\n\t\t\t\t<\/div>\n\t\t\t\t<\/div>\n\t\t\t\t\t<\/div>\n\t\t\t\t<\/div>\n\t\t<div class=\"elementor-element elementor-element-edc4d4a e-flex e-con-boxed e-con e-parent\" data-id=\"edc4d4a\" data-element_type=\"container\" data-settings=\"{&quot;background_background&quot;:&quot;classic&quot;}\">\n\t\t\t\t\t<div class=\"e-con-inner\">\n\t\t<div class=\"elementor-element elementor-element-dfd35dc e-con-full e-flex e-con e-child\" data-id=\"dfd35dc\" data-element_type=\"container\">\n\t\t\t\t<\/div>\n\t\t<div class=\"elementor-element elementor-element-56a388c e-con-full e-flex e-con e-child\" data-id=\"56a388c\" data-element_type=\"container\">\n\t\t\t\t<div class=\"elementor-element elementor-element-b355587 elementor-widget elementor-widget-heading\" data-id=\"b355587\" data-element_type=\"widget\" data-widget_type=\"heading.default\">\n\t\t\t\t<div class=\"elementor-widget-container\">\n\t\t\t<h3 class=\"elementor-heading-title elementor-size-default\">Sierra de los Filabres<\/h3>\t\t<\/div>\n\t\t\t\t<\/div>\n\t\t\t\t<div class=\"elementor-element elementor-element-a60b428 elementor-widget elementor-widget-text-editor\" data-id=\"a60b428\" data-element_type=\"widget\" data-widget_type=\"text-editor.default\">\n\t\t\t\t<div class=\"elementor-widget-container\">\n\t\t\t\t\t\t\t<p><span style=\"font-weight: 400;\">Ya en la provincia de Almer\u00eda, en Badlands nos adentramos en la Sierra de los Filabres, un sistema monta\u00f1oso en el que recorreremos m\u00e1s de 100 kil\u00f3metros hasta llegar a los 2168 metros de altitud. La zona sur de esta emblem\u00e1tica sierra almeriense no es m\u00e1s que el norte del conocido Desierto de Tabernas. \u00a1Disfrutaremos de unas vistas impresionantes desde la sierra!<\/span><\/p>\t\t\t\t\t\t<\/div>\n\t\t\t\t<\/div>\n\t\t\t\t<\/div>\n\t\t\t\t\t<\/div>\n\t\t\t\t<\/div>\n\t\t<div class=\"elementor-element elementor-element-37f8d00 e-flex e-con-boxed e-con e-parent\" data-id=\"37f8d00\" data-element_type=\"container\" data-settings=\"{&quot;background_background&quot;:&quot;classic&quot;}\">\n\t\t\t\t\t<div class=\"e-con-inner\">\n\t\t<div class=\"elementor-element elementor-element-cfea812 e-con-full e-flex e-con e-child\" data-id=\"cfea812\" data-element_type=\"container\">\n\t\t\t\t<\/div>\n\t\t<div class=\"elementor-element elementor-element-4ace896 e-con-full e-flex e-con e-child\" data-id=\"4ace896\" data-element_type=\"container\">\n\t\t\t\t<div class=\"elementor-element elementor-element-01b7f30 elementor-widget elementor-widget-heading\" data-id=\"01b7f30\" data-element_type=\"widget\" data-widget_type=\"heading.default\">\n\t\t\t\t<div class=\"elementor-widget-container\">\n\t\t\t<h3 class=\"elementor-heading-title elementor-size-default\">Desierto de Tabernas<\/h3>\t\t<\/div>\n\t\t\t\t<\/div>\n\t\t\t\t<div class=\"elementor-element elementor-element-45de881 elementor-widget elementor-widget-text-editor\" data-id=\"45de881\" data-element_type=\"widget\" data-widget_type=\"text-editor.default\">\n\t\t\t\t<div class=\"elementor-widget-container\">\n\t\t\t\t\t\t\t<p><span style=\"font-weight: 400;\">Junto con el de Gorafe, el Desierto de Tabernas es el \u00fanico desierto de Europa. Se ubica en la provincia de Almer\u00eda, y la escasa precipitaci\u00f3n anual de este lugar hace que sea un paraje \u00fanico para el Badlands 2024. \u00a1Este evento es una oportunidad \u00fanica para recorrer el Desierto de Tabernas en bici!<\/span><\/p>\t\t\t\t\t\t<\/div>\n\t\t\t\t<\/div>\n\t\t\t\t<\/div>\n\t\t\t\t\t<\/div>\n\t\t\t\t<\/div>\n\t\t<div class=\"elementor-element elementor-element-5643957 e-flex e-con-boxed e-con e-parent\" data-id=\"5643957\" data-element_type=\"container\" data-settings=\"{&quot;background_background&quot;:&quot;classic&quot;}\">\n\t\t\t\t\t<div class=\"e-con-inner\">\n\t\t<div class=\"elementor-element elementor-element-f5f572a e-con-full e-flex e-con e-child\" data-id=\"f5f572a\" data-element_type=\"container\">\n\t\t\t\t<\/div>\n\t\t<div class=\"elementor-element elementor-element-0a429f5 e-con-full e-flex e-con e-child\" data-id=\"0a429f5\" data-element_type=\"container\">\n\t\t\t\t<div class=\"elementor-element elementor-element-8972ece elementor-widget elementor-widget-heading\" data-id=\"8972ece\" data-element_type=\"widget\" data-widget_type=\"heading.default\">\n\t\t\t\t<div class=\"elementor-widget-container\">\n\t\t\t<h3 class=\"elementor-heading-title elementor-size-default\">Cabo de Gata<\/h3>\t\t<\/div>\n\t\t\t\t<\/div>\n\t\t\t\t<div class=\"elementor-element elementor-element-190a793 elementor-widget elementor-widget-text-editor\" data-id=\"190a793\" data-element_type=\"widget\" data-widget_type=\"text-editor.default\">\n\t\t\t\t<div class=\"elementor-widget-container\">\n\t\t\t\t\t\t\t<p><span style=\"font-weight: 400;\">El punto m\u00e1s al sur del recorrido no es otro que el Cabo de Gata, conocido por sus rocas volc\u00e1nicas y por tener el clima m\u00e1s seco de Europa. Las monta\u00f1as que rodean el Cabo de Gata hacen que sea una zona perfecta para incluirla en el recorrido de Badlands 2024.<\/span><\/p>\t\t\t\t\t\t<\/div>\n\t\t\t\t<\/div>\n\t\t\t\t<\/div>\n\t\t\t\t\t<\/div>\n\t\t\t\t<\/div>\n\t\t<div class=\"elementor-element elementor-element-c89520e e-flex e-con-boxed e-con e-parent\" data-id=\"c89520e\" data-element_type=\"container\" data-settings=\"{&quot;background_background&quot;:&quot;classic&quot;}\">\n\t\t\t\t\t<div class=\"e-con-inner\">\n\t\t<div class=\"elementor-element elementor-element-a897004 e-con-full e-flex e-con e-child\" data-id=\"a897004\" data-element_type=\"container\">\n\t\t\t\t<\/div>\n\t\t<div class=\"elementor-element elementor-element-afefdd9 e-con-full e-flex e-con e-child\" data-id=\"afefdd9\" data-element_type=\"container\">\n\t\t\t\t<div class=\"elementor-element elementor-element-abbb8d5 elementor-widget elementor-widget-heading\" data-id=\"abbb8d5\" data-element_type=\"widget\" data-widget_type=\"heading.default\">\n\t\t\t\t<div class=\"elementor-widget-container\">\n\t\t\t<h3 class=\"elementor-heading-title elementor-size-default\">Sierra de G\u00e1dor<\/h3>\t\t<\/div>\n\t\t\t\t<\/div>\n\t\t\t\t<div class=\"elementor-element elementor-element-6022ccc elementor-widget elementor-widget-text-editor\" data-id=\"6022ccc\" data-element_type=\"widget\" data-widget_type=\"text-editor.default\">\n\t\t\t\t<div class=\"elementor-widget-container\">\n\t\t\t\t\t\t\t<p><span style=\"font-weight: 400;\">La sierra de G\u00e1dor es uno de los paisajes m\u00e1s imponentes de Almer\u00eda. Es un paraje perfecto para formar parte de un evento como Badlands 2024.Las vistas que nos ofrecer\u00e1 la Sierra de G\u00e1dor son espl\u00e9ndidas, conformando el paisaje perfecto de Badlands.<\/span><\/p>\t\t\t\t\t\t<\/div>\n\t\t\t\t<\/div>\n\t\t\t\t<\/div>\n\t\t\t\t\t<\/div>\n\t\t\t\t<\/div>\n\t\t<div class=\"elementor-element elementor-element-530a6e3 e-flex e-con-boxed e-con e-parent\" data-id=\"530a6e3\" data-element_type=\"container\" data-settings=\"{&quot;background_background&quot;:&quot;classic&quot;}\">\n\t\t\t\t\t<div class=\"e-con-inner\">\n\t\t<div class=\"elementor-element elementor-element-caf1ff5 e-con-full e-flex e-con e-child\" data-id=\"caf1ff5\" data-element_type=\"container\">\n\t\t\t\t<\/div>\n\t\t<div class=\"elementor-element elementor-element-d530a69 e-con-full e-flex e-con e-child\" data-id=\"d530a69\" data-element_type=\"container\">\n\t\t\t\t<div class=\"elementor-element elementor-element-af55a96 elementor-widget elementor-widget-heading\" data-id=\"af55a96\" data-element_type=\"widget\" data-widget_type=\"heading.default\">\n\t\t\t\t<div class=\"elementor-widget-container\">\n\t\t\t<h3 class=\"elementor-heading-title elementor-size-default\">La Alpujarra<\/h3>\t\t<\/div>\n\t\t\t\t<\/div>\n\t\t\t\t<div class=\"elementor-element elementor-element-85683bf elementor-widget elementor-widget-text-editor\" data-id=\"85683bf\" data-element_type=\"widget\" data-widget_type=\"text-editor.default\">\n\t\t\t\t<div class=\"elementor-widget-container\">\n\t\t\t\t\t\t\t<p><span style=\"font-weight: 400;\">Con La Alpujarra finaliza la aventura Badlands en la provincia de Almer\u00eda, siendo esta la zona de transici\u00f3n de nuevo hacia la provincia de Granada. Sus paisajes des\u00e9rticos y su altitud media de 1200 metros la convierten en una zona ideal para formar parte de Badlands. Adem\u00e1s, de esta zona destaca el comienzo de la subida al Pico Veleta, de m\u00e1s de 3000 metros de altitud.<\/span><\/p>\t\t\t\t\t\t<\/div>\n\t\t\t\t<\/div>\n\t\t\t\t<\/div>\n\t\t\t\t\t<\/div>\n\t\t\t\t<\/div>\n\t\t<div class=\"elementor-element elementor-element-750419d e-flex e-con-boxed e-con e-parent\" data-id=\"750419d\" data-element_type=\"container\" data-settings=\"{&quot;background_background&quot;:&quot;classic&quot;}\">\n\t\t\t\t\t<div class=\"e-con-inner\">\n\t\t<div class=\"elementor-element elementor-element-ee8ea91 e-con-full e-flex e-con e-child\" data-id=\"ee8ea91\" data-element_type=\"container\">\n\t\t\t\t<\/div>\n\t\t<div class=\"elementor-element elementor-element-20318d7 e-con-full e-flex e-con e-child\" data-id=\"20318d7\" data-element_type=\"container\">\n\t\t\t\t<div class=\"elementor-element elementor-element-186349a elementor-widget elementor-widget-heading\" data-id=\"186349a\" data-element_type=\"widget\" data-widget_type=\"heading.default\">\n\t\t\t\t<div class=\"elementor-widget-container\">\n\t\t\t<h3 class=\"elementor-heading-title elementor-size-default\">Sierra Nevada<\/h3>\t\t<\/div>\n\t\t\t\t<\/div>\n\t\t\t\t<div class=\"elementor-element elementor-element-0628767 elementor-widget elementor-widget-text-editor\" data-id=\"0628767\" data-element_type=\"widget\" data-widget_type=\"text-editor.default\">\n\t\t\t\t<div class=\"elementor-widget-container\">\n\t\t\t\t\t\t\t<p><span style=\"font-weight: 400;\">La sierra m\u00e1s conocida de esta ruta es Sierra Nevada, y en Badlands 2024 el recorrido total de Sierra Nevada es de 65 kil\u00f3metros, aproximadamente. Sin embargo, la altitud hace que el recorrido se complique, puesto que esta ruta tiene un desnivel de 1630 metros.<\/span><\/p>\t\t\t\t\t\t<\/div>\n\t\t\t\t<\/div>\n\t\t\t\t<\/div>\n\t\t\t\t\t<\/div>\n\t\t\t\t<\/div>\n\t\t<div class=\"elementor-element elementor-element-2dda247e e-flex e-con-boxed e-con e-parent\" data-id=\"2dda247e\" data-element_type=\"container\" data-settings=\"{&quot;background_background&quot;:&quot;classic&quot;}\">\n\t\t\t\t\t<div class=\"e-con-inner\">\n\t\t\t\t\t<\/div>\n\t\t\t\t<\/div>\n\t\t<div class=\"elementor-element elementor-element-7534d6cf e-con-full e-flex e-con e-parent\" data-id=\"7534d6cf\" data-element_type=\"container\">\n\t\t<div class=\"elementor-element elementor-element-4c61f1d7 e-con-full e-flex e-con e-child\" data-id=\"4c61f1d7\" data-element_type=\"container\">\n\t\t\t\t<div class=\"elementor-element elementor-element-cf15bfa elementor-widget elementor-widget-image\" data-id=\"cf15bfa\" data-element_type=\"widget\" data-widget_type=\"image.default\">\n\t\t\t\t<div class=\"elementor-widget-container\">\n\t\t\t<style>\/*! elementor - v3.21.0 - 08-05-2024 *\/\n.elementor-widget-image{text-align:center}.elementor-widget-image a{display:inline-block}.elementor-widget-image a img[src$=\".svg\"]{width:48px}.elementor-widget-image img{vertical-align:middle;display:inline-block}<\/style>\t\t\t\t\t\t\t\t\t\t<img fetchpriority=\"high\" decoding=\"async\" width=\"2560\" height=\"1707\" src=\"https:\/\/aurumbikes.com\/wp-content\/uploads\/2024\/08\/portada-3-scaled.jpg\" class=\"attachment-full size-full wp-image-69728\" alt=\"\" srcset=\"https:\/\/aurumbikes.com\/wp-content\/uploads\/2024\/08\/portada-3-scaled.jpg 2560w, https:\/\/aurumbikes.com\/wp-content\/uploads\/2024\/08\/portada-3-300x200.jpg 300w, https:\/\/aurumbikes.com\/wp-content\/uploads\/2024\/08\/portada-3-1024x683.jpg 1024w, https:\/\/aurumbikes.com\/wp-content\/uploads\/2024\/08\/portada-3-768x512.jpg 768w, https:\/\/aurumbikes.com\/wp-content\/uploads\/2024\/08\/portada-3-1536x1024.jpg 1536w, https:\/\/aurumbikes.com\/wp-content\/uploads\/2024\/08\/portada-3-2048x1365.jpg 2048w, https:\/\/aurumbikes.com\/wp-content\/uploads\/2024\/08\/portada-3-1080x720.jpg 1080w\" sizes=\"(max-width: 2560px) 100vw, 2560px\" \/>\t\t\t\t\t\t\t\t\t\t\t\t\t<\/div>\n\t\t\t\t<\/div>\n\t\t\t\t<\/div>\n\t\t<div class=\"elementor-element elementor-element-10dd3ab6 e-con-full e-flex e-con e-child\" data-id=\"10dd3ab6\" data-element_type=\"container\" data-settings=\"{&quot;background_background&quot;:&quot;classic&quot;}\">\n\t\t\t\t<div class=\"elementor-element elementor-element-617b726 elementor-widget elementor-widget-heading\" data-id=\"617b726\" data-element_type=\"widget\" data-widget_type=\"heading.default\">\n\t\t\t\t<div class=\"elementor-widget-container\">\n\t\t\t<h2 class=\"elementor-heading-title elementor-size-default\">AURUM en Badlands: presentamos un nuevo color de Manto<\/h2>\t\t<\/div>\n\t\t\t\t<\/div>\n\t\t\t\t<div class=\"elementor-element elementor-element-2bb12a70 elementor-widget elementor-widget-text-editor\" data-id=\"2bb12a70\" data-element_type=\"widget\" data-widget_type=\"text-editor.default\">\n\t\t\t\t<div class=\"elementor-widget-container\">\n\t\t\t\t\t\t\t<p><span style=\"font-weight: 400;\">\u00a1En AURUM nos encanta el gravel! Ese fue uno de los principales motivos por los que decidimos sacar al mercado Manto,<\/span> <span style=\"color: #ffffff;\"><a style=\"color: #ffffff;\" href=\"https:\/\/aurumbikes.com\/es\/manto\/\"><b>la bici gravel de AURUM<\/b><\/a><\/span><span style=\"font-weight: 400;\">. Por eso, vamos a participar en la carrera Badlands 2024, en la que presentaremos un nuevo color para nuestra <\/span><span style=\"color: #ffffff;\"><a style=\"color: #ffffff;\" href=\"https:\/\/aurumbikes.com\/es\/manto\/configurar\/\" data-wplink-edit=\"true\"><b>Manto<\/b><\/a><\/span><span style=\"font-weight: 400;\">. \u00a1No te lo pierdas!<\/span><\/p>\t\t\t\t\t\t<\/div>\n\t\t\t\t<\/div>\n\t\t\t\t<div class=\"elementor-element elementor-element-2f123b99 elementor-align-left elementor-widget elementor-widget-button\" data-id=\"2f123b99\" data-element_type=\"widget\" data-widget_type=\"button.default\">\n\t\t\t\t<div class=\"elementor-widget-container\">\n\t\t\t\t\t<div class=\"elementor-button-wrapper\">\n\t\t\t<a class=\"elementor-button elementor-button-link elementor-size-md\" href=\"\/es\/manto\/configurar\/\">\n\t\t\t\t\t\t<span class=\"elementor-button-content-wrapper\">\n\t\t\t\t\t\t<span class=\"elementor-button-icon elementor-align-icon-right\">\n\t\t\t\t<i aria-hidden=\"true\" class=\"fas fa-chevron-right\"><\/i>\t\t\t<\/span>\n\t\t\t\t\t\t\t\t\t<span class=\"elementor-button-text\">MANTO<\/span>\n\t\t\t\t\t<\/span>\n\t\t\t\t\t<\/a>\n\t\t<\/div>\n\t\t\t\t<\/div>\n\t\t\t\t<\/div>\n\t\t\t\t<\/div>\n\t\t\t\t<\/div>\n\t\t<div class=\"elementor-element elementor-element-65cf804 e-con-full e-flex e-con e-parent\" data-id=\"65cf804\" data-element_type=\"container\">\n\t\t\t\t<div class=\"elementor-element elementor-element-dbac8b3 elementor-widget elementor-widget-shortcode\" data-id=\"dbac8b3\" data-element_type=\"widget\" data-widget_type=\"shortcode.default\">\n\t\t\t\t<div class=\"elementor-widget-container\">\n\t\t\t\t\t<div class=\"elementor-shortcode\">\n<div data-elementor-type=\"section\" data-elementor-id=\"32332\" class=\"elementor elementor-32332 elementor-32326\" data-elementor-post-type=\"elementor_library\">\n<section class=\"elementor-section elementor-top-section elementor-element elementor-element-eb0dea3 elementor-section-full_width elementor-section-height-default elementor-section-height-default qodef-elementor-content-no\" data-id=\"eb0dea3\" data-element_type=\"section\" data-settings=\"{&quot;background_background&quot;:&quot;classic&quot;}\">\n<div class=\"elementor-container elementor-column-gap-default\">\n<div class=\"elementor-column elementor-col-100 elementor-top-column elementor-element elementor-element-a23b464\" data-id=\"a23b464\" data-element_type=\"column\">\n<div class=\"elementor-widget-wrap elementor-element-populated\">\n<section class=\"elementor-section elementor-inner-section elementor-element elementor-element-d91708e elementor-section-boxed elementor-section-height-default elementor-section-height-default qodef-elementor-content-no\" data-id=\"d91708e\" data-element_type=\"section\">\n<div class=\"elementor-container elementor-column-gap-default\">\n<div class=\"elementor-column elementor-col-50 elementor-inner-column elementor-element elementor-element-e5d79c7\" data-id=\"e5d79c7\" data-element_type=\"column\">\n<div class=\"elementor-widget-wrap elementor-element-populated\">\n<div class=\"elementor-element elementor-element-4ffd10d elementor-view-default elementor-position-top elementor-mobile-position-top elementor-widget elementor-widget-icon-box\" data-id=\"4ffd10d\" data-element_type=\"widget\" data-widget_type=\"icon-box.default\">\n<div class=\"elementor-widget-container\">\n\t\t\t<link rel=\"stylesheet\" href=\"https:\/\/aurumbikes.com\/wp-content\/plugins\/elementor\/assets\/css\/widget-icon-box.min.css\">\n<div class=\"elementor-icon-box-wrapper\">\n<div class=\"elementor-icon-box-icon\">\n\t\t\t\t<span  class=\"elementor-icon elementor-animation-\"><br \/>\n\t\t\t\t<i aria-hidden=\"true\" class=\"fas fa-box\"><\/i>\t\t\t\t<\/span>\n\t\t\t<\/div>\n<div class=\"elementor-icon-box-content\">\n<p class=\"elementor-icon-box-title\">\n\t\t\t\t\t\t<span  ><br \/>\n\t\t\t\t\t\t\tWELCOME PACK\t\t\t\t\t\t<\/span>\n\t\t\t\t\t<\/p>\n<p class=\"elementor-icon-box-description\">\n\t\t\t\t\t\tCon la compra de una bicicleta completa o de un juego de cuadro, recibir\u00e1s una botella, un portabid\u00f3n y una taza AURUM.\t\t\t\t\t<\/p>\n<\/p><\/div>\n<\/p><\/div>\n<\/p><\/div>\n<\/p><\/div>\n<\/p><\/div>\n<\/p><\/div>\n<div class=\"elementor-column elementor-col-50 elementor-inner-column elementor-element elementor-element-2d76c34\" data-id=\"2d76c34\" data-element_type=\"column\">\n<div class=\"elementor-widget-wrap elementor-element-populated\">\n<div class=\"elementor-element elementor-element-51e1960 elementor-view-default elementor-position-top elementor-mobile-position-top elementor-widget elementor-widget-icon-box\" data-id=\"51e1960\" data-element_type=\"widget\" data-widget_type=\"icon-box.default\">\n<div class=\"elementor-widget-container\">\n<div class=\"elementor-icon-box-wrapper\">\n<div class=\"elementor-icon-box-icon\">\n\t\t\t\t<span  class=\"elementor-icon elementor-animation-\"><br \/>\n\t\t\t\t<i aria-hidden=\"true\" class=\"fas fa-shipping-fast\"><\/i>\t\t\t\t<\/span>\n\t\t\t<\/div>\n<div class=\"elementor-icon-box-content\">\n<p class=\"elementor-icon-box-title\">\n\t\t\t\t\t\t<span  ><br \/>\n\t\t\t\t\t\t\tENV\u00cdO GRATIS\t\t\t\t\t\t<\/span>\n\t\t\t\t\t<\/p>\n<p class=\"elementor-icon-box-description\">\n\t\t\t\t\t\tEnv\u00edo gratuito en compras superiores a 500\u20ac en todo el mundo\t\t\t\t\t<\/p>\n<\/p><\/div>\n<\/p><\/div>\n<\/p><\/div>\n<\/p><\/div>\n<\/p><\/div>\n<\/p><\/div>\n<\/p><\/div>\n<\/section><\/div>\n<\/p><\/div>\n<\/p><\/div>\n<\/section><\/div>\n<\/div>\n\t\t\t\t<\/div>\n\t\t\t\t<\/div>\n\t\t\t\t<\/div>\n\t\t\t\t<\/div>\n\t\t","protected":false},"excerpt":{"rendered":"<p>Badlands: uno de los eventos de gravel m\u00e1s importantes de Europa El pr\u00f3ximo 1 de septiembre a las 8 de la ma\u00f1ana dar\u00e1 comienzo, entre las provincias de Granada y Almer\u00eda, uno de los mejores eventos de gravel del mundo. Hablamos de Badlands 2024, un evento que transcurre en los \u00fanicos desiertos de Europa. \u00a1Sigue [&hellip;]<\/p>\n","protected":false},"author":1,"featured_media":0,"parent":0,"menu_order":0,"comment_status":"closed","ping_status":"closed","template":"","meta":{"footnotes":""},"yoast_head":"<!-- This site is optimized with the Yoast SEO plugin v22.6 - https:\/\/yoast.com\/wordpress\/plugins\/seo\/ -->\n<title>Participamos en el evento Badlands | AURUM<\/title>\n<meta name=\"description\" content=\"En AURUM estaremos en el evento Badlands, el m\u00e1s grande de gravel de Europa. Te contamos en qu\u00e9 consiste, las rutas disponibles y la participaci\u00f3n de AURUM con Manto, la gravel de nuestra marca.\" \/>\n<meta name=\"robots\" content=\"index, follow, max-snippet:-1, max-image-preview:large, max-video-preview:-1\" \/>\n<link rel=\"canonical\" href=\"https:\/\/aurumbikes.com\/es\/badlands\/\" \/>\n<meta property=\"og:locale\" content=\"es_ES\" \/>\n<meta property=\"og:type\" content=\"article\" \/>\n<meta property=\"og:title\" content=\"Participamos en el evento Badlands | AURUM\" \/>\n<meta property=\"og:description\" content=\"En AURUM estaremos en el evento Badlands, el m\u00e1s grande de gravel de Europa. Te contamos en qu\u00e9 consiste, las rutas disponibles y la participaci\u00f3n de AURUM con Manto, la gravel de nuestra marca.\" \/>\n<meta property=\"og:url\" content=\"https:\/\/aurumbikes.com\/es\/badlands\/\" \/>\n<meta property=\"og:site_name\" content=\"Aurum Bikes\" \/>\n<meta property=\"article:publisher\" content=\"https:\/\/www.facebook.com\/AURUMbikes\" \/>\n<meta property=\"article:modified_time\" content=\"2024-08-26T13:34:20+00:00\" \/>\n<meta property=\"og:image\" content=\"https:\/\/aurumbikes.com\/wp-content\/uploads\/mkl-pc-config-images\/product_18462-conf-16122-16130-16132-16078-16116-16110-20168-16072-16136.png\" \/>\n<meta name=\"twitter:card\" content=\"summary_large_image\" \/>\n<meta name=\"twitter:label1\" content=\"Tiempo de lectura\" \/>\n\t<meta name=\"twitter:data1\" content=\"5 minutos\" \/>\n<script type=\"application\/ld+json\" class=\"yoast-schema-graph\">{\"@context\":\"https:\/\/schema.org\",\"@graph\":[{\"@type\":\"WebPage\",\"@id\":\"https:\/\/aurumbikes.com\/es\/badlands\/\",\"url\":\"https:\/\/aurumbikes.com\/es\/badlands\/\",\"name\":\"Participamos en el evento Badlands | AURUM\",\"isPartOf\":{\"@id\":\"https:\/\/aurumbikes.com\/es\/#website\"},\"primaryImageOfPage\":{\"@id\":\"https:\/\/aurumbikes.com\/es\/badlands\/#primaryimage\"},\"image\":{\"@id\":\"https:\/\/aurumbikes.com\/es\/badlands\/#primaryimage\"},\"thumbnailUrl\":\"https:\/\/aurumbikes.com\/wp-content\/uploads\/mkl-pc-config-images\/product_18462-conf-16122-16130-16132-16078-16116-16110-20168-16072-16136.png\",\"datePublished\":\"2024-08-27T09:30:00+00:00\",\"dateModified\":\"2024-08-26T13:34:20+00:00\",\"description\":\"En AURUM estaremos en el evento Badlands, el m\u00e1s grande de gravel de Europa. Te contamos en qu\u00e9 consiste, las rutas disponibles y la participaci\u00f3n de AURUM con Manto, la gravel de nuestra marca.\",\"breadcrumb\":{\"@id\":\"https:\/\/aurumbikes.com\/es\/badlands\/#breadcrumb\"},\"inLanguage\":\"es\",\"potentialAction\":[{\"@type\":\"ReadAction\",\"target\":[\"https:\/\/aurumbikes.com\/es\/badlands\/\"]}]},{\"@type\":\"ImageObject\",\"inLanguage\":\"es\",\"@id\":\"https:\/\/aurumbikes.com\/es\/badlands\/#primaryimage\",\"url\":\"https:\/\/aurumbikes.com\/wp-content\/uploads\/mkl-pc-config-images\/product_18462-conf-16122-16130-16132-16078-16116-16110-20168-16072-16136.png\",\"contentUrl\":\"https:\/\/aurumbikes.com\/wp-content\/uploads\/mkl-pc-config-images\/product_18462-conf-16122-16130-16132-16078-16116-16110-20168-16072-16136.png\"},{\"@type\":\"BreadcrumbList\",\"@id\":\"https:\/\/aurumbikes.com\/es\/badlands\/#breadcrumb\",\"itemListElement\":[{\"@type\":\"ListItem\",\"position\":1,\"name\":\"Home\",\"item\":\"https:\/\/aurumbikes.com\/es\/\"},{\"@type\":\"ListItem\",\"position\":2,\"name\":\"Badlands\"}]},{\"@type\":\"WebSite\",\"@id\":\"https:\/\/aurumbikes.com\/es\/#website\",\"url\":\"https:\/\/aurumbikes.com\/es\/\",\"name\":\"Aurum Bikes\",\"description\":\"Born From Experience\",\"potentialAction\":[{\"@type\":\"SearchAction\",\"target\":{\"@type\":\"EntryPoint\",\"urlTemplate\":\"https:\/\/aurumbikes.com\/es\/?s={search_term_string}\"},\"query-input\":\"required name=search_term_string\"}],\"inLanguage\":\"es\"}]}<\/script>\n<!-- \/ Yoast SEO plugin. -->","yoast_head_json":{"title":"Participamos en el evento Badlands | AURUM","description":"En AURUM estaremos en el evento Badlands, el m\u00e1s grande de gravel de Europa. Te contamos en qu\u00e9 consiste, las rutas disponibles y la participaci\u00f3n de AURUM con Manto, la gravel de nuestra marca.","robots":{"index":"index","follow":"follow","max-snippet":"max-snippet:-1","max-image-preview":"max-image-preview:large","max-video-preview":"max-video-preview:-1"},"canonical":"https:\/\/aurumbikes.com\/es\/badlands\/","og_locale":"es_ES","og_type":"article","og_title":"Participamos en el evento Badlands | AURUM","og_description":"En AURUM estaremos en el evento Badlands, el m\u00e1s grande de gravel de Europa. Te contamos en qu\u00e9 consiste, las rutas disponibles y la participaci\u00f3n de AURUM con Manto, la gravel de nuestra marca.","og_url":"https:\/\/aurumbikes.com\/es\/badlands\/","og_site_name":"Aurum Bikes","article_publisher":"https:\/\/www.facebook.com\/AURUMbikes","article_modified_time":"2024-08-26T13:34:20+00:00","og_image":[{"url":"https:\/\/aurumbikes.com\/wp-content\/uploads\/mkl-pc-config-images\/product_18462-conf-16122-16130-16132-16078-16116-16110-20168-16072-16136.png"}],"twitter_card":"summary_large_image","twitter_misc":{"Tiempo de lectura":"5 minutos"},"schema":{"@context":"https:\/\/schema.org","@graph":[{"@type":"WebPage","@id":"https:\/\/aurumbikes.com\/es\/badlands\/","url":"https:\/\/aurumbikes.com\/es\/badlands\/","name":"Participamos en el evento Badlands | AURUM","isPartOf":{"@id":"https:\/\/aurumbikes.com\/es\/#website"},"primaryImageOfPage":{"@id":"https:\/\/aurumbikes.com\/es\/badlands\/#primaryimage"},"image":{"@id":"https:\/\/aurumbikes.com\/es\/badlands\/#primaryimage"},"thumbnailUrl":"https:\/\/aurumbikes.com\/wp-content\/uploads\/mkl-pc-config-images\/product_18462-conf-16122-16130-16132-16078-16116-16110-20168-16072-16136.png","datePublished":"2024-08-27T09:30:00+00:00","dateModified":"2024-08-26T13:34:20+00:00","description":"En AURUM estaremos en el evento Badlands, el m\u00e1s grande de gravel de Europa. Te contamos en qu\u00e9 consiste, las rutas disponibles y la participaci\u00f3n de AURUM con Manto, la gravel de nuestra marca.","breadcrumb":{"@id":"https:\/\/aurumbikes.com\/es\/badlands\/#breadcrumb"},"inLanguage":"es","potentialAction":[{"@type":"ReadAction","target":["https:\/\/aurumbikes.com\/es\/badlands\/"]}]},{"@type":"ImageObject","inLanguage":"es","@id":"https:\/\/aurumbikes.com\/es\/badlands\/#primaryimage","url":"https:\/\/aurumbikes.com\/wp-content\/uploads\/mkl-pc-config-images\/product_18462-conf-16122-16130-16132-16078-16116-16110-20168-16072-16136.png","contentUrl":"https:\/\/aurumbikes.com\/wp-content\/uploads\/mkl-pc-config-images\/product_18462-conf-16122-16130-16132-16078-16116-16110-20168-16072-16136.png"},{"@type":"BreadcrumbList","@id":"https:\/\/aurumbikes.com\/es\/badlands\/#breadcrumb","itemListElement":[{"@type":"ListItem","position":1,"name":"Home","item":"https:\/\/aurumbikes.com\/es\/"},{"@type":"ListItem","position":2,"name":"Badlands"}]},{"@type":"WebSite","@id":"https:\/\/aurumbikes.com\/es\/#website","url":"https:\/\/aurumbikes.com\/es\/","name":"Aurum Bikes","description":"Born From Experience","potentialAction":[{"@type":"SearchAction","target":{"@type":"EntryPoint","urlTemplate":"https:\/\/aurumbikes.com\/es\/?s={search_term_string}"},"query-input":"required name=search_term_string"}],"inLanguage":"es"}]}},"_links":{"self":[{"href":"https:\/\/aurumbikes.com\/es\/wp-json\/wp\/v2\/pages\/70587"}],"collection":[{"href":"https:\/\/aurumbikes.com\/es\/wp-json\/wp\/v2\/pages"}],"about":[{"href":"https:\/\/aurumbikes.com\/es\/wp-json\/wp\/v2\/types\/page"}],"author":[{"embeddable":true,"href":"https:\/\/aurumbikes.com\/es\/wp-json\/wp\/v2\/users\/1"}],"replies":[{"embeddable":true,"href":"https:\/\/aurumbikes.com\/es\/wp-json\/wp\/v2\/comments?post=70587"}],"version-history":[{"count":13,"href":"https:\/\/aurumbikes.com\/es\/wp-json\/wp\/v2\/pages\/70587\/revisions"}],"predecessor-version":[{"id":70674,"href":"https:\/\/aurumbikes.com\/es\/wp-json\/wp\/v2\/pages\/70587\/revisions\/70674"}],"wp:attachment":[{"href":"https:\/\/aurumbikes.com\/es\/wp-json\/wp\/v2\/media?parent=70587"}],"curies":[{"name":"wp","href":"https:\/\/api.w.org\/{rel}","templated":true}]}}