{"id":71959,"date":"2024-09-19T07:00:00","date_gmt":"2024-09-19T07:00:00","guid":{"rendered":"https:\/\/aurumbikes.com\/?page_id=71959"},"modified":"2024-09-19T07:07:44","modified_gmt":"2024-09-19T07:07:44","slug":"aurum-en-el-sea-otter-europe","status":"publish","type":"page","link":"https:\/\/aurumbikes.com\/es\/aurum-en-el-sea-otter-europe\/","title":{"rendered":"AURUM en el Sea Otter Europe"},"content":{"rendered":"\t\t<div data-elementor-type=\"wp-page\" data-elementor-id=\"71959\" class=\"elementor elementor-71959\" data-elementor-post-type=\"page\">\n\t\t\t\t\t\t<section class=\"elementor-section elementor-top-section elementor-element elementor-element-92958a9 elementor-section-full_width elementor-section-height-min-height elementor-section-items-bottom elementor-section-height-default qodef-elementor-content-no\" data-id=\"92958a9\" data-element_type=\"section\" data-settings=\"{&quot;background_background&quot;:&quot;classic&quot;}\">\n\t\t\t\t\t\t\t<div class=\"elementor-background-overlay\"><\/div>\n\t\t\t\t\t\t\t<div class=\"elementor-container elementor-column-gap-default\">\n\t\t\t\t\t<div class=\"elementor-column elementor-col-100 elementor-top-column elementor-element elementor-element-44c707b2\" data-id=\"44c707b2\" data-element_type=\"column\">\n\t\t\t<div class=\"elementor-widget-wrap elementor-element-populated\">\n\t\t\t\t\t\t<div class=\"elementor-element elementor-element-19a19b95 elementor-widget elementor-widget-html\" data-id=\"19a19b95\" data-element_type=\"widget\" data-widget_type=\"html.default\">\n\t\t\t\t<div class=\"elementor-widget-container\">\n\t\t\t<style>#qodef-page-wrapper{overflow:unset;} .qodef-page-title{box-shadow: inset 0 0 0 1000px rgb(0 0 0 \/ 78%);} #qodef-back-to-top{bottom: 100px;z-index:-1;} @media only screen and (max-width: 600px) { .mkl_pc .mkl_pc_container footer {height: 20%;}} #qodef-page-inner{padding:0 !important;} .mkl_pc .mkl_pc_container .form.form-cart{align-items:center;} .pc_configurator_form{display:flex;} div#qodef-page-inner{width:100%;} @media only screen and (min-width: 768px) {.mkl_pc .mkl_pc_container .mkl_pc_toolbar{width: 30%;} .mkl_pc .mkl_pc_container .mkl_pc_viewer{width:70%;} body.configurator_is_inline .mkl_pc .mkl_pc_container .mkl_pc_viewer{min-height:100vh;}} body, .text.layer-name, .selected-choice, button.choice-item {font-family: Montserrat, sans-serif;} .text.layer-name, .selected-choice, button.choice-item{text-transform: uppercase !important;} .mkl_pc .mkl_pc_container .mkl_pc_toolbar section.choices > ul > li.layers-list-item button .layer-name, .mkl_pc .mkl_pc_container .mkl_pc_toolbar section.choices > ul > li.layers-list-item .layer-item .layer-name{font-weight:normal;}<\/style>\t\t<\/div>\n\t\t\t\t<\/div>\n\t\t\t\t\t<\/div>\n\t\t<\/div>\n\t\t\t\t\t<\/div>\n\t\t<\/section>\n\t\t<div class=\"elementor-element elementor-element-48f26a45 e-flex e-con-boxed e-con e-parent\" data-id=\"48f26a45\" data-element_type=\"container\">\n\t\t\t\t\t<div class=\"e-con-inner\">\n\t\t\t\t<div class=\"elementor-element elementor-element-74d604b5 elementor-widget elementor-widget-text-editor\" data-id=\"74d604b5\" data-element_type=\"widget\" data-widget_type=\"text-editor.default\">\n\t\t\t\t<div class=\"elementor-widget-container\">\n\t\t\t<style>\/*! elementor - v3.21.0 - 08-05-2024 *\/\n.elementor-widget-text-editor.elementor-drop-cap-view-stacked .elementor-drop-cap{background-color:#69727d;color:#fff}.elementor-widget-text-editor.elementor-drop-cap-view-framed .elementor-drop-cap{color:#69727d;border:3px solid;background-color:transparent}.elementor-widget-text-editor:not(.elementor-drop-cap-view-default) .elementor-drop-cap{margin-top:8px}.elementor-widget-text-editor:not(.elementor-drop-cap-view-default) .elementor-drop-cap-letter{width:1em;height:1em}.elementor-widget-text-editor .elementor-drop-cap{float:left;text-align:center;line-height:1;font-size:50px}.elementor-widget-text-editor .elementor-drop-cap-letter{display:inline-block}<\/style>\t\t\t\t<h1 style=\"font-size: 32px;\"><span style=\"font-weight: 400;\">AURUM participar\u00e1 en el Sea Otter Europe<\/span><\/h1><p><span style=\"font-weight: 400;\">Si te gusta el ciclismo y este fin de semana est\u00e1s en Girona, \u00a1no dejes escapar la oportunidad de vivir el Sea Otter Europe! Es uno de los mejores eventos de ciclismo de Europa, \u00a1y AURUM tendr\u00e1 una parte de protagonismo all\u00ed! No te lo pierdas.<\/span><\/p>\t\t\t\t\t\t<\/div>\n\t\t\t\t<\/div>\n\t\t\t\t<div class=\"elementor-element elementor-element-6b2f7eb elementor-arrows-position-inside elementor-pagination-position-outside elementor-widget elementor-widget-image-carousel\" data-id=\"6b2f7eb\" data-element_type=\"widget\" data-settings=\"{&quot;slides_to_show&quot;:&quot;1&quot;,&quot;lazyload&quot;:&quot;yes&quot;,&quot;autoplay&quot;:&quot;no&quot;,&quot;navigation&quot;:&quot;both&quot;,&quot;infinite&quot;:&quot;yes&quot;,&quot;effect&quot;:&quot;slide&quot;,&quot;speed&quot;:500}\" data-widget_type=\"image-carousel.default\">\n\t\t\t\t<div class=\"elementor-widget-container\">\n\t\t\t<style>\/*! elementor - v3.21.0 - 08-05-2024 *\/\n.elementor-widget-image-carousel .swiper,.elementor-widget-image-carousel .swiper-container{position:static}.elementor-widget-image-carousel .swiper-container .swiper-slide figure,.elementor-widget-image-carousel .swiper .swiper-slide figure{line-height:inherit}.elementor-widget-image-carousel .swiper-slide{text-align:center}.elementor-image-carousel-wrapper:not(.swiper-container-initialized):not(.swiper-initialized) .swiper-slide{max-width:calc(100% \/ var(--e-image-carousel-slides-to-show, 3))}<\/style>\t\t<div class=\"elementor-image-carousel-wrapper swiper\" dir=\"ltr\">\n\t\t\t<div class=\"elementor-image-carousel swiper-wrapper\" aria-live=\"polite\">\n\t\t\t\t\t\t\t\t<div class=\"swiper-slide\" role=\"group\" aria-roledescription=\"slide\" aria-label=\"1 de 3\"><figure class=\"swiper-slide-inner\"><img class=\"swiper-slide-image swiper-lazy\" data-src=\"https:\/\/aurumbikes.com\/wp-content\/uploads\/2024\/01\/SES-Black-768x455-1.jpg\" alt=\"SES-Black-768x455\" \/><div class=\"swiper-lazy-preloader\"><\/div><\/figure><\/div><div class=\"swiper-slide\" role=\"group\" aria-roledescription=\"slide\" aria-label=\"2 de 3\"><figure class=\"swiper-slide-inner\"><img class=\"swiper-slide-image swiper-lazy\" data-src=\"https:\/\/aurumbikes.com\/wp-content\/uploads\/2024\/01\/SES-Blue-768x455-1.jpg\" alt=\"SES-Blue-768x455\" \/><div class=\"swiper-lazy-preloader\"><\/div><\/figure><\/div><div class=\"swiper-slide\" role=\"group\" aria-roledescription=\"slide\" aria-label=\"3 de 3\"><figure class=\"swiper-slide-inner\"><img class=\"swiper-slide-image swiper-lazy\" data-src=\"https:\/\/aurumbikes.com\/wp-content\/uploads\/2024\/01\/SES-Pink-White-768x455-1.jpg\" alt=\"SES-Pink-White-768x455\" \/><div class=\"swiper-lazy-preloader\"><\/div><\/figure><\/div>\t\t\t<\/div>\n\t\t\t\t\t\t\t\t\t\t\t\t<div class=\"elementor-swiper-button elementor-swiper-button-prev\" role=\"button\" tabindex=\"0\">\n\t\t\t\t\t\t<i aria-hidden=\"true\" class=\"eicon-chevron-left\"><\/i>\t\t\t\t\t<\/div>\n\t\t\t\t\t<div class=\"elementor-swiper-button elementor-swiper-button-next\" role=\"button\" tabindex=\"0\">\n\t\t\t\t\t\t<i aria-hidden=\"true\" class=\"eicon-chevron-right\"><\/i>\t\t\t\t\t<\/div>\n\t\t\t\t\n\t\t\t\t\t\t\t\t\t<div class=\"swiper-pagination\"><\/div>\n\t\t\t\t\t\t\t\t\t<\/div>\n\t\t\t\t<\/div>\n\t\t\t\t<\/div>\n\t\t\t\t\t<\/div>\n\t\t\t\t<\/div>\n\t\t<div class=\"elementor-element elementor-element-9815327 e-flex e-con-boxed e-con e-parent\" data-id=\"9815327\" data-element_type=\"container\" data-settings=\"{&quot;background_background&quot;:&quot;classic&quot;}\">\n\t\t\t\t\t<div class=\"e-con-inner\">\n\t\t<div class=\"elementor-element elementor-element-9da9010 e-flex e-con-boxed e-con e-child\" data-id=\"9da9010\" data-element_type=\"container\" data-settings=\"{&quot;background_background&quot;:&quot;classic&quot;}\">\n\t\t\t\t\t<div class=\"e-con-inner\">\n\t\t\t\t<div class=\"elementor-element elementor-element-7237b04 elementor-widget elementor-widget-heading\" data-id=\"7237b04\" data-element_type=\"widget\" data-widget_type=\"heading.default\">\n\t\t\t\t<div class=\"elementor-widget-container\">\n\t\t\t<style>\/*! elementor - v3.21.0 - 08-05-2024 *\/\n.elementor-heading-title{padding:0;margin:0;line-height:1}.elementor-widget-heading .elementor-heading-title[class*=elementor-size-]>a{color:inherit;font-size:inherit;line-height:inherit}.elementor-widget-heading .elementor-heading-title.elementor-size-small{font-size:15px}.elementor-widget-heading .elementor-heading-title.elementor-size-medium{font-size:19px}.elementor-widget-heading .elementor-heading-title.elementor-size-large{font-size:29px}.elementor-widget-heading .elementor-heading-title.elementor-size-xl{font-size:39px}.elementor-widget-heading .elementor-heading-title.elementor-size-xxl{font-size:59px}<\/style><div class=\"elementor-heading-title elementor-size-default\">Bicicletas para ciclistas profesionales<\/div>\t\t<\/div>\n\t\t\t\t<\/div>\n\t\t\t\t<div class=\"elementor-element elementor-element-d0120a7 elementor-align-center elementor-widget elementor-widget-button\" data-id=\"d0120a7\" data-element_type=\"widget\" data-widget_type=\"button.default\">\n\t\t\t\t<div class=\"elementor-widget-container\">\n\t\t\t\t\t<div class=\"elementor-button-wrapper\">\n\t\t\t<a class=\"elementor-button elementor-button-link elementor-size-md\" href=\"\/es\/\">\n\t\t\t\t\t\t<span class=\"elementor-button-content-wrapper\">\n\t\t\t\t\t\t<span class=\"elementor-button-icon elementor-align-icon-right\">\n\t\t\t\t<i aria-hidden=\"true\" class=\"fas fa-chevron-right\"><\/i>\t\t\t<\/span>\n\t\t\t\t\t\t\t\t\t<span class=\"elementor-button-text\">AURUM<\/span>\n\t\t\t\t\t<\/span>\n\t\t\t\t\t<\/a>\n\t\t<\/div>\n\t\t\t\t<\/div>\n\t\t\t\t<\/div>\n\t\t\t\t\t<\/div>\n\t\t\t\t<\/div>\n\t\t\t\t\t<\/div>\n\t\t\t\t<\/div>\n\t\t<div class=\"elementor-element elementor-element-69fc2ff e-flex e-con-boxed e-con e-parent\" data-id=\"69fc2ff\" data-element_type=\"container\" data-settings=\"{&quot;background_background&quot;:&quot;classic&quot;}\">\n\t\t\t\t\t<div class=\"e-con-inner\">\n\t\t<div class=\"elementor-element elementor-element-b92583f e-flex e-con-boxed e-con e-child\" data-id=\"b92583f\" data-element_type=\"container\" data-settings=\"{&quot;background_background&quot;:&quot;classic&quot;}\">\n\t\t\t\t\t<div class=\"e-con-inner\">\n\t\t<div class=\"elementor-element elementor-element-c228de9 e-con-full e-flex e-con e-child\" data-id=\"c228de9\" data-element_type=\"container\">\n\t\t\t\t<div class=\"elementor-element elementor-element-6e123a2 elementor-widget elementor-widget-heading\" data-id=\"6e123a2\" data-element_type=\"widget\" data-widget_type=\"heading.default\">\n\t\t\t\t<div class=\"elementor-widget-container\">\n\t\t\t<h2 class=\"elementor-heading-title elementor-size-default\">Los datos del Sea Otter Europe<\/h2>\t\t<\/div>\n\t\t\t\t<\/div>\n\t\t\t\t<\/div>\n\t\t<div class=\"elementor-element elementor-element-aea5420 e-con-full e-flex e-con e-child\" data-id=\"aea5420\" data-element_type=\"container\">\n\t\t\t\t<div class=\"elementor-element elementor-element-08ed8d9 elementor-widget elementor-widget-text-editor\" data-id=\"08ed8d9\" data-element_type=\"widget\" data-widget_type=\"text-editor.default\">\n\t\t\t\t<div class=\"elementor-widget-container\">\n\t\t\t\t\t\t\t<article id=\"carbon-fiber-road-bicycles\" class=\"alignfull c-title-text c-title-text-- \"><div class=\"c-title-text__wrapper\"><div class=\"c-title-text__content\"><div class=\"c-title-text__text \"><div class=\"c-title-text__content\"><div class=\"c-title-text__text \"><p><span style=\"font-weight: 400;\">Sea Otter Europe es la versi\u00f3n europea de uno de los eventos americanos m\u00e1s importantes de ciclismo. Este 2024, se celebra los d\u00edas 20, 21 y 22 de septiembre, y tendr\u00e1 lugar en Girona. Consulta el horario de Sea Otter y disfruta de este gran evento \u00a1con entrada gratuita!<\/span><\/p><\/div><\/div><\/div><\/div><\/div><\/article>\t\t\t\t\t\t<\/div>\n\t\t\t\t<\/div>\n\t\t\t\t<\/div>\n\t\t\t\t\t<\/div>\n\t\t\t\t<\/div>\n\t\t\t\t\t<\/div>\n\t\t\t\t<\/div>\n\t\t<div class=\"elementor-element elementor-element-b835855 e-flex e-con-boxed e-con e-parent\" data-id=\"b835855\" data-element_type=\"container\" data-settings=\"{&quot;background_background&quot;:&quot;classic&quot;}\">\n\t\t\t\t\t<div class=\"e-con-inner\">\n\t\t<div class=\"elementor-element elementor-element-1896c76 e-flex e-con-boxed e-con e-child\" data-id=\"1896c76\" data-element_type=\"container\" data-settings=\"{&quot;background_background&quot;:&quot;classic&quot;}\">\n\t\t\t\t\t<div class=\"e-con-inner\">\n\t\t<div class=\"elementor-element elementor-element-bb27823 e-con-full e-flex e-con e-child\" data-id=\"bb27823\" data-element_type=\"container\">\n\t\t\t\t<div class=\"elementor-element elementor-element-588ac3f elementor-widget elementor-widget-heading\" data-id=\"588ac3f\" data-element_type=\"widget\" data-widget_type=\"heading.default\">\n\t\t\t\t<div class=\"elementor-widget-container\">\n\t\t\t<h2 class=\"elementor-heading-title elementor-size-default\">Exposici\u00f3n AURUM MANTO<\/h2>\t\t<\/div>\n\t\t\t\t<\/div>\n\t\t\t\t<\/div>\n\t\t<div class=\"elementor-element elementor-element-949b1d8 e-con-full e-flex e-con e-child\" data-id=\"949b1d8\" data-element_type=\"container\">\n\t\t\t\t<div class=\"elementor-element elementor-element-86d2405 elementor-widget elementor-widget-text-editor\" data-id=\"86d2405\" data-element_type=\"widget\" data-widget_type=\"text-editor.default\">\n\t\t\t\t<div class=\"elementor-widget-container\">\n\t\t\t\t\t\t\t<article id=\"carbon-fiber-road-bicycles\" class=\"alignfull c-title-text c-title-text-- \"><div class=\"c-title-text__wrapper\"><div class=\"c-title-text__content\"><div class=\"c-title-text__text \"><div class=\"c-title-text__content\"><div class=\"c-title-text__text \"><p><span style=\"font-weight: 400;\">En nuestro stand, tendr\u00e1s la oportunidad de ver nuestras bicis AURUM. En concreto, tendremos expuesta la MANTO con la que hemos competido en Badlands, con el nuevo color y el nuevo montaje. \u00bfEst\u00e1s preparado para verla? <\/span><\/p><\/div><\/div><\/div><\/div><\/div><\/article>\t\t\t\t\t\t<\/div>\n\t\t\t\t<\/div>\n\t\t\t\t<\/div>\n\t\t\t\t\t<\/div>\n\t\t\t\t<\/div>\n\t\t\t\t\t<\/div>\n\t\t\t\t<\/div>\n\t\t<div class=\"elementor-element elementor-element-0784ca9 e-flex e-con-boxed e-con e-parent\" data-id=\"0784ca9\" data-element_type=\"container\" data-settings=\"{&quot;background_background&quot;:&quot;classic&quot;}\">\n\t\t\t\t\t<div class=\"e-con-inner\">\n\t\t\t\t\t<\/div>\n\t\t\t\t<\/div>\n\t\t<div class=\"elementor-element elementor-element-9c3a505 e-flex e-con-boxed e-con e-parent\" data-id=\"9c3a505\" data-element_type=\"container\" data-settings=\"{&quot;background_background&quot;:&quot;classic&quot;}\">\n\t\t\t\t\t<div class=\"e-con-inner\">\n\t\t<div class=\"elementor-element elementor-element-b78645f e-flex e-con-boxed e-con e-child\" data-id=\"b78645f\" data-element_type=\"container\" data-settings=\"{&quot;background_background&quot;:&quot;classic&quot;}\">\n\t\t\t\t\t<div class=\"e-con-inner\">\n\t\t<div class=\"elementor-element elementor-element-bd46912 e-con-full e-flex e-con e-child\" data-id=\"bd46912\" data-element_type=\"container\">\n\t\t\t\t<div class=\"elementor-element elementor-element-da91b3d elementor-widget elementor-widget-heading\" data-id=\"da91b3d\" data-element_type=\"widget\" data-widget_type=\"heading.default\">\n\t\t\t\t<div class=\"elementor-widget-container\">\n\t\t\t<h2 class=\"elementor-heading-title elementor-size-default\">El nuevo color de MANTO en el Sea Otter Europe<\/h2>\t\t<\/div>\n\t\t\t\t<\/div>\n\t\t\t\t<\/div>\n\t\t<div class=\"elementor-element elementor-element-56df8a6 e-con-full e-flex e-con e-child\" data-id=\"56df8a6\" data-element_type=\"container\">\n\t\t\t\t<div class=\"elementor-element elementor-element-b99ad46 elementor-widget elementor-widget-text-editor\" data-id=\"b99ad46\" data-element_type=\"widget\" data-widget_type=\"text-editor.default\">\n\t\t\t\t<div class=\"elementor-widget-container\">\n\t\t\t\t\t\t\t<article id=\"carbon-fiber-road-bicycles\" class=\"alignfull c-title-text c-title-text-- \"><div class=\"c-title-text__wrapper\"><div class=\"c-title-text__content\"><div class=\"c-title-text__text \"><div class=\"c-title-text__content\"><div class=\"c-title-text__text \"><p><span style=\"font-weight: 400;\">Despu\u00e9s de haber participado con MANTO en Badlands, \u00a1la llevamos a Sea Otter Europe para que la puedas ver y disfrutar! Adem\u00e1s, MANTO estar\u00e1 muy bien acompa\u00f1ada por las \u00faltimas versiones de nuestras bicis de carretera MAGMA y ESSENTIA. \u00a1No te pierdas Sea Otter Europe! <\/span><\/p><\/div><\/div><\/div><\/div><\/div><\/article>\t\t\t\t\t\t<\/div>\n\t\t\t\t<\/div>\n\t\t\t\t<\/div>\n\t\t\t\t\t<\/div>\n\t\t\t\t<\/div>\n\t\t\t\t\t<\/div>\n\t\t\t\t<\/div>\n\t\t<div class=\"elementor-element elementor-element-2dda247e e-flex e-con-boxed e-con e-parent\" data-id=\"2dda247e\" data-element_type=\"container\" data-settings=\"{&quot;background_background&quot;:&quot;classic&quot;}\">\n\t\t\t\t\t<div class=\"e-con-inner\">\n\t\t\t\t\t<\/div>\n\t\t\t\t<\/div>\n\t\t<div class=\"elementor-element elementor-element-0069069 e-con-full e-flex e-con e-parent\" data-id=\"0069069\" data-element_type=\"container\">\n\t\t<div class=\"elementor-element elementor-element-9ced9f4 e-con-full e-flex e-con e-child\" data-id=\"9ced9f4\" data-element_type=\"container\">\n\t\t\t\t<div class=\"elementor-element elementor-element-c78c94b elementor-widget elementor-widget-image\" data-id=\"c78c94b\" data-element_type=\"widget\" data-widget_type=\"image.default\">\n\t\t\t\t<div class=\"elementor-widget-container\">\n\t\t\t<style>\/*! elementor - v3.21.0 - 08-05-2024 *\/\n.elementor-widget-image{text-align:center}.elementor-widget-image a{display:inline-block}.elementor-widget-image a img[src$=\".svg\"]{width:48px}.elementor-widget-image img{vertical-align:middle;display:inline-block}<\/style>\t\t\t\t\t\t\t\t\t\t<img fetchpriority=\"high\" decoding=\"async\" width=\"2560\" height=\"1707\" src=\"https:\/\/aurumbikes.com\/wp-content\/uploads\/2024\/09\/final-7-scaled.jpg\" class=\"attachment-full size-full wp-image-71976\" alt=\"\" srcset=\"https:\/\/aurumbikes.com\/wp-content\/uploads\/2024\/09\/final-7-scaled.jpg 2560w, https:\/\/aurumbikes.com\/wp-content\/uploads\/2024\/09\/final-7-300x200.jpg 300w, https:\/\/aurumbikes.com\/wp-content\/uploads\/2024\/09\/final-7-1024x683.jpg 1024w, https:\/\/aurumbikes.com\/wp-content\/uploads\/2024\/09\/final-7-768x512.jpg 768w, https:\/\/aurumbikes.com\/wp-content\/uploads\/2024\/09\/final-7-1536x1024.jpg 1536w, https:\/\/aurumbikes.com\/wp-content\/uploads\/2024\/09\/final-7-2048x1365.jpg 2048w, https:\/\/aurumbikes.com\/wp-content\/uploads\/2024\/09\/final-7-1080x720.jpg 1080w\" sizes=\"(max-width: 2560px) 100vw, 2560px\" \/>\t\t\t\t\t\t\t\t\t\t\t\t\t<\/div>\n\t\t\t\t<\/div>\n\t\t\t\t<\/div>\n\t\t<div class=\"elementor-element elementor-element-bbe581c e-con-full e-flex e-con e-child\" data-id=\"bbe581c\" data-element_type=\"container\" data-settings=\"{&quot;background_background&quot;:&quot;classic&quot;}\">\n\t\t\t\t<div class=\"elementor-element elementor-element-21d1e4b elementor-widget elementor-widget-heading\" data-id=\"21d1e4b\" data-element_type=\"widget\" data-widget_type=\"heading.default\">\n\t\t\t\t<div class=\"elementor-widget-container\">\n\t\t\t<h2 class=\"elementor-heading-title elementor-size-default\">Compra Gris Veleta, el nuevo color de MANTO<\/h2>\t\t<\/div>\n\t\t\t\t<\/div>\n\t\t\t\t<div class=\"elementor-element elementor-element-d0a7669 elementor-widget elementor-widget-text-editor\" data-id=\"d0a7669\" data-element_type=\"widget\" data-widget_type=\"text-editor.default\">\n\t\t\t\t<div class=\"elementor-widget-container\">\n\t\t\t\t\t\t\t<p><span style=\"font-weight: 400;\">Adem\u00e1s, desde el 10 de septiembre puedes comprar en nuestra web MANTO con el nuevo color, Gris Veleta, que rinde homenaje a uno de los lugares m\u00e1s espectaculares por los que pasamos en Badlands. \u00a1Puedes elegir MANTO en Gris Veleta en <\/span><span style=\"color: #ffffff;\"><a style=\"color: #ffffff;\" href=\"https:\/\/aurumbikes.com\/es\/manto\/configurar\/\"><b>el configurador de MANTO<\/b><\/a><\/span><span style=\"font-weight: 400;\">!<\/span><\/p>\t\t\t\t\t\t<\/div>\n\t\t\t\t<\/div>\n\t\t\t\t<div class=\"elementor-element elementor-element-7d497f1 elementor-align-left elementor-widget elementor-widget-button\" data-id=\"7d497f1\" data-element_type=\"widget\" data-widget_type=\"button.default\">\n\t\t\t\t<div class=\"elementor-widget-container\">\n\t\t\t\t\t<div class=\"elementor-button-wrapper\">\n\t\t\t<a class=\"elementor-button elementor-button-link elementor-size-md\" href=\"\/es\/manto\/\">\n\t\t\t\t\t\t<span class=\"elementor-button-content-wrapper\">\n\t\t\t\t\t\t<span class=\"elementor-button-icon elementor-align-icon-right\">\n\t\t\t\t<i aria-hidden=\"true\" class=\"fas fa-chevron-right\"><\/i>\t\t\t<\/span>\n\t\t\t\t\t\t\t\t\t<span class=\"elementor-button-text\">MANTO<\/span>\n\t\t\t\t\t<\/span>\n\t\t\t\t\t<\/a>\n\t\t<\/div>\n\t\t\t\t<\/div>\n\t\t\t\t<\/div>\n\t\t\t\t<\/div>\n\t\t\t\t<\/div>\n\t\t<div class=\"elementor-element elementor-element-00fbba7 e-con-full e-flex e-con e-parent\" data-id=\"00fbba7\" data-element_type=\"container\">\n\t\t\t\t<div class=\"elementor-element elementor-element-68421b8 elementor-widget elementor-widget-shortcode\" data-id=\"68421b8\" data-element_type=\"widget\" data-widget_type=\"shortcode.default\">\n\t\t\t\t<div class=\"elementor-widget-container\">\n\t\t\t\t\t<div class=\"elementor-shortcode\">\n<div data-elementor-type=\"section\" data-elementor-id=\"32332\" class=\"elementor elementor-32332 elementor-32326\" data-elementor-post-type=\"elementor_library\">\n<section class=\"elementor-section elementor-top-section elementor-element elementor-element-eb0dea3 elementor-section-full_width elementor-section-height-default elementor-section-height-default qodef-elementor-content-no\" data-id=\"eb0dea3\" data-element_type=\"section\" data-settings=\"{&quot;background_background&quot;:&quot;classic&quot;}\">\n<div class=\"elementor-container elementor-column-gap-default\">\n<div class=\"elementor-column elementor-col-100 elementor-top-column elementor-element elementor-element-a23b464\" data-id=\"a23b464\" data-element_type=\"column\">\n<div class=\"elementor-widget-wrap elementor-element-populated\">\n<section class=\"elementor-section elementor-inner-section elementor-element elementor-element-d91708e elementor-section-boxed elementor-section-height-default elementor-section-height-default qodef-elementor-content-no\" data-id=\"d91708e\" data-element_type=\"section\">\n<div class=\"elementor-container elementor-column-gap-default\">\n<div class=\"elementor-column elementor-col-50 elementor-inner-column elementor-element elementor-element-e5d79c7\" data-id=\"e5d79c7\" data-element_type=\"column\">\n<div class=\"elementor-widget-wrap elementor-element-populated\">\n<div class=\"elementor-element elementor-element-4ffd10d elementor-view-default elementor-position-top elementor-mobile-position-top elementor-widget elementor-widget-icon-box\" data-id=\"4ffd10d\" data-element_type=\"widget\" data-widget_type=\"icon-box.default\">\n<div class=\"elementor-widget-container\">\n\t\t\t<link rel=\"stylesheet\" href=\"https:\/\/aurumbikes.com\/wp-content\/plugins\/elementor\/assets\/css\/widget-icon-box.min.css\">\n<div class=\"elementor-icon-box-wrapper\">\n<div class=\"elementor-icon-box-icon\">\n\t\t\t\t<span  class=\"elementor-icon elementor-animation-\"><br \/>\n\t\t\t\t<i aria-hidden=\"true\" class=\"fas fa-box\"><\/i>\t\t\t\t<\/span>\n\t\t\t<\/div>\n<div class=\"elementor-icon-box-content\">\n<p class=\"elementor-icon-box-title\">\n\t\t\t\t\t\t<span  ><br \/>\n\t\t\t\t\t\t\tWELCOME PACK\t\t\t\t\t\t<\/span>\n\t\t\t\t\t<\/p>\n<p class=\"elementor-icon-box-description\">\n\t\t\t\t\t\tCon la compra de una bicicleta completa o de un juego de cuadro, recibir\u00e1s una botella, un portabid\u00f3n y una taza AURUM.\t\t\t\t\t<\/p>\n<\/p><\/div>\n<\/p><\/div>\n<\/p><\/div>\n<\/p><\/div>\n<\/p><\/div>\n<\/p><\/div>\n<div class=\"elementor-column elementor-col-50 elementor-inner-column elementor-element elementor-element-2d76c34\" data-id=\"2d76c34\" data-element_type=\"column\">\n<div class=\"elementor-widget-wrap elementor-element-populated\">\n<div class=\"elementor-element elementor-element-51e1960 elementor-view-default elementor-position-top elementor-mobile-position-top elementor-widget elementor-widget-icon-box\" data-id=\"51e1960\" data-element_type=\"widget\" data-widget_type=\"icon-box.default\">\n<div class=\"elementor-widget-container\">\n<div class=\"elementor-icon-box-wrapper\">\n<div class=\"elementor-icon-box-icon\">\n\t\t\t\t<span  class=\"elementor-icon elementor-animation-\"><br \/>\n\t\t\t\t<i aria-hidden=\"true\" class=\"fas fa-shipping-fast\"><\/i>\t\t\t\t<\/span>\n\t\t\t<\/div>\n<div class=\"elementor-icon-box-content\">\n<p class=\"elementor-icon-box-title\">\n\t\t\t\t\t\t<span  ><br \/>\n\t\t\t\t\t\t\tENV\u00cdO GRATIS\t\t\t\t\t\t<\/span>\n\t\t\t\t\t<\/p>\n<p class=\"elementor-icon-box-description\">\n\t\t\t\t\t\tEnv\u00edo gratuito en compras superiores a 500\u20ac en todo el mundo\t\t\t\t\t<\/p>\n<\/p><\/div>\n<\/p><\/div>\n<\/p><\/div>\n<\/p><\/div>\n<\/p><\/div>\n<\/p><\/div>\n<\/p><\/div>\n<\/section><\/div>\n<\/p><\/div>\n<\/p><\/div>\n<\/section><\/div>\n<\/div>\n\t\t\t\t<\/div>\n\t\t\t\t<\/div>\n\t\t\t\t<\/div>\n\t\t\t\t<\/div>\n\t\t","protected":false},"excerpt":{"rendered":"<p>AURUM participar\u00e1 en el Sea Otter Europe Si te gusta el ciclismo y este fin de semana est\u00e1s en Girona, \u00a1no dejes escapar la oportunidad de vivir el Sea Otter Europe! Es uno de los mejores eventos de ciclismo de Europa, \u00a1y AURUM tendr\u00e1 una parte de protagonismo all\u00ed! No te lo pierdas. Bicicletas para [&hellip;]<\/p>\n","protected":false},"author":1,"featured_media":0,"parent":0,"menu_order":0,"comment_status":"closed","ping_status":"closed","template":"","meta":{"footnotes":""},"yoast_head":"<!-- This site is optimized with the Yoast SEO plugin v22.6 - https:\/\/yoast.com\/wordpress\/plugins\/seo\/ -->\n<title>AURUM en el Sea Otter Europe | AURUM<\/title>\n<meta name=\"description\" content=\"\u00a1Te contamos c\u00f3mo fue nuestra participaci\u00f3n en el Sea Otter Europe de septiembre de 2024! Testing de Manto con los nuevos componentes, la presentaci\u00f3n del Gris Veleta como nuevo color de nuestra bici. \u00bfTe lo perdiste? \u00a1Desc\u00fabrelo!\" \/>\n<meta name=\"robots\" content=\"index, follow, max-snippet:-1, max-image-preview:large, max-video-preview:-1\" \/>\n<link rel=\"canonical\" href=\"https:\/\/aurumbikes.com\/es\/aurum-en-el-sea-otter-europe\/\" \/>\n<meta property=\"og:locale\" content=\"es_ES\" \/>\n<meta property=\"og:type\" content=\"article\" \/>\n<meta property=\"og:title\" content=\"AURUM en el Sea Otter Europe | AURUM\" \/>\n<meta property=\"og:description\" content=\"\u00a1Te contamos c\u00f3mo fue nuestra participaci\u00f3n en el Sea Otter Europe de septiembre de 2024! Testing de Manto con los nuevos componentes, la presentaci\u00f3n del Gris Veleta como nuevo color de nuestra bici. \u00bfTe lo perdiste? \u00a1Desc\u00fabrelo!\" \/>\n<meta property=\"og:url\" content=\"https:\/\/aurumbikes.com\/es\/aurum-en-el-sea-otter-europe\/\" \/>\n<meta property=\"og:site_name\" content=\"Aurum Bikes\" \/>\n<meta property=\"article:publisher\" content=\"https:\/\/www.facebook.com\/AURUMbikes\" \/>\n<meta property=\"article:modified_time\" content=\"2024-09-19T07:07:44+00:00\" \/>\n<meta property=\"og:image\" content=\"https:\/\/aurumbikes.com\/wp-content\/uploads\/2024\/01\/SES-Black-768x455-1.jpg\" \/>\n<meta name=\"twitter:card\" content=\"summary_large_image\" \/>\n<meta name=\"twitter:label1\" content=\"Tiempo de lectura\" \/>\n\t<meta name=\"twitter:data1\" content=\"2 minutos\" \/>\n<script type=\"application\/ld+json\" class=\"yoast-schema-graph\">{\"@context\":\"https:\/\/schema.org\",\"@graph\":[{\"@type\":\"WebPage\",\"@id\":\"https:\/\/aurumbikes.com\/es\/aurum-en-el-sea-otter-europe\/\",\"url\":\"https:\/\/aurumbikes.com\/es\/aurum-en-el-sea-otter-europe\/\",\"name\":\"AURUM en el Sea Otter Europe | AURUM\",\"isPartOf\":{\"@id\":\"https:\/\/aurumbikes.com\/es\/#website\"},\"primaryImageOfPage\":{\"@id\":\"https:\/\/aurumbikes.com\/es\/aurum-en-el-sea-otter-europe\/#primaryimage\"},\"image\":{\"@id\":\"https:\/\/aurumbikes.com\/es\/aurum-en-el-sea-otter-europe\/#primaryimage\"},\"thumbnailUrl\":\"https:\/\/aurumbikes.com\/wp-content\/uploads\/2024\/01\/SES-Black-768x455-1.jpg\",\"datePublished\":\"2024-09-19T07:00:00+00:00\",\"dateModified\":\"2024-09-19T07:07:44+00:00\",\"description\":\"\u00a1Te contamos c\u00f3mo fue nuestra participaci\u00f3n en el Sea Otter Europe de septiembre de 2024! Testing de Manto con los nuevos componentes, la presentaci\u00f3n del Gris Veleta como nuevo color de nuestra bici. \u00bfTe lo perdiste? \u00a1Desc\u00fabrelo!\",\"breadcrumb\":{\"@id\":\"https:\/\/aurumbikes.com\/es\/aurum-en-el-sea-otter-europe\/#breadcrumb\"},\"inLanguage\":\"es\",\"potentialAction\":[{\"@type\":\"ReadAction\",\"target\":[\"https:\/\/aurumbikes.com\/es\/aurum-en-el-sea-otter-europe\/\"]}]},{\"@type\":\"ImageObject\",\"inLanguage\":\"es\",\"@id\":\"https:\/\/aurumbikes.com\/es\/aurum-en-el-sea-otter-europe\/#primaryimage\",\"url\":\"https:\/\/aurumbikes.com\/wp-content\/uploads\/2024\/01\/SES-Black-768x455-1.jpg\",\"contentUrl\":\"https:\/\/aurumbikes.com\/wp-content\/uploads\/2024\/01\/SES-Black-768x455-1.jpg\"},{\"@type\":\"BreadcrumbList\",\"@id\":\"https:\/\/aurumbikes.com\/es\/aurum-en-el-sea-otter-europe\/#breadcrumb\",\"itemListElement\":[{\"@type\":\"ListItem\",\"position\":1,\"name\":\"Home\",\"item\":\"https:\/\/aurumbikes.com\/es\/\"},{\"@type\":\"ListItem\",\"position\":2,\"name\":\"AURUM en el Sea Otter Europe\"}]},{\"@type\":\"WebSite\",\"@id\":\"https:\/\/aurumbikes.com\/es\/#website\",\"url\":\"https:\/\/aurumbikes.com\/es\/\",\"name\":\"Aurum Bikes\",\"description\":\"Born From Experience\",\"potentialAction\":[{\"@type\":\"SearchAction\",\"target\":{\"@type\":\"EntryPoint\",\"urlTemplate\":\"https:\/\/aurumbikes.com\/es\/?s={search_term_string}\"},\"query-input\":\"required name=search_term_string\"}],\"inLanguage\":\"es\"}]}<\/script>\n<!-- \/ Yoast SEO plugin. -->","yoast_head_json":{"title":"AURUM en el Sea Otter Europe | AURUM","description":"\u00a1Te contamos c\u00f3mo fue nuestra participaci\u00f3n en el Sea Otter Europe de septiembre de 2024! Testing de Manto con los nuevos componentes, la presentaci\u00f3n del Gris Veleta como nuevo color de nuestra bici. \u00bfTe lo perdiste? \u00a1Desc\u00fabrelo!","robots":{"index":"index","follow":"follow","max-snippet":"max-snippet:-1","max-image-preview":"max-image-preview:large","max-video-preview":"max-video-preview:-1"},"canonical":"https:\/\/aurumbikes.com\/es\/aurum-en-el-sea-otter-europe\/","og_locale":"es_ES","og_type":"article","og_title":"AURUM en el Sea Otter Europe | AURUM","og_description":"\u00a1Te contamos c\u00f3mo fue nuestra participaci\u00f3n en el Sea Otter Europe de septiembre de 2024! Testing de Manto con los nuevos componentes, la presentaci\u00f3n del Gris Veleta como nuevo color de nuestra bici. \u00bfTe lo perdiste? \u00a1Desc\u00fabrelo!","og_url":"https:\/\/aurumbikes.com\/es\/aurum-en-el-sea-otter-europe\/","og_site_name":"Aurum Bikes","article_publisher":"https:\/\/www.facebook.com\/AURUMbikes","article_modified_time":"2024-09-19T07:07:44+00:00","og_image":[{"url":"https:\/\/aurumbikes.com\/wp-content\/uploads\/2024\/01\/SES-Black-768x455-1.jpg"}],"twitter_card":"summary_large_image","twitter_misc":{"Tiempo de lectura":"2 minutos"},"schema":{"@context":"https:\/\/schema.org","@graph":[{"@type":"WebPage","@id":"https:\/\/aurumbikes.com\/es\/aurum-en-el-sea-otter-europe\/","url":"https:\/\/aurumbikes.com\/es\/aurum-en-el-sea-otter-europe\/","name":"AURUM en el Sea Otter Europe | AURUM","isPartOf":{"@id":"https:\/\/aurumbikes.com\/es\/#website"},"primaryImageOfPage":{"@id":"https:\/\/aurumbikes.com\/es\/aurum-en-el-sea-otter-europe\/#primaryimage"},"image":{"@id":"https:\/\/aurumbikes.com\/es\/aurum-en-el-sea-otter-europe\/#primaryimage"},"thumbnailUrl":"https:\/\/aurumbikes.com\/wp-content\/uploads\/2024\/01\/SES-Black-768x455-1.jpg","datePublished":"2024-09-19T07:00:00+00:00","dateModified":"2024-09-19T07:07:44+00:00","description":"\u00a1Te contamos c\u00f3mo fue nuestra participaci\u00f3n en el Sea Otter Europe de septiembre de 2024! Testing de Manto con los nuevos componentes, la presentaci\u00f3n del Gris Veleta como nuevo color de nuestra bici. \u00bfTe lo perdiste? \u00a1Desc\u00fabrelo!","breadcrumb":{"@id":"https:\/\/aurumbikes.com\/es\/aurum-en-el-sea-otter-europe\/#breadcrumb"},"inLanguage":"es","potentialAction":[{"@type":"ReadAction","target":["https:\/\/aurumbikes.com\/es\/aurum-en-el-sea-otter-europe\/"]}]},{"@type":"ImageObject","inLanguage":"es","@id":"https:\/\/aurumbikes.com\/es\/aurum-en-el-sea-otter-europe\/#primaryimage","url":"https:\/\/aurumbikes.com\/wp-content\/uploads\/2024\/01\/SES-Black-768x455-1.jpg","contentUrl":"https:\/\/aurumbikes.com\/wp-content\/uploads\/2024\/01\/SES-Black-768x455-1.jpg"},{"@type":"BreadcrumbList","@id":"https:\/\/aurumbikes.com\/es\/aurum-en-el-sea-otter-europe\/#breadcrumb","itemListElement":[{"@type":"ListItem","position":1,"name":"Home","item":"https:\/\/aurumbikes.com\/es\/"},{"@type":"ListItem","position":2,"name":"AURUM en el Sea Otter Europe"}]},{"@type":"WebSite","@id":"https:\/\/aurumbikes.com\/es\/#website","url":"https:\/\/aurumbikes.com\/es\/","name":"Aurum Bikes","description":"Born From Experience","potentialAction":[{"@type":"SearchAction","target":{"@type":"EntryPoint","urlTemplate":"https:\/\/aurumbikes.com\/es\/?s={search_term_string}"},"query-input":"required name=search_term_string"}],"inLanguage":"es"}]}},"_links":{"self":[{"href":"https:\/\/aurumbikes.com\/es\/wp-json\/wp\/v2\/pages\/71959"}],"collection":[{"href":"https:\/\/aurumbikes.com\/es\/wp-json\/wp\/v2\/pages"}],"about":[{"href":"https:\/\/aurumbikes.com\/es\/wp-json\/wp\/v2\/types\/page"}],"author":[{"embeddable":true,"href":"https:\/\/aurumbikes.com\/es\/wp-json\/wp\/v2\/users\/1"}],"replies":[{"embeddable":true,"href":"https:\/\/aurumbikes.com\/es\/wp-json\/wp\/v2\/comments?post=71959"}],"version-history":[{"count":16,"href":"https:\/\/aurumbikes.com\/es\/wp-json\/wp\/v2\/pages\/71959\/revisions"}],"predecessor-version":[{"id":71994,"href":"https:\/\/aurumbikes.com\/es\/wp-json\/wp\/v2\/pages\/71959\/revisions\/71994"}],"wp:attachment":[{"href":"https:\/\/aurumbikes.com\/es\/wp-json\/wp\/v2\/media?parent=71959"}],"curies":[{"name":"wp","href":"https:\/\/api.w.org\/{rel}","templated":true}]}}